{"id":6809,"date":"2020-09-07T17:15:51","date_gmt":"2020-09-07T15:15:51","guid":{"rendered":"https:\/\/digidem-bayern.de\/?page_id=6809"},"modified":"2020-09-29T10:22:27","modified_gmt":"2020-09-29T08:22:27","slug":"demenz-und-digitalisierung","status":"publish","type":"page","link":"https:\/\/digidem-bayern.de\/en\/demenz-und-digitalisierung\/","title":{"rendered":"&#8222;Demenz und Digitalisierung &#8211; Neue Wege in Bayern&#8220; Veranstaltung am 24.09.2020"},"content":{"rendered":"<div class=\"wp-block-ugb-divider ugb-divider ugb-869d882 ugb-divider--v2 ugb-divider--design-basic ugb-main-block\" id=\"\"><style>.ugb-869d882 hr.ugb-divider__hr{width:100% !important;margin-left:auto !important;margin-right:auto !important}<\/style><div class=\"ugb-inner-block\"><div class=\"ugb-block-content\"><hr class=\"ugb-divider__hr\"\/><\/div><\/div><\/div>\n\n\n\n<h4 class=\"wp-block-heading\">Demenz und Digitalisierung stehen im Zentrum des Forschungsprojekts \u201eDigitales Demenzregister Bayern\u201c. Wie gro\u00df der Bedarf an digitalen L\u00f6sungen auch im Demenz-Bereich ist, hat sich w\u00e4hrend der Kontaktbeschr\u00e4nkungen infolge Corona-Pandemie wie unter einem Brennglas gezeigt. Wir haben unseren digitalen Ansatz daher noch weiter gesch\u00e4rft und m\u00f6chten Sie \u00fcber unsere bisherigen Erfahrungen und \u00fcber neue Wege im Projektverlauf informieren.<\/h4>\n\n\n\n<h5 class=\"wp-block-heading\" id=\"1-programm\"><\/h5>\n\n\n\n<h5 class=\"wp-block-heading\" id=\"2-livestream\">Das Video zur Pressekonferenz:<\/h5>\n\n\n\n<figure class=\"wp-block-embed-youtube wp-block-embed is-type-video is-provider-youtube wp-embed-aspect-16-9 wp-has-aspect-ratio\"><div class=\"wp-block-embed__wrapper\">\n<iframe loading=\"lazy\" title=\"&quot;Demenz und Digitalisierung - Neue Wege in Bayern&quot; - Veranstaltung am 24.09.2020\" width=\"1223\" height=\"688\" src=\"https:\/\/www.youtube.com\/embed\/EvxPVu09_8g?feature=oembed\" frameborder=\"0\" allow=\"accelerometer; autoplay; clipboard-write; encrypted-media; gyroscope; picture-in-picture\" allowfullscreen><\/iframe>\n<\/div><\/figure>\n\n\n\n<p>Moderation: Kathrin Seebahn M. A., Wissenschaftsjournalistin<\/p>\n\n\n\n<h5 class=\"wp-block-heading\" id=\"block-e7032f56-f89c-4e2a-9ac9-3e291ca9e5db\">Inhalt:<\/h5>\n\n\n\n<p><strong>Ab 03:30 <strong><strong>Gru\u00dfwort Frau Melanie Huml<\/strong><\/strong><\/strong><br>Bayerische Staatsministerin f\u00fcr Gesundheit und Pflege<\/p>\n\n\n\n<p><strong>Ab 13:33 Einf\u00fchrung: Demenz und Digitalisierung<\/strong><br>Prof. Dr. med. Peter Kolominsky-Rabas<\/p>\n\n\n\n<p><strong>Ab<\/strong> <strong>27:26 Digitale Angebotslandschaft f\u00fcr Demenz in Bayern<\/strong><br>Michael Reichold M. Sc.<\/p>\n\n\n\n<p><strong>Ab<\/strong> <strong>43:25 Virtuell, live, dialogbasiert: digiDEM Bayern Schulungen<\/strong><br>Sebastian Meuer M. Sc.<\/p>\n\n\n\n<p><strong>Ab<\/strong> <strong>54:22 digiDEM Bayern Wissenstransfer und Austausch<\/strong><br>Kristina Holm M. Sc., Kathrin Seebahn M. A.<\/p>\n\n\n\n<p><strong>Ab<\/strong> <strong>1:13:17 <strong>Neu, digital, flexibel: digiDEM Bayern Screening<\/strong><\/strong><br>Prof. Dr. med. Elmar Gr\u00e4\u00dfel<\/p>\n\n\n\n<p><strong>Ab<\/strong> <strong>1:29:55 Diskussion<\/strong><\/p>\n\n\n\n<h4 class=\"wp-block-heading\">Hier finden Sie die einzelnen Vortr\u00e4ge als PDF-Dateien:<\/h4>\n\n\n\n<ul class=\"wp-block-list\"><li>Prof. Dr. med. Peter Kolominsky-Rabas: <a href=\"https:\/\/test.digidem-bayern.de\/wp-content\/uploads\/2020\/09\/2020-09-24_PKO_digiDEM_Bayern_Einfuehrung.pdf\">Einf\u00fchrung: Demenz und Digitalisierung<\/a><\/li><li>Michael Reichold M. Sc.: <a href=\"https:\/\/test.digidem-bayern.de\/wp-content\/uploads\/2020\/09\/2020-09-24_MRE_Digitale-Angebotslandschaft-fuer-Demenz-in-Bayern.pdf\">Digitale Angebotslandschaft f\u00fcr Demenz in Bayern<\/a><\/li><li>Sebastian Meuer M. Sc.: <a href=\"https:\/\/test.digidem-bayern.de\/wp-content\/uploads\/2020\/09\/2020-09-24_SME_digiDEM-Schulungen_2.pdf\">Virtuell, live, dialogbasiert: digiDEM Bayern Schulungen<\/a><\/li><li>Kristina Holm M. Sc.: <a href=\"https:\/\/test.digidem-bayern.de\/wp-content\/uploads\/2020\/09\/2020-09-24_KHO_Wissenstransfer_und_Austausch_1.pdf\">Wissenstransfer und Austausch &#8211; Teil 1<\/a><\/li><li>Kathrin Seebahn M. A.: <a href=\"https:\/\/test.digidem-bayern.de\/wp-content\/uploads\/2020\/09\/2020-09-24_KSE_Wissenstransfer_und_Austausch_2.pdf\">Wissenstransfer und Austausch &#8211; Teil 2<\/a><\/li><li>Prof. Dr. med. Elmar Gr\u00e4\u00dfel: <a href=\"https:\/\/test.digidem-bayern.de\/wp-content\/uploads\/2020\/09\/2020-09-24_EG_digiDEM_Screening.pdf\">Neu, digital, flexibel: digiDEM Bayern Screening<\/a><\/li><\/ul>\n\n\n\n<div class=\"wp-block-ugb-divider ugb-divider ugb-1bebd2f ugb-divider--v2 ugb-divider--design-basic ugb-main-block\" id=\"\"><style>.ugb-1bebd2f hr.ugb-divider__hr{width:100% !important;margin-left:auto !important;margin-right:auto !important}<\/style><div class=\"ugb-inner-block\"><div class=\"ugb-block-content\"><hr class=\"ugb-divider__hr\"\/><\/div><\/div><\/div>\n\n\n\n<div style=\"height:30px\" aria-hidden=\"true\" class=\"wp-block-spacer\"><\/div>\n\n\n\n<p><\/p>","protected":false},"excerpt":{"rendered":"<p>Demenz und Digitalisierung stehen im Zentrum des Forschungsprojekts \u201eDigitales Demenzregister Bayern\u201c. Wie gro\u00df der Bedarf an digitalen L\u00f6sungen auch im Demenz-Bereich ist, hat sich w\u00e4hrend der Kontaktbeschr\u00e4nkungen infolge Corona-Pandemie wie unter einem Brennglas gezeigt. Wir haben unseren digitalen Ansatz daher noch weiter gesch\u00e4rft und m\u00f6chten Sie \u00fcber unsere bisherigen Erfahrungen &hellip;<\/p>","protected":false},"author":11,"featured_media":0,"parent":0,"menu_order":0,"comment_status":"open","ping_status":"closed","template":"","meta":{"qubely_global_settings":"","qubely_interactions":"","_uag_custom_page_level_css":"","footnotes":""},"class_list":["post-6809","page","type-page","status-publish","hentry"],"featured_image_urls_v2":{"full":"","thumbnail":"","medium":"","medium_large":"","large":"","1536x1536":"","2048x2048":"","trp-custom-language-flag":"","qubely_landscape":"","qubely_portrait":"","qubely_thumbnail":"","post-thumbnail":"","kahuna-featured":"","kahuna-featured-lp":"","kahuna-featured-half":"","kahuna-featured-third":"","kahuna-lpbox-1":"","kahuna-lpbox-2":"","demand-language-flag":"","dddkt-language-flag":"","ddiqc-language-flag":"","ddtl-language-flag":"","mailpoet_newsletter_max":"","kahuna-lpbox-3":"","kahuna-featured-square":"","kahuna-featured-square-large":""},"post_excerpt_stackable_v2":"<p>Demenz und Digitalisierung stehen im Zentrum des Forschungsprojekts \u201eDigitales Demenzregister Bayern\u201c. Wie gro\u00df der Bedarf an digitalen L\u00f6sungen auch im Demenz-Bereich ist, hat sich w\u00e4hrend der Kontaktbeschr\u00e4nkungen infolge Corona-Pandemie wie unter einem Brennglas gezeigt. Wir haben unseren digitalen Ansatz daher noch weiter gesch\u00e4rft und m\u00f6chten Sie \u00fcber unsere bisherigen Erfahrungen und \u00fcber neue Wege im Projektverlauf informieren. Das Video zur Pressekonferenz: Moderation: Kathrin Seebahn M. A., Wissenschaftsjournalistin Inhalt: Ab 03:30 Gru\u00dfwort Frau Melanie HumlBayerische Staatsministerin f\u00fcr Gesundheit und Pflege Ab 13:33 Einf\u00fchrung: Demenz und DigitalisierungProf. Dr. med. Peter Kolominsky-Rabas Ab 27:26 Digitale Angebotslandschaft f\u00fcr Demenz in BayernMichael Reichold M. Sc.&hellip;<\/p>\n","category_list_v2":"","author_info_v2":{"name":"Michael Zeiler","url":"https:\/\/digidem-bayern.de\/en\/author\/michael-zeiler\/"},"comments_num_v2":"5 comments","yoast_head":"<!-- This site is optimized with the Yoast SEO plugin v27.4 - https:\/\/yoast.com\/product\/yoast-seo-wordpress\/ -->\n<title>&quot;Demenz und Digitalisierung - Neue Wege in Bayern&quot; Veranstaltung am 24.09.2020 - digiDEM Bayern<\/title>\n<meta name=\"description\" content=\"digiDEM Bayern zielt darauf ab, die Lebensbedingungen von Menschen mit MCI\/Demenz und deren pflegenden An- und Zugeh\u00f6rigen nachhaltig zu verbessern.\" \/>\n<meta name=\"robots\" content=\"index, follow, max-snippet:-1, max-image-preview:large, max-video-preview:-1\" \/>\n<link rel=\"canonical\" href=\"https:\/\/digidem-bayern.de\/en\/demenz-und-digitalisierung\/\" \/>\n<meta property=\"og:locale\" content=\"en_US\" \/>\n<meta property=\"og:type\" content=\"article\" \/>\n<meta property=\"og:title\" content=\"&quot;Demenz und Digitalisierung - Neue Wege in Bayern&quot; Veranstaltung am 24.09.2020 - digiDEM Bayern\" \/>\n<meta property=\"og:description\" content=\"digiDEM Bayern zielt darauf ab, die Lebensbedingungen von Menschen mit MCI\/Demenz und deren pflegenden An- und Zugeh\u00f6rigen nachhaltig zu verbessern.\" \/>\n<meta property=\"og:url\" content=\"https:\/\/digidem-bayern.de\/en\/demenz-und-digitalisierung\/\" \/>\n<meta property=\"og:site_name\" content=\"digiDEM Bayern\" \/>\n<meta property=\"article:publisher\" content=\"https:\/\/www.facebook.com\/digiDEMBayern\/\" \/>\n<meta property=\"article:modified_time\" content=\"2020-09-29T08:22:27+00:00\" \/>\n<meta property=\"og:image\" content=\"https:\/\/digidem-bayern.de\/wp-content\/uploads\/logo-digidem-digitales-demenzregister-bayern.jpg.png\" \/>\n\t<meta property=\"og:image:width\" content=\"340\" \/>\n\t<meta property=\"og:image:height\" content=\"200\" \/>\n\t<meta property=\"og:image:type\" content=\"image\/png\" \/>\n<meta name=\"twitter:label1\" content=\"Est. reading time\" \/>\n\t<meta name=\"twitter:data1\" content=\"1 minute\" \/>\n<script type=\"application\/ld+json\" class=\"yoast-schema-graph\">{\"@context\":\"https:\\\/\\\/schema.org\",\"@graph\":[{\"@type\":\"WebPage\",\"@id\":\"https:\\\/\\\/digidem-bayern.de\\\/demenz-und-digitalisierung\\\/\",\"url\":\"https:\\\/\\\/digidem-bayern.de\\\/demenz-und-digitalisierung\\\/\",\"name\":\"\\\"Demenz und Digitalisierung - Neue Wege in Bayern\\\" Veranstaltung am 24.09.2020 - digiDEM Bayern\",\"isPartOf\":{\"@id\":\"\\\/#website\"},\"datePublished\":\"2020-09-07T15:15:51+00:00\",\"dateModified\":\"2020-09-29T08:22:27+00:00\",\"description\":\"digiDEM Bayern zielt darauf ab, die Lebensbedingungen von Menschen mit MCI\\\/Demenz und deren pflegenden An- und Zugeh\u00f6rigen nachhaltig zu verbessern.\",\"breadcrumb\":{\"@id\":\"https:\\\/\\\/digidem-bayern.de\\\/demenz-und-digitalisierung\\\/#breadcrumb\"},\"inLanguage\":\"en-US\",\"potentialAction\":[{\"@type\":\"ReadAction\",\"target\":[\"https:\\\/\\\/digidem-bayern.de\\\/demenz-und-digitalisierung\\\/\"]}]},{\"@type\":\"BreadcrumbList\",\"@id\":\"https:\\\/\\\/digidem-bayern.de\\\/demenz-und-digitalisierung\\\/#breadcrumb\",\"itemListElement\":[{\"@type\":\"ListItem\",\"position\":1,\"name\":\"Startseite\",\"item\":\"https:\\\/\\\/digidem-bayern.de\\\/\"},{\"@type\":\"ListItem\",\"position\":2,\"name\":\"&#8222;Demenz und Digitalisierung &#8211; Neue Wege in Bayern&#8220; Veranstaltung am 24.09.2020\"}]},{\"@type\":\"WebSite\",\"@id\":\"\\\/#website\",\"url\":\"\\\/\",\"name\":\"digiDEM Bayern\",\"description\":\"Das digitale Demenzregister Bayern erforscht und verbessert die Angebotsstuktur f\u00fcr Menschen mit Demenz und deren Angeh\u00f6rige\",\"publisher\":{\"@id\":\"\\\/#organization\"},\"potentialAction\":[{\"@type\":\"SearchAction\",\"target\":{\"@type\":\"EntryPoint\",\"urlTemplate\":\"\\\/?s={search_term_string}\"},\"query-input\":{\"@type\":\"PropertyValueSpecification\",\"valueRequired\":true,\"valueName\":\"search_term_string\"}}],\"inLanguage\":\"en-US\"},{\"@type\":\"Organization\",\"@id\":\"\\\/#organization\",\"name\":\"digiDEM Bayern\",\"url\":\"\\\/\",\"logo\":{\"@type\":\"ImageObject\",\"inLanguage\":\"en-US\",\"@id\":\"\\\/#\\\/schema\\\/logo\\\/image\\\/\",\"url\":\"https:\\\/\\\/digidem-bayern.de\\\/wp-content\\\/uploads\\\/2022\\\/03\\\/cropped-Allgemeines_digiDEMLOGO-removebg-preview.png\",\"contentUrl\":\"https:\\\/\\\/digidem-bayern.de\\\/wp-content\\\/uploads\\\/2022\\\/03\\\/cropped-Allgemeines_digiDEMLOGO-removebg-preview.png\",\"width\":612,\"height\":357,\"caption\":\"digiDEM Bayern\"},\"image\":{\"@id\":\"\\\/#\\\/schema\\\/logo\\\/image\\\/\"},\"sameAs\":[\"https:\\\/\\\/www.facebook.com\\\/digiDEMBayern\\\/\",\"https:\\\/\\\/x.com\\\/digidem_bayern\",\"https:\\\/\\\/www.instagram.com\\\/digidem.bayern\",\"https:\\\/\\\/www.linkedin.com\\\/company\\\/digidem-bayern\\\/\"]}]}<\/script>\n<!-- \/ Yoast SEO plugin. -->","yoast_head_json":{"title":"\"Demenz und Digitalisierung - Neue Wege in Bayern\" Veranstaltung am 24.09.2020 - digiDEM Bayern","description":"digiDEM Bayern zielt darauf ab, die Lebensbedingungen von Menschen mit MCI\/Demenz und deren pflegenden An- und Zugeh\u00f6rigen nachhaltig zu verbessern.","robots":{"index":"index","follow":"follow","max-snippet":"max-snippet:-1","max-image-preview":"max-image-preview:large","max-video-preview":"max-video-preview:-1"},"canonical":"https:\/\/digidem-bayern.de\/en\/demenz-und-digitalisierung\/","og_locale":"en_US","og_type":"article","og_title":"\"Demenz und Digitalisierung - Neue Wege in Bayern\" Veranstaltung am 24.09.2020 - digiDEM Bayern","og_description":"digiDEM Bayern zielt darauf ab, die Lebensbedingungen von Menschen mit MCI\/Demenz und deren pflegenden An- und Zugeh\u00f6rigen nachhaltig zu verbessern.","og_url":"https:\/\/digidem-bayern.de\/en\/demenz-und-digitalisierung\/","og_site_name":"digiDEM Bayern","article_publisher":"https:\/\/www.facebook.com\/digiDEMBayern\/","article_modified_time":"2020-09-29T08:22:27+00:00","og_image":[{"width":340,"height":200,"url":"https:\/\/digidem-bayern.de\/wp-content\/uploads\/logo-digidem-digitales-demenzregister-bayern.jpg.png","type":"image\/png"}],"twitter_misc":{"Est. reading time":"1 minute"},"schema":{"@context":"https:\/\/schema.org","@graph":[{"@type":"WebPage","@id":"https:\/\/digidem-bayern.de\/demenz-und-digitalisierung\/","url":"https:\/\/digidem-bayern.de\/demenz-und-digitalisierung\/","name":"\"Demenz und Digitalisierung - Neue Wege in Bayern\" Veranstaltung am 24.09.2020 - digiDEM Bayern","isPartOf":{"@id":"\/#website"},"datePublished":"2020-09-07T15:15:51+00:00","dateModified":"2020-09-29T08:22:27+00:00","description":"digiDEM Bayern zielt darauf ab, die Lebensbedingungen von Menschen mit MCI\/Demenz und deren pflegenden An- und Zugeh\u00f6rigen nachhaltig zu verbessern.","breadcrumb":{"@id":"https:\/\/digidem-bayern.de\/demenz-und-digitalisierung\/#breadcrumb"},"inLanguage":"en-US","potentialAction":[{"@type":"ReadAction","target":["https:\/\/digidem-bayern.de\/demenz-und-digitalisierung\/"]}]},{"@type":"BreadcrumbList","@id":"https:\/\/digidem-bayern.de\/demenz-und-digitalisierung\/#breadcrumb","itemListElement":[{"@type":"ListItem","position":1,"name":"Startseite","item":"https:\/\/digidem-bayern.de\/"},{"@type":"ListItem","position":2,"name":"&#8222;Demenz und Digitalisierung &#8211; Neue Wege in Bayern&#8220; Veranstaltung am 24.09.2020"}]},{"@type":"WebSite","@id":"\/#website","url":"\/","name":"digiDEM Bavaria","description":"The digital dementia register in Bavaria researches and improves the structure of services for people with dementia and their relatives","publisher":{"@id":"\/#organization"},"potentialAction":[{"@type":"SearchAction","target":{"@type":"EntryPoint","urlTemplate":"\/?s={search_term_string}"},"query-input":{"@type":"PropertyValueSpecification","valueRequired":true,"valueName":"search_term_string"}}],"inLanguage":"en-US"},{"@type":"Organization","@id":"\/#organization","name":"digiDEM Bavaria","url":"\/","logo":{"@type":"ImageObject","inLanguage":"en-US","@id":"\/#\/schema\/logo\/image\/","url":"https:\/\/digidem-bayern.de\/wp-content\/uploads\/2022\/03\/cropped-Allgemeines_digiDEMLOGO-removebg-preview.png","contentUrl":"https:\/\/digidem-bayern.de\/wp-content\/uploads\/2022\/03\/cropped-Allgemeines_digiDEMLOGO-removebg-preview.png","width":612,"height":357,"caption":"digiDEM Bayern"},"image":{"@id":"\/#\/schema\/logo\/image\/"},"sameAs":["https:\/\/www.facebook.com\/digiDEMBayern\/","https:\/\/x.com\/digidem_bayern","https:\/\/www.instagram.com\/digidem.bayern","https:\/\/www.linkedin.com\/company\/digidem-bayern\/"]}]}},"uagb_featured_image_src":{"full":false,"thumbnail":false,"medium":false,"medium_large":false,"large":false,"1536x1536":false,"2048x2048":false,"trp-custom-language-flag":false,"qubely_landscape":false,"qubely_portrait":false,"qubely_thumbnail":false,"post-thumbnail":false,"kahuna-featured":false,"kahuna-featured-lp":false,"kahuna-featured-half":false,"kahuna-featured-third":false,"kahuna-lpbox-1":false,"kahuna-lpbox-2":false,"demand-language-flag":false,"dddkt-language-flag":false,"ddiqc-language-flag":false,"ddtl-language-flag":false,"mailpoet_newsletter_max":false,"kahuna-lpbox-3":false,"kahuna-featured-square":false,"kahuna-featured-square-large":false},"uagb_author_info":{"display_name":"Michael Zeiler","author_link":"https:\/\/digidem-bayern.de\/en\/author\/michael-zeiler\/"},"uagb_comment_info":8,"uagb_excerpt":"Demenz und Digitalisierung stehen im Zentrum des Forschungsprojekts \u201eDigitales Demenzregister Bayern\u201c. Wie gro\u00df der Bedarf an digitalen L\u00f6sungen auch im Demenz-Bereich ist, hat sich w\u00e4hrend der Kontaktbeschr\u00e4nkungen infolge Corona-Pandemie wie unter einem Brennglas gezeigt. Wir haben unseren digitalen Ansatz daher noch weiter gesch\u00e4rft und m\u00f6chten Sie \u00fcber unsere bisherigen Erfahrungen &hellip;","_links":{"self":[{"href":"https:\/\/digidem-bayern.de\/en\/wp-json\/wp\/v2\/pages\/6809","targetHints":{"allow":["GET"]}}],"collection":[{"href":"https:\/\/digidem-bayern.de\/en\/wp-json\/wp\/v2\/pages"}],"about":[{"href":"https:\/\/digidem-bayern.de\/en\/wp-json\/wp\/v2\/types\/page"}],"author":[{"embeddable":true,"href":"https:\/\/digidem-bayern.de\/en\/wp-json\/wp\/v2\/users\/11"}],"replies":[{"embeddable":true,"href":"https:\/\/digidem-bayern.de\/en\/wp-json\/wp\/v2\/comments?post=6809"}],"version-history":[{"count":1,"href":"https:\/\/digidem-bayern.de\/en\/wp-json\/wp\/v2\/pages\/6809\/revisions"}],"predecessor-version":[{"id":9418,"href":"https:\/\/digidem-bayern.de\/en\/wp-json\/wp\/v2\/pages\/6809\/revisions\/9418"}],"wp:attachment":[{"href":"https:\/\/digidem-bayern.de\/en\/wp-json\/wp\/v2\/media?parent=6809"}],"curies":[{"name":"wp","href":"https:\/\/api.w.org\/{rel}","templated":true}]}}