{"id":6091,"date":"2020-07-06T17:15:54","date_gmt":"2020-07-06T15:15:54","guid":{"rendered":"https:\/\/digidem-bayern.de\/?page_id=6091"},"modified":"2026-02-18T15:52:51","modified_gmt":"2026-02-18T14:52:51","slug":"projektpublikationen","status":"publish","type":"page","link":"https:\/\/digidem-bayern.de\/en\/projektpublikationen\/","title":{"rendered":"Publications"},"content":{"rendered":"<p style=\"font-size:35px\"><strong><mark style=\"background-color:rgba(0, 0, 0, 0)\" class=\"has-inline-color has-accent-1-color\"><span style=\"color: #38a9f2;\" class=\"ugb-highlight\">2025<\/span><\/mark><\/strong><\/p>\n\n\n\n<ul class=\"wp-block-list\">\n<li>R\u00fchl J, Baumgartner A, Kolominsky-Rabas PL. <strong>Evidenzlage zu Advance Care Planning bei Menschen mit Demenz \u2013 Ein systematisches Review (2017\u20132023)<\/strong>. Gesundheitswesen. 2025 Nov 27. German. doi: 10.1055\/a-2699-8545. Epub ahead of print. PMID: 41309090. <a href=\"https:\/\/www.thieme-connect.com\/products\/ejournals\/abstract\/10.1055\/a-2699-8545\" target=\"_blank\" rel=\"noreferrer noopener\">Link zur Ver\u00f6ffentlichung<\/a><\/li>\n<\/ul>\n\n\n\n<ul class=\"wp-block-list\">\n<li>Weidinger F, R\u00e4bel J, Gr\u00e4\u00dfel E, Ganslandt T., Kolominsky-Rabas PL, Emmert M. <strong>Kosten informeller Pflege bei Menschen mit kognitiven Beeintr\u00e4chtigungen: eine Kostenstudie aus dem Digitalen Demenzregister Bayern (digiDEM Bayern)<\/strong>. Z. Evid. Fortbild. Qual. Gesundh. wesen (ZEFQ) 2025;198-199:27-34. doi: 10.1016\/j.zefq.2025.10.001. <a href=\"https:\/\/www.sciencedirect.com\/science\/article\/pii\/S186592172500203X?via%3Dihub\" target=\"_blank\" rel=\"noreferrer noopener\">Link zur Ver\u00f6ffentlichung<\/a><\/li>\n<\/ul>\n\n\n\n<ul class=\"wp-block-list\">\n<li>Keefer A, Dehler M, Kolominsky-Rabas PL, Graessel E, Saam JN, Drasch K. <strong>Autofahren bei kognitiven Beeintr\u00e4chtigungen: Ergebnisse des bev\u00f6lkerungsbasierten Digitalen Demenzregisters Bayern (digiDEM Bayern)<\/strong>. Z. Evid. Fortbild. Qual. Gesundh. wesen (ZEFQ) 2025;195:85-92. doi: 10.1016\/j.zefq.2025.03.007. <a href=\"https:\/\/www.sciencedirect.com\/science\/article\/pii\/S1865921725000911\" target=\"_blank\" rel=\"noreferrer noopener\">Link zur Ver\u00f6ffentlichung<\/a><\/li>\n<\/ul>\n\n\n\n<ul class=\"wp-block-list\">\n<li>Zeiler M, Dietzel N, Kolominsky-Rabas PL. <strong>Digitalisierung und technische Unterst\u00fctzung von Angeh\u00f6rigen.<\/strong> In: Deutsches Zentrum f\u00fcr Neurodegenerative Erkrankungen (Ed), Deutsche Alzheimer Gesellschaft (Ed). Angeh\u00f6rige von Menschen mit Demenz \u2013 Forschungsergebnisse und Perspektiven. 69469 Weinheim: Beltz Juventa; 2025. S. 339-354. <a href=\"https:\/\/doi.org\/10.3262\/978-3-7799-8036-0\" target=\"_blank\" rel=\"noreferrer noopener\">Link zur Ver\u00f6ffentlichung<\/a><\/li>\n<\/ul>\n\n\n\n<ul class=\"wp-block-list\">\n<li>Dietzel N, Zeiler M, Kolominsky-Rabas PL. <strong>Wissenschaftliche Evidenz und Kosten von DiGA.<\/strong> G+G Wissenschaft. GGW \u2013 das Wissenschaftsforum in Gesundheit und Gesellschaft. Ausgabe 1\/2025, 25. Jahrgang. <a href=\"https:\/\/www.wido.de\/publikationen-produkte\/zeitschriften\/ggw-gesundheit-gesellschaft-wissenschaft\/ausgabe-1-2025\/?L=0\" target=\"_blank\" rel=\"noreferrer noopener\">Link zur Ver\u00f6ffentlichung<\/a><\/li>\n<\/ul>\n\n\n\n<ul class=\"wp-block-list\">\n<li>Keefer A, Dietzel N, Kolominsky-Rabas PL, Graessel E. <strong>The use of outpatient support services: Differences between people with mild cognitive impairment and people with mild to moderate dementia.<\/strong> J Alzheimers Dis. 2025;104(1):73-82. doi: 10.1177\/13872877251314060. PMID: 39871693. <a href=\"https:\/\/journals.sagepub.com\/eprint\/2GNSXWJVQDZ6BBTR3DCE\/full\" target=\"_blank\" rel=\"noreferrer noopener\">Link zur Ver\u00f6ffentlichung<\/a><\/li>\n<\/ul>\n\n\n\n<ul class=\"wp-block-list\">\n<li>Zeiler M, Dietzel N, Haug F, Haug J, Kammerer K, Pryss R, Heuschmann P, Graessel E, Kolominsky-Rabas PL, Prokosch HU: <strong>A User-Centered Design Approach for a Screening App for People With Cognitive Impairment (digiDEM-SCREEN): Development and Usability Study. <\/strong>JMIR Hum Factors 2025;12:e65022. doi: 10.2196\/65022. PMID: 39849671. <a href=\"https:\/\/humanfactors.jmir.org\/2025\/1\/e65022\" target=\"_blank\" rel=\"noreferrer noopener\">Link zur Ver\u00f6ffentlichung<\/a><\/li>\n<\/ul>\n\n\n\n<ul class=\"wp-block-list\">\n<li>Weidinger F, Dietzel N, Graessel E, Prokosch HU, Kolominsky-Rabas PL: <strong>Using Health Information Resources for People With Cognitive Impairment (digiDEM Bayern): Registry-Based Cohort Study<\/strong>. JMIR Form Res 2025;9:e54460. doi: 10.2196\/54460. <a href=\"https:\/\/formative.jmir.org\/2025\/1\/e54460\" target=\"_blank\" rel=\"noreferrer noopener\">Link zur Ver\u00f6ffentlichung<\/a><\/li>\n<\/ul>\n\n\n\n<ul class=\"wp-block-list\">\n<li>Zeiler M, Dietzel N, Kammerer K, Frick U, Pryss R, Heuschmann P, Prokosch HU, Graessel E, Kolominsky-Rabas PL: <strong>Digital screening tool for the assessment of cognitive impairment in unsupervised setting-digiDEM-SCREEN: study protocol for a validation study.<\/strong> BMJ Open. 2025 Jan 11;15(1):e087256. doi: 10.1136\/bmjopen-2024-087256. PMID: 39800401. <a href=\"https:\/\/bmjopen.bmj.com\/content\/15\/1\/e087256\" target=\"_blank\" rel=\"noreferrer noopener\">Link zur Ver\u00f6ffentlichung<\/a><\/li>\n<\/ul>\n\n\n\n<p style=\"font-size:35px\"><strong><mark style=\"background-color:rgba(0, 0, 0, 0)\" class=\"has-inline-color has-accent-1-color\"><span style=\"color: #38a9f2;\" class=\"ugb-highlight\">2024<\/span><\/mark><\/strong><\/p>\n\n\n\n<ul class=\"wp-block-list\">\n<li>Laininger L, Dietzel N, Graessel E, Prokosch HU, Kolominsky-Rabas PL: <strong>Impact of social network composition on cognitive decline: Digital Dementia Registry Bavaria (digiDEM Bayern)<\/strong>. PLoS One. 2024 Jul 12;19(7):e0306447. doi: 10.1371\/journal.pone.0306447. PMID: 38995919; PMCID: PMC11244788. <a href=\"https:\/\/pubmed.ncbi.nlm.nih.gov\/38995919\/\" target=\"_blank\" rel=\"noreferrer noopener\">Link zur Ver\u00f6ffentlichung<\/a><\/li>\n<\/ul>\n\n\n\n<ul class=\"wp-block-list\">\n<li>Zeiler M, Dietzel N, Kolominsky-Rabas PL, Graessel E, Prokosch HU: <strong>Evaluation of a Digital Dementia Registry&#8217;s IT Architecture After a Three-Year Period in Practice: digiDEM Bayern<\/strong>. Stud Health Technol Inform. 2024 Apr 26;313:43-48. doi: 10.3233\/SHTI240010. PMID: 38682503. <a href=\"https:\/\/ebooks.iospress.nl\/volumearticle\/67820?_gl=1*8ztnjs*_up*MQ..*_ga*MTk3MDg4NTg0MS4xNzE0Mzk1MzEy*_ga_6N3Q0141SM*MTcxNDM5NTMxMS4xLjAuMTcxNDM5NTMxMS4wLjAuMA..\" target=\"_blank\" rel=\"noreferrer noopener\">Link zur Ver\u00f6ffentlichung<\/a><\/li>\n<\/ul>\n\n\n\n<ul class=\"wp-block-list\">\n<li>R\u00fchl J, Brinkmann ST, Schaufler D, Gr\u00e4\u00dfel E, Walker BB, Kolominsky-Rabas PL: <strong>R\u00e4umliche Erreichbarkeit von Ged\u00e4chtnisambulanzen \u2013 Eine geographische Analyse im Rahmen von digiDEM Bayern<\/strong>. Gesundheitswesen. 2024 Apr;86(4):263-273. German. doi: 10.1055\/a-2233-6168. Epub 2024 Apr 5. PMID: 38579731. <a href=\"https:\/\/www.thieme-connect.com\/products\/ejournals\/abstract\/10.1055\/a-2233-6168\" target=\"_blank\" rel=\"noreferrer noopener\">Link zur Ver\u00f6ffentlichung<\/a><\/li>\n<\/ul>\n\n\n\n<p style=\"font-size:35px\"><strong><mark style=\"background-color:rgba(0, 0, 0, 0)\" class=\"has-inline-color has-accent-1-color\"><span style=\"color: #38a9f2;\" class=\"ugb-highlight\">2023<\/span><\/mark><\/strong><\/p>\n\n\n\n<ul class=\"wp-block-list\">\n<li>Klaas-Ickler D, Kolominsky-Rabas PL, Dietzel N: <strong>Kann Case Management den Umzug von Menschen mit Demenz in eine Pflegeeinrichtung verz\u00f6gern? \u2013 Ein systematisches Review randomisiert kontrollierter Studien<\/strong>. Gesundheitswesen. 2023 Jun 12. doi: 10.1055\/a-2075-7884. Epub ahead of print. PMID: 37308111. <a href=\"https:\/\/www.thieme-connect.com\/products\/ejournals\/abstract\/10.1055\/a-2075-7884\" target=\"_blank\" rel=\"noreferrer noopener\">Link zur Ver\u00f6ffentlichung<\/a><\/li>\n<\/ul>\n\n\n\n<ul class=\"wp-block-list\">\n<li>Keefer A, Steichele K, Graessel E, Prokosch HU, Kolominsky-Rabas PL: <strong>Does voluntary work contribute to cognitive performance? \u2014 A systematic review<\/strong>. J Multidiscip Healthc. 2023;16 : 1097-1109. doi: https:\/\/doi.org\/10.2147\/JMDH.S404880. <a href=\"https:\/\/www.dovepress.com\/does-voluntary-work-contribute-to-cognitive-performance--an-internatio-peer-reviewed-fulltext-article-JMDH\" data-type=\"URL\" data-id=\"https:\/\/www.dovepress.com\/does-voluntary-work-contribute-to-cognitive-performance--an-internatio-peer-reviewed-fulltext-article-JMDH\" target=\"_blank\" rel=\"noreferrer noopener\">Link zur Ver\u00f6ffentlichung<\/a><\/li>\n<\/ul>\n\n\n\n<ul class=\"wp-block-list\">\n<li>Zeiler M, Chmelirsch C, Dietzel N, Kolominsky-Rabas PL: <strong>Wissenschaftliche Evidenz und Nutzerqualit\u00e4t von Mobile-Health-Anwendungen f\u00fcr Menschen mit kognitiven Beeintr\u00e4chtigungen und deren Angeh\u00f6rige<\/strong>. Z Evid Fortbild Qual Gesundhwes. 2023 Mar 6:S1865-9217(23)00006-5. German. doi: 10.1016\/j.zefq.2023.01.003. Epub ahead of print. PMID: 36890031. <a href=\"https:\/\/www.zefq-journal.com\/article\/S1865-9217(23)00006-5\/fulltext\" target=\"_blank\" rel=\"noreferrer noopener\">Link zur Ver\u00f6ffentlichung<\/a><\/li>\n<\/ul>\n\n\n\n<p style=\"font-size:35px\"><strong><mark style=\"background-color:rgba(0, 0, 0, 0)\" class=\"has-inline-color has-accent-1-color\"><span style=\"color: #38a9f2;\" class=\"ugb-highlight\">2022 <\/span><\/mark><\/strong><\/p>\n\n\n\n<ul class=\"wp-block-list\">\n<li>Kolominsky-Rabas PL, Tauscher M, Gerlach R, Perleth M, Dietzel N: <strong>Wie belastbar sind Studien der aktuell dauerhaft aufgenommenen digitalen Gesundheitsanwendungen (DiGA)? Methodische Qualit\u00e4t der Studien zum Nachweis positiver Versorgungseffekte von DiGA<\/strong>. Z Evid Fortbild Qual Gesundhwes. 2022 Dec; 175: 1-16. German. doi: 10.1016\/j.zefq.2022.09.008. Epub 2022 Nov 24. PMID: 36437182. <a href=\"https:\/\/www.zefq-journal.com\/article\/S1865-9217(22)00176-3\/fulltext\" target=\"_blank\" rel=\"noreferrer noopener\">Link zur Ver\u00f6ffentlichung<\/a><\/li>\n<\/ul>\n\n\n\n<ul class=\"wp-block-list\">\n<li>Dietzel N, Graessel E, K\u00fcrten L, Meuer S, Klaas-Ickler D, Hladik M, Chmelirsch C, Kolominsky-Rabas PL: <strong>The Dementia Assessment of Service Needs (DEMAND): Development and Validation of a Standardized Needs Assessment Instrument<\/strong>. J Alzheimers Dis. 2022 Sep 27; 89(3): 1051-1061. <a rel=\"noreferrer noopener\" href=\"https:\/\/content.iospress.com\/articles\/journal-of-alzheimers-disease\/jad220363\" target=\"_blank\">Link zur Ver\u00f6ffentlichung<\/a><\/li>\n<\/ul>\n\n\n\n<ul class=\"wp-block-list\">\n<li>Steichele K, Keefer A, Dietzel N, Graessel E, Prokosch HU, Kolominsky-Rabas PL: <strong>The effects of exercise programs on cognition, activities of daily living, and neuropsychiatric symptoms in community-dwelling people with dementia\u2014a systematic review<\/strong>. Alzheimers Res Ther. 2022 Jul 22; 14, 97. https:\/\/doi.org\/10.1186\/s13195-022-01040-5. <a rel=\"noreferrer noopener\" href=\"https:\/\/alzres.biomedcentral.com\/articles\/10.1186\/s13195-022-01040-5\" target=\"_blank\">Link zur Ver\u00f6ffentlichung<\/a><\/li>\n<\/ul>\n\n\n\n<ul class=\"wp-block-list\">\n<li>Karrer L, Pfleger E, Kolominsky-Rabas PL: <strong>Aktuelle Evidenzlage zur Beurteilung der Fahrtauglichkeit von Menschen mit kognitiven Einschr\u00e4nkungen: Ein systematisches Review<\/strong>. Das Gesundheitswesen. 2022 Jan. doi: 10.1055\/a-1690-6940. <a href=\"https:\/\/www.thieme-connect.com\/products\/ejournals\/pdf\/10.1055\/a-1690-6940.pdf\">Link zur Ver\u00f6ffentlichung<\/a><\/li>\n<\/ul>\n\n\n\n<p style=\"font-size:35px\"><strong><span class=\"has-inline-color has-accent-1-color\"><span style=\"color: #38a9f2;\" class=\"ugb-highlight\">2021 <\/span><\/span><\/strong><\/p>\n\n\n\n<ul class=\"wp-block-list\">\n<li>Reichold M, He\u00df M, Kolominsky-Rabas PL, Gr\u00e4\u00dfel E, Prokosch HU:&nbsp;<strong>Usability evaluation of an offline electronic data Capture app in a prospective multicenter dementia registry (digiDEM Bayern): mixed method study<\/strong>. Journal of medical internet research: Form Res. 2021 Nov 3; 5(11): e31649. doi: 10.2196\/31649. PMID: 34730543.&nbsp;<a rel=\"noreferrer noopener\" href=\"https:\/\/pubmed.ncbi.nlm.nih.gov\/34730543\/\" target=\"_blank\">Link zur Ver\u00f6ffentlichung<\/a><\/li>\n<\/ul>\n\n\n\n<ul class=\"wp-block-list\">\n<li>Reichold M, Dietzel N, Chmelirsch C, Kolominsky-Rabas PL, Gr\u00e4ssel E, Prokosch HU: <strong>Designing and implementing an IT architecture for a digital multicenter dementia registry: digiDEM Bayern<\/strong>. Applied clinical informatics 12. 2021: 551\u2013563. <a href=\"https:\/\/doi.org\/10.1055\/s-0041-1731286\" target=\"_blank\" rel=\"noreferrer noopener\">Link zur Ver\u00f6ffentlichung<\/a><\/li>\n<\/ul>\n\n\n\n<ul class=\"wp-block-list\">\n<li>Bujan Rivera J, Dietzel N, Meuer S, Reichold M, Prokosch HU, Gr\u00e4\u00dfel E, Kolominsky-Rabas, PL:&nbsp;<strong>Demenz und Digitalisierung<\/strong>. neuroreha. 2021; 13(2): 87\u201394.&nbsp;<a rel=\"noreferrer noopener\" href=\"https:\/\/www.thieme-connect.com\/products\/ejournals\/abstract\/10.1055\/a-1472-9826\" target=\"_blank\">Link zur Ver\u00f6ffentlichung<\/a><\/li>\n<\/ul>\n\n\n\n<ul class=\"wp-block-list\">\n<li>Reichold M, Selau M, Graessel E, Kolominsky-Rabas PL, Prokosch HU: <strong>eHealth Interventions for Dementia &#8211; Using WordPress Plugins as a Flexible Dissemination for Dementia Service Providers<\/strong>. Stud Health Technol Inform. 2021 May 7; 279: 1-9. doi: 10.3233\/SHTI210081. PMID: 33965911. <a href=\"https:\/\/ebooks.iospress.nl\/doi\/10.3233\/SHTI210081\" target=\"_blank\" rel=\"noreferrer noopener\">Link zur Ver\u00f6ffentlichung<\/a><\/li>\n<\/ul>\n\n\n\n<ul class=\"wp-block-list\">\n<li>K\u00fcrten L, Dietzel N, Kolominsky-Rabas PL, Gr\u00e4\u00dfel E: <strong>Predictors of the one-year-change in depressiveness in informal caregivers of community-dwelling people with dementia<\/strong>. BMC Psychiatry. 2021 Apr 3; 21(1): 177. doi: 10.1186\/s12888-021-03164-8. PMID: 33812389; PMCID: PMC8019174. <a href=\"https:\/\/link.springer.com\/article\/10.1186\/s12888-021-03164-8\" target=\"_blank\" rel=\"noreferrer noopener\">Link zur Ver\u00f6ffentlichung<\/a><\/li>\n<\/ul>\n\n\n\n<ul class=\"wp-block-list\">\n<li>Dietzel N, K\u00fcrten L, Karrer L, Reichold M, K\u00f6hler L, Nagel A, Chmelirsch C, Seebahn K, Hladik M, Meuer S, Kirchner A, Holm K, Selau M, Wendel M, Trinkwalter J, Prokosch HU, Graessel E, Kolominsky-Rabas PL: <strong>Digital Dementia Registry Bavaria-digiDEM Bayern: study protocol for a multicentre, prospective, longitudinal register study<\/strong>. BMJ Open. 2021 Feb 8; 11(2): e043473. doi: 10.1136\/bmjopen-2020-043473. PMID: 33558357. <a href=\"https:\/\/bmjopen.bmj.com\/content\/bmjopen\/11\/2\/e043473.full.pdf\" target=\"_blank\" rel=\"noreferrer noopener\">Link zur Ver\u00f6ffentlichung<\/a><\/li>\n<\/ul>\n\n\n\n<p style=\"font-size:35px\"><strong><span class=\"has-inline-color has-accent-1-color\"><span style=\"color: #38a9f2;\" class=\"ugb-highlight\">2020 <\/span><\/span><\/strong><\/p>\n\n\n\n<ul class=\"wp-block-list\">\n<li>Reichold M, Dietzel N, Karrer L, Gr\u00e4\u00dfel E, Kolominsky-Rabas PL, Prokosch HU: <strong>Stakeholder Perspectives on the Key Components of a Digital Service Platform Supporting Dementia &#8211; digiDEM Bayern<\/strong>. Stud Health Technol Inform. 2020 Jun 23; 271: 224-231. doi: 10.3233\/SHTI200100. PMID: 32578567.<br><a href=\"https:\/\/ebooks.iospress.nl\/publication\/54514\" target=\"_blank\" rel=\"noreferrer noopener\">Link zur Ver\u00f6ffentlichung<\/a><\/li>\n<\/ul>\n\n\n\n<ul class=\"wp-block-list\">\n<li>Wolff F, Dietzel N, Karrer L, Kratzer A, Hess M, Gr\u00e4\u00dfel E, Kolominsky-Rabas PL: <strong>Zeitgerechte Diagnosestellung bei Menschen mit Demenz: der Bayerische Demenz Survey (BayDem)<\/strong>. Das Gesundheitswesen 2020; 01. <a href=\"https:\/\/eref.thieme.de\/ejournals\/1439-4421_2020_01#\/10.1055-a-1031-9559\" target=\"_blank\" rel=\"noreferrer noopener\">Link zur Ver\u00f6ffentlichung<\/a><\/li>\n<\/ul>\n\n\n\n<ul class=\"wp-block-list\">\n<li>Karrer L, Dietzel N, Wolff F, Kratzer A, Hess M, Gr\u00e4\u00dfel E, Kolominsky-Rabas PL: <strong>Wenn es nicht mehr alleine geht \u2013 Inanspruchnahme ambulanter Unterst\u00fctzungsangebote von Menschen mit Demenz: der Bayerische Demenz Survey (BayDem)<\/strong>. Das Gesundheitswesen 2020; 01. <a href=\"https:\/\/eref.thieme.de\/ejournals\/1439-4421_2020_01#\/10.1055-a-1071-7851\" target=\"_blank\" rel=\"noreferrer noopener\">Link zur Ver\u00f6ffentlichung<\/a><\/li>\n<\/ul>\n\n\n\n<ul class=\"wp-block-list\">\n<li>Dietzel N, Karrer L, Wolff F, Kratzer A, Hess M, Gr\u00e4\u00dfel E, Kolominsky-Rabas PL: <strong>Einflussfaktoren auf die Pflegebelastung der Angeh\u00f6rigen von Menschen mit Demenz: der Bayerische Demenz Survey (BayDem)<\/strong>. Das Gesundheitswesen 2020; 01. <a href=\"https:\/\/eref.thieme.de\/ejournals\/1439-4421_2020_01#\/10.1055-a-1071-7886\" target=\"_blank\" rel=\"noreferrer noopener\">Link zur Ver\u00f6ffentlichung<\/a><\/li>\n<\/ul>\n\n\n\n<ul class=\"wp-block-list\">\n<li>Kratzer A, Karrer L, Dietzel N, Wolff F, Hess M, Gr\u00e4\u00dfel E, Kolominsky-Rabas PL: Symptombelastung, <strong>Inanspruchnahme des Gesundheitssystems und Todesumst\u00e4nde von Menschen mit Demenz in der letzten Lebensphase: der Bayerische Demenz Survey (BayDem)<\/strong>. Das Gesundheitswesen 2020; 01. <a href=\"https:\/\/eref.thieme.de\/ejournals\/1439-4421_2020_01#\/10.1055-a-1033-7159\" target=\"_blank\" rel=\"noreferrer noopener\">Link zur Ver\u00f6ffentlichung<\/a><\/li>\n<\/ul>","protected":false},"excerpt":{"rendered":"<p>2025 2024 2023 2022 2021 2020<\/p>","protected":false},"author":11,"featured_media":0,"parent":0,"menu_order":0,"comment_status":"closed","ping_status":"closed","template":"","meta":{"qubely_global_settings":"","qubely_interactions":"","_uag_custom_page_level_css":"","footnotes":""},"class_list":["post-6091","page","type-page","status-publish","hentry"],"featured_image_urls_v2":{"full":"","thumbnail":"","medium":"","medium_large":"","large":"","1536x1536":"","2048x2048":"","trp-custom-language-flag":"","qubely_landscape":"","qubely_portrait":"","qubely_thumbnail":"","post-thumbnail":"","kahuna-featured":"","kahuna-featured-lp":"","kahuna-featured-half":"","kahuna-featured-third":"","kahuna-lpbox-1":"","kahuna-lpbox-2":"","demand-language-flag":"","dddkt-language-flag":"","ddiqc-language-flag":"","ddtl-language-flag":"","mailpoet_newsletter_max":"","kahuna-lpbox-3":"","kahuna-featured-square":"","kahuna-featured-square-large":""},"post_excerpt_stackable_v2":"<p>2025 R\u00fchl J, Baumgartner A, Kolominsky-Rabas PL. Evidenzlage zu Advance Care Planning bei Menschen mit Demenz \u2013 Ein systematisches Review (2017\u20132023). Gesundheitswesen. 2025 Nov 27. German. doi: 10.1055\/a-2699-8545. Epub ahead of print. PMID: 41309090. Link zur Ver\u00f6ffentlichung Weidinger F, R\u00e4bel J, Gr\u00e4\u00dfel E, Ganslandt T., Kolominsky-Rabas PL, Emmert M. Kosten informeller Pflege bei Menschen mit kognitiven Beeintr\u00e4chtigungen: eine Kostenstudie aus dem Digitalen Demenzregister Bayern (digiDEM Bayern). Z. Evid. Fortbild. Qual. Gesundh. wesen (ZEFQ) 2025;198-199:27-34. doi: 10.1016\/j.zefq.2025.10.001. Link zur Ver\u00f6ffentlichung Keefer A, Dehler M, Kolominsky-Rabas PL, Graessel E, Saam JN, Drasch K. Autofahren bei kognitiven Beeintr\u00e4chtigungen: Ergebnisse des bev\u00f6lkerungsbasierten Digitalen Demenzregisters&hellip;<\/p>\n","category_list_v2":"","author_info_v2":{"name":"Michael Zeiler","url":"https:\/\/digidem-bayern.de\/en\/author\/michael-zeiler\/"},"comments_num_v2":"0 comments","yoast_head":"<!-- This site is optimized with the Yoast SEO plugin v27.5 - https:\/\/yoast.com\/product\/yoast-seo-wordpress\/ -->\n<title>Ver\u00f6ffentlichungen - digiDEM Bayern<\/title>\n<meta name=\"description\" content=\"digiDEM Bayern zielt darauf ab, die Lebensbedingungen von Menschen mit MCI\/Demenz und deren pflegenden An- und Zugeh\u00f6rigen nachhaltig zu verbessern.\" \/>\n<meta name=\"robots\" content=\"index, follow, max-snippet:-1, max-image-preview:large, max-video-preview:-1\" \/>\n<link rel=\"canonical\" href=\"https:\/\/digidem-bayern.de\/en\/projektpublikationen\/\" \/>\n<meta property=\"og:locale\" content=\"en_US\" \/>\n<meta property=\"og:type\" content=\"article\" \/>\n<meta property=\"og:title\" content=\"Ver\u00f6ffentlichungen - digiDEM Bayern\" \/>\n<meta property=\"og:description\" content=\"digiDEM Bayern zielt darauf ab, die Lebensbedingungen von Menschen mit MCI\/Demenz und deren pflegenden An- und Zugeh\u00f6rigen nachhaltig zu verbessern.\" \/>\n<meta property=\"og:url\" content=\"https:\/\/digidem-bayern.de\/en\/projektpublikationen\/\" \/>\n<meta property=\"og:site_name\" content=\"digiDEM Bayern\" \/>\n<meta property=\"article:publisher\" content=\"https:\/\/www.facebook.com\/digiDEMBayern\/\" \/>\n<meta property=\"article:modified_time\" content=\"2026-02-18T14:52:51+00:00\" \/>\n<meta property=\"og:image\" content=\"https:\/\/digidem-bayern.de\/wp-content\/uploads\/logo-digidem-digitales-demenzregister-bayern.jpg.png\" \/>\n\t<meta property=\"og:image:width\" content=\"340\" \/>\n\t<meta property=\"og:image:height\" content=\"200\" \/>\n\t<meta property=\"og:image:type\" content=\"image\/png\" \/>\n<meta name=\"twitter:label1\" content=\"Est. reading time\" \/>\n\t<meta name=\"twitter:data1\" content=\"2 minutes\" \/>\n<script type=\"application\/ld+json\" class=\"yoast-schema-graph\">{\"@context\":\"https:\\\/\\\/schema.org\",\"@graph\":[{\"@type\":\"WebPage\",\"@id\":\"https:\\\/\\\/digidem-bayern.de\\\/projektpublikationen\\\/\",\"url\":\"https:\\\/\\\/digidem-bayern.de\\\/projektpublikationen\\\/\",\"name\":\"Ver\u00f6ffentlichungen - digiDEM Bayern\",\"isPartOf\":{\"@id\":\"\\\/#website\"},\"datePublished\":\"2020-07-06T15:15:54+00:00\",\"dateModified\":\"2026-02-18T14:52:51+00:00\",\"description\":\"digiDEM Bayern zielt darauf ab, die Lebensbedingungen von Menschen mit MCI\\\/Demenz und deren pflegenden An- und Zugeh\u00f6rigen nachhaltig zu verbessern.\",\"breadcrumb\":{\"@id\":\"https:\\\/\\\/digidem-bayern.de\\\/projektpublikationen\\\/#breadcrumb\"},\"inLanguage\":\"en-US\",\"potentialAction\":[{\"@type\":\"ReadAction\",\"target\":[\"https:\\\/\\\/digidem-bayern.de\\\/projektpublikationen\\\/\"]}]},{\"@type\":\"BreadcrumbList\",\"@id\":\"https:\\\/\\\/digidem-bayern.de\\\/projektpublikationen\\\/#breadcrumb\",\"itemListElement\":[{\"@type\":\"ListItem\",\"position\":1,\"name\":\"Startseite\",\"item\":\"https:\\\/\\\/digidem-bayern.de\\\/\"},{\"@type\":\"ListItem\",\"position\":2,\"name\":\"Ver\u00f6ffentlichungen\"}]},{\"@type\":\"WebSite\",\"@id\":\"\\\/#website\",\"url\":\"\\\/\",\"name\":\"digiDEM Bayern\",\"description\":\"Das digitale Demenzregister Bayern erforscht und verbessert die Angebotsstuktur f\u00fcr Menschen mit Demenz und deren Angeh\u00f6rige\",\"publisher\":{\"@id\":\"\\\/#organization\"},\"potentialAction\":[{\"@type\":\"SearchAction\",\"target\":{\"@type\":\"EntryPoint\",\"urlTemplate\":\"\\\/?s={search_term_string}\"},\"query-input\":{\"@type\":\"PropertyValueSpecification\",\"valueRequired\":true,\"valueName\":\"search_term_string\"}}],\"inLanguage\":\"en-US\"},{\"@type\":\"Organization\",\"@id\":\"\\\/#organization\",\"name\":\"digiDEM Bayern\",\"url\":\"\\\/\",\"logo\":{\"@type\":\"ImageObject\",\"inLanguage\":\"en-US\",\"@id\":\"\\\/#\\\/schema\\\/logo\\\/image\\\/\",\"url\":\"https:\\\/\\\/digidem-bayern.de\\\/wp-content\\\/uploads\\\/2022\\\/03\\\/cropped-Allgemeines_digiDEMLOGO-removebg-preview.png\",\"contentUrl\":\"https:\\\/\\\/digidem-bayern.de\\\/wp-content\\\/uploads\\\/2022\\\/03\\\/cropped-Allgemeines_digiDEMLOGO-removebg-preview.png\",\"width\":612,\"height\":357,\"caption\":\"digiDEM Bayern\"},\"image\":{\"@id\":\"\\\/#\\\/schema\\\/logo\\\/image\\\/\"},\"sameAs\":[\"https:\\\/\\\/www.facebook.com\\\/digiDEMBayern\\\/\",\"https:\\\/\\\/x.com\\\/digidem_bayern\",\"https:\\\/\\\/www.instagram.com\\\/digidem.bayern\",\"https:\\\/\\\/www.linkedin.com\\\/company\\\/digidem-bayern\\\/\"]}]}<\/script>\n<!-- \/ Yoast SEO plugin. -->","yoast_head_json":{"title":"Ver\u00f6ffentlichungen - digiDEM Bayern","description":"digiDEM Bayern zielt darauf ab, die Lebensbedingungen von Menschen mit MCI\/Demenz und deren pflegenden An- und Zugeh\u00f6rigen nachhaltig zu verbessern.","robots":{"index":"index","follow":"follow","max-snippet":"max-snippet:-1","max-image-preview":"max-image-preview:large","max-video-preview":"max-video-preview:-1"},"canonical":"https:\/\/digidem-bayern.de\/en\/projektpublikationen\/","og_locale":"en_US","og_type":"article","og_title":"Ver\u00f6ffentlichungen - digiDEM Bayern","og_description":"digiDEM Bayern zielt darauf ab, die Lebensbedingungen von Menschen mit MCI\/Demenz und deren pflegenden An- und Zugeh\u00f6rigen nachhaltig zu verbessern.","og_url":"https:\/\/digidem-bayern.de\/en\/projektpublikationen\/","og_site_name":"digiDEM Bayern","article_publisher":"https:\/\/www.facebook.com\/digiDEMBayern\/","article_modified_time":"2026-02-18T14:52:51+00:00","og_image":[{"width":340,"height":200,"url":"https:\/\/digidem-bayern.de\/wp-content\/uploads\/logo-digidem-digitales-demenzregister-bayern.jpg.png","type":"image\/png"}],"twitter_misc":{"Est. reading time":"2 minutes"},"schema":{"@context":"https:\/\/schema.org","@graph":[{"@type":"WebPage","@id":"https:\/\/digidem-bayern.de\/projektpublikationen\/","url":"https:\/\/digidem-bayern.de\/projektpublikationen\/","name":"Ver\u00f6ffentlichungen - digiDEM Bayern","isPartOf":{"@id":"\/#website"},"datePublished":"2020-07-06T15:15:54+00:00","dateModified":"2026-02-18T14:52:51+00:00","description":"digiDEM Bayern zielt darauf ab, die Lebensbedingungen von Menschen mit MCI\/Demenz und deren pflegenden An- und Zugeh\u00f6rigen nachhaltig zu verbessern.","breadcrumb":{"@id":"https:\/\/digidem-bayern.de\/projektpublikationen\/#breadcrumb"},"inLanguage":"en-US","potentialAction":[{"@type":"ReadAction","target":["https:\/\/digidem-bayern.de\/projektpublikationen\/"]}]},{"@type":"BreadcrumbList","@id":"https:\/\/digidem-bayern.de\/projektpublikationen\/#breadcrumb","itemListElement":[{"@type":"ListItem","position":1,"name":"Startseite","item":"https:\/\/digidem-bayern.de\/"},{"@type":"ListItem","position":2,"name":"Ver\u00f6ffentlichungen"}]},{"@type":"WebSite","@id":"\/#website","url":"\/","name":"digiDEM Bavaria","description":"The digital dementia register in Bavaria researches and improves the structure of services for people with dementia and their relatives","publisher":{"@id":"\/#organization"},"potentialAction":[{"@type":"SearchAction","target":{"@type":"EntryPoint","urlTemplate":"\/?s={search_term_string}"},"query-input":{"@type":"PropertyValueSpecification","valueRequired":true,"valueName":"search_term_string"}}],"inLanguage":"en-US"},{"@type":"Organization","@id":"\/#organization","name":"digiDEM Bavaria","url":"\/","logo":{"@type":"ImageObject","inLanguage":"en-US","@id":"\/#\/schema\/logo\/image\/","url":"https:\/\/digidem-bayern.de\/wp-content\/uploads\/2022\/03\/cropped-Allgemeines_digiDEMLOGO-removebg-preview.png","contentUrl":"https:\/\/digidem-bayern.de\/wp-content\/uploads\/2022\/03\/cropped-Allgemeines_digiDEMLOGO-removebg-preview.png","width":612,"height":357,"caption":"digiDEM Bayern"},"image":{"@id":"\/#\/schema\/logo\/image\/"},"sameAs":["https:\/\/www.facebook.com\/digiDEMBayern\/","https:\/\/x.com\/digidem_bayern","https:\/\/www.instagram.com\/digidem.bayern","https:\/\/www.linkedin.com\/company\/digidem-bayern\/"]}]}},"uagb_featured_image_src":{"full":false,"thumbnail":false,"medium":false,"medium_large":false,"large":false,"1536x1536":false,"2048x2048":false,"trp-custom-language-flag":false,"qubely_landscape":false,"qubely_portrait":false,"qubely_thumbnail":false,"post-thumbnail":false,"kahuna-featured":false,"kahuna-featured-lp":false,"kahuna-featured-half":false,"kahuna-featured-third":false,"kahuna-lpbox-1":false,"kahuna-lpbox-2":false,"demand-language-flag":false,"dddkt-language-flag":false,"ddiqc-language-flag":false,"ddtl-language-flag":false,"mailpoet_newsletter_max":false,"kahuna-lpbox-3":false,"kahuna-featured-square":false,"kahuna-featured-square-large":false},"uagb_author_info":{"display_name":"Michael Zeiler","author_link":"https:\/\/digidem-bayern.de\/en\/author\/michael-zeiler\/"},"uagb_comment_info":0,"uagb_excerpt":"2025 2024 2023 2022 2021 2020","_links":{"self":[{"href":"https:\/\/digidem-bayern.de\/en\/wp-json\/wp\/v2\/pages\/6091","targetHints":{"allow":["GET"]}}],"collection":[{"href":"https:\/\/digidem-bayern.de\/en\/wp-json\/wp\/v2\/pages"}],"about":[{"href":"https:\/\/digidem-bayern.de\/en\/wp-json\/wp\/v2\/types\/page"}],"author":[{"embeddable":true,"href":"https:\/\/digidem-bayern.de\/en\/wp-json\/wp\/v2\/users\/11"}],"replies":[{"embeddable":true,"href":"https:\/\/digidem-bayern.de\/en\/wp-json\/wp\/v2\/comments?post=6091"}],"version-history":[{"count":10,"href":"https:\/\/digidem-bayern.de\/en\/wp-json\/wp\/v2\/pages\/6091\/revisions"}],"predecessor-version":[{"id":48113,"href":"https:\/\/digidem-bayern.de\/en\/wp-json\/wp\/v2\/pages\/6091\/revisions\/48113"}],"wp:attachment":[{"href":"https:\/\/digidem-bayern.de\/en\/wp-json\/wp\/v2\/media?parent=6091"}],"curies":[{"name":"wp","href":"https:\/\/api.w.org\/{rel}","templated":true}]}}