{"id":43583,"date":"2025-05-30T13:19:21","date_gmt":"2025-05-30T11:19:21","guid":{"rendered":"https:\/\/digidem-bayern.de\/?page_id=43583"},"modified":"2025-05-30T13:19:22","modified_gmt":"2025-05-30T11:19:22","slug":"digidem-bayern-demenzbibliothek_test","status":"publish","type":"page","link":"https:\/\/digidem-bayern.de\/en\/digidem-bayern-demenzbibliothek_test\/","title":{"rendered":"digiDEM Bayern Demenzbibliothek\u00ae"},"content":{"rendered":"<div class=\"wp-block-media-text is-stacked-on-mobile\" style=\"grid-template-columns:32% auto\"><figure class=\"wp-block-media-text__media\"><img loading=\"lazy\" decoding=\"async\" width=\"1030\" height=\"947\" src=\"https:\/\/digidem-bayern.de\/wp-content\/uploads\/2024\/09\/shutterstock_352335644-Online-Bibliothek-1030x947.png\" alt=\"\" class=\"wp-image-37016 size-full\" srcset=\"https:\/\/digidem-bayern.de\/wp-content\/uploads\/2024\/09\/shutterstock_352335644-Online-Bibliothek-1030x947.png 1030w, https:\/\/digidem-bayern.de\/wp-content\/uploads\/2024\/09\/shutterstock_352335644-Online-Bibliothek-300x276.png 300w, https:\/\/digidem-bayern.de\/wp-content\/uploads\/2024\/09\/shutterstock_352335644-Online-Bibliothek-768x706.png 768w, https:\/\/digidem-bayern.de\/wp-content\/uploads\/2024\/09\/shutterstock_352335644-Online-Bibliothek-1536x1412.png 1536w, https:\/\/digidem-bayern.de\/wp-content\/uploads\/2024\/09\/shutterstock_352335644-Online-Bibliothek-2048x1882.png 2048w, https:\/\/digidem-bayern.de\/wp-content\/uploads\/2024\/09\/shutterstock_352335644-Online-Bibliothek-381x350.png 381w, https:\/\/digidem-bayern.de\/wp-content\/uploads\/2024\/09\/shutterstock_352335644-Online-Bibliothek-1320x1213.png 1320w, https:\/\/digidem-bayern.de\/wp-content\/uploads\/2024\/09\/shutterstock_352335644-Online-Bibliothek.png 1600w\" sizes=\"auto, (max-width: 1030px) 100vw, 1030px\" \/><\/figure><div class=\"wp-block-media-text__content\">\n<p>Willkommen in unserer digiDEM Bayern Demenzbibliothek<strong><sup>\u00ae<\/sup><\/strong>, Ihrem umfassenden Wissensportal rund um das Thema Demenz.<\/p>\n\n\n\n<p>Diese Bibliothek bietet eine vielf\u00e4ltige Wissenssammlung, die speziell darauf ausgerichtet ist, Betroffene, An- und Zugeh\u00f6rige, Fachkr\u00e4fte und Entscheider im Gesundheitswesen, Ehrenamtliche sowie B\u00fcrger zu unterst\u00fctzen. Ob Sie nach wissenschaftlichen Studien oder praxisorientierten Tipps suchen: Hier finden Sie von den digiDEM Bayern-Wissenschaftlern ausgew\u00e4hlte und gepr\u00fcfte Informationen. Diese qualit\u00e4tsgesicherten Informationen sollen Ihnen helfen, das komplexe Thema Demenz besser zu verstehen und den Alltag mit der Erkrankung zu bew\u00e4ltigen.<\/p>\n\n\n\n<p>Die digiDEM Bayern Demenzbibliothek<strong><sup>\u00ae<\/sup><\/strong> umfasst eine umfangreiche Auswahl von frei zug\u00e4nglichen eigenen und (inter-)nationalen wissenschaftlichen Ver\u00f6ffentlichungen sowie aufgezeichneten Webinaren. Dieses Angebot gibt Ihnen die M\u00f6glichkeit, wertvolle Einblicke in das komplexe Thema Demenz zu gewinnen. Nutzen Sie unser Angebot, um sich zu informieren und weiterzubilden.<\/p>\n<\/div><\/div>\n\n\n\n<div style=\"height:20px\" aria-hidden=\"true\" class=\"wp-block-spacer\"><\/div>\n\n\n<div class=\"wp-block-qubely-postgrid qubely-block-8b6abc\"><div class=\"qubely-postgrid-wrapper  qubely-postgrid-layout-1\" ><div class=\"qubely-postgrid qubely-post-list-view qubely-postgrid-style-2\"><div class=\"qubely-post-list-wrapper qubely-post-list-center\"><div class=\"qubely-post-list-img qubely-post-img qubely-post-img-zoom-out\"><a href=\"https:\/\/digidem-bayern.de\/en\/wann-digitale-angebote-bei-alzheimer-unterstuetzen-koennen\/\"><img decoding=\"async\" class=\"qubely-post-image\" src=\"https:\/\/digidem-bayern.de\/wp-content\/uploads\/2025\/06\/02-Neugier-shutterstock_1991305085-300x200.jpg\" alt=\"Wann digitale Angebote bei Alzheimer unterst\u00fctzen k\u00f6nnen\"\/><\/a><\/div><div class=\"qubely-post-list-content\"><h2 class=\"qubely-postgrid-title\"><a href=\"https:\/\/digidem-bayern.de\/en\/wann-digitale-angebote-bei-alzheimer-unterstuetzen-koennen\/\">When digital services can help with Alzheimer's<\/a><\/h2><div class=\"qubely-postgrid-meta\"><span><i class=\"fas fa-user\"><\/i> By <a href=\"https:\/\/digidem-bayern.de\/en\/author\/lucas-westermann\/\" title=\"Posts by Lucas Westermann\" rel=\"author\">Lucas Westermann<\/a><\/span><span><i class=\"far fa-calendar-alt\"><\/i> 25.03.2026<\/span><span><i class=\"fas fa-comment\"><\/i> 0<\/span><\/div><div class=\"qubely-postgrid-intro\">Digitale Technologien spielen in der Versorgung von Menschen mit Alzheimer eine zunehmende Rolle. Telemedizinische Sprechstunden, Apps zur Alltagsstrukturierung oder digitale <\/div><\/div><\/div><\/div><div class=\"qubely-postgrid qubely-post-list-view qubely-postgrid-style-2\"><div class=\"qubely-post-list-wrapper qubely-post-list-center\"><div class=\"qubely-post-list-img qubely-post-img qubely-post-img-zoom-out\"><a href=\"https:\/\/digidem-bayern.de\/en\/kommunikation-demenz-tipps-internet\/\"><img decoding=\"async\" class=\"qubely-post-image\" src=\"https:\/\/digidem-bayern.de\/wp-content\/uploads\/2026\/03\/Technik-lernen-shutterstock_172192487-1-300x200.jpg\" alt=\"Kommunikation bei Demenz: Wie hilfreich sind Tipps aus dem Internet?\"\/><\/a><\/div><div class=\"qubely-post-list-content\"><h2 class=\"qubely-postgrid-title\"><a href=\"https:\/\/digidem-bayern.de\/en\/kommunikation-demenz-tipps-internet\/\">Communication with dementia: how helpful are tips from the internet?<\/a><\/h2><div class=\"qubely-postgrid-meta\"><span><i class=\"fas fa-user\"><\/i> By <a href=\"https:\/\/digidem-bayern.de\/en\/author\/lucas-westermann\/\" title=\"Posts by Lucas Westermann\" rel=\"author\">Lucas Westermann<\/a><\/span><span><i class=\"far fa-calendar-alt\"><\/i> 25.03.2026<\/span><span><i class=\"fas fa-comment\"><\/i> 0<\/span><\/div><div class=\"qubely-postgrid-intro\">Gute Kommunikation ist ein wesentlicher Baustein f\u00fcr die Lebensqualit\u00e4t von Menschen mit Demenz und ihren An- und Zugeh\u00f6<\/div><\/div><\/div><\/div><div class=\"qubely-postgrid qubely-post-list-view qubely-postgrid-style-2\"><div class=\"qubely-post-list-wrapper qubely-post-list-center\"><div class=\"qubely-post-list-img qubely-post-img qubely-post-img-zoom-out\"><a href=\"https:\/\/digidem-bayern.de\/en\/unterstuetzungssysteme-fuer-pflegende-angehoerige\/\"><img decoding=\"async\" class=\"qubely-post-image\" src=\"https:\/\/digidem-bayern.de\/wp-content\/uploads\/2026\/03\/03-fwe-shutterstock_1301141518-1-300x200.jpg\" alt=\"Wenn Kommunikation zur H\u00fcrde wird: Unterst\u00fctzungssysteme f\u00fcr pflegende An- und Zugeh\u00f6rige im Fokus\"\/><\/a><\/div><div class=\"qubely-post-list-content\"><h2 class=\"qubely-postgrid-title\"><a href=\"https:\/\/digidem-bayern.de\/en\/unterstuetzungssysteme-fuer-pflegende-angehoerige\/\">When communication becomes an obstacle: Focus on support systems for caregiving relatives<\/a><\/h2><div class=\"qubely-postgrid-meta\"><span><i class=\"fas fa-user\"><\/i> By <a href=\"https:\/\/digidem-bayern.de\/en\/author\/lucas-westermann\/\" title=\"Posts by Lucas Westermann\" rel=\"author\">Lucas Westermann<\/a><\/span><span><i class=\"far fa-calendar-alt\"><\/i> 25.03.2026<\/span><span><i class=\"fas fa-comment\"><\/i> 0<\/span><\/div><div class=\"qubely-postgrid-intro\">Kommunikationsschwierigkeiten geh\u00f6ren zu den belastendsten Situationen einer Demenz. Wenn Gespr\u00e4che schwieriger werden und das gegenseitige Verst\u00e4ndnis nachl\u00e4<\/div><\/div><\/div><\/div><div class=\"qubely-postgrid qubely-post-list-view qubely-postgrid-style-2\"><div class=\"qubely-post-list-wrapper qubely-post-list-center\"><div class=\"qubely-post-list-img qubely-post-img qubely-post-img-zoom-out\"><a href=\"https:\/\/digidem-bayern.de\/en\/kommunikation-als-schluessel-personalisierte-demenzpflege\/\"><img decoding=\"async\" class=\"qubely-post-image\" src=\"https:\/\/digidem-bayern.de\/wp-content\/uploads\/2026\/03\/AKE-Studie-Demand-shutterstock_2303201453-300x200.jpg\" alt=\"Kommunikation als Schl\u00fcssel: Wege zur personalisierten Demenzpflege\"\/><\/a><\/div><div class=\"qubely-post-list-content\"><h2 class=\"qubely-postgrid-title\"><a href=\"https:\/\/digidem-bayern.de\/en\/kommunikation-als-schluessel-personalisierte-demenzpflege\/\">Communication as the key: paths to personalized dementia care<\/a><\/h2><div class=\"qubely-postgrid-meta\"><span><i class=\"fas fa-user\"><\/i> By <a href=\"https:\/\/digidem-bayern.de\/en\/author\/lucas-westermann\/\" title=\"Posts by Lucas Westermann\" rel=\"author\">Lucas Westermann<\/a><\/span><span><i class=\"far fa-calendar-alt\"><\/i> 25.03.2026<\/span><span><i class=\"fas fa-comment\"><\/i> 0<\/span><\/div><div class=\"qubely-postgrid-intro\">In der modernen Demenzversorgung ist die personalisierte Pflege ein entscheidender Faktor f\u00fcr Lebensqualit\u00e4t. Dabei steht eine Frage im <\/div><\/div><\/div><\/div><\/div><div class=\"qubely-postgrid-pagination\"><span aria-current=\"page\" class=\"page-numbers current\">1<\/span>\n<a class=\"page-numbers\" href=\"https:\/\/digidem-bayern.de\/en\/wp-json\/wp\/v2\/pages\/43583\/page\/2\/\">2<\/a>\n<a class=\"page-numbers\" href=\"https:\/\/digidem-bayern.de\/en\/wp-json\/wp\/v2\/pages\/43583\/page\/3\/\">3<\/a>\n<span class=\"page-numbers dots\">&hellip;<\/span>\n<a class=\"page-numbers\" href=\"https:\/\/digidem-bayern.de\/en\/wp-json\/wp\/v2\/pages\/43583\/page\/114\/\">114<\/a>\n<a class=\"next page-numbers\" href=\"https:\/\/digidem-bayern.de\/en\/wp-json\/wp\/v2\/pages\/43583\/page\/2\/\">Next <span class='fas fa-angle-right'><\/span><\/a><\/div><\/div>","protected":false},"excerpt":{"rendered":"<p>Willkommen in unserer digiDEM Bayern Demenzbibliothek\u00ae, Ihrem umfassenden Wissensportal rund um das Thema Demenz. Diese Bibliothek bietet eine vielf\u00e4ltige Wissenssammlung, die speziell darauf ausgerichtet ist, Betroffene, An- und Zugeh\u00f6rige, Fachkr\u00e4fte und Entscheider im Gesundheitswesen, Ehrenamtliche sowie B\u00fcrger zu unterst\u00fctzen. Ob Sie nach wissenschaftlichen Studien oder praxisorientierten Tipps suchen: Hier finden &hellip;<\/p>","protected":false},"author":11,"featured_media":0,"parent":0,"menu_order":0,"comment_status":"closed","ping_status":"closed","template":"","meta":{"qubely_global_settings":"","qubely_interactions":"","_uag_custom_page_level_css":"","footnotes":""},"class_list":["post-43583","page","type-page","status-publish","hentry"],"featured_image_urls_v2":{"full":"","thumbnail":"","medium":"","medium_large":"","large":"","1536x1536":"","2048x2048":"","trp-custom-language-flag":"","qubely_landscape":"","qubely_portrait":"","qubely_thumbnail":"","post-thumbnail":"","kahuna-featured":"","kahuna-featured-lp":"","kahuna-featured-half":"","kahuna-featured-third":"","kahuna-lpbox-1":"","kahuna-lpbox-2":"","demand-language-flag":"","dddkt-language-flag":"","ddiqc-language-flag":"","ddtl-language-flag":"","mailpoet_newsletter_max":"","kahuna-lpbox-3":"","kahuna-featured-square":"","kahuna-featured-square-large":""},"post_excerpt_stackable_v2":"<p>Willkommen in unserer digiDEM Bayern Demenzbibliothek\u00ae, Ihrem umfassenden Wissensportal rund um das Thema Demenz. Diese Bibliothek bietet eine vielf\u00e4ltige Wissenssammlung, die speziell darauf ausgerichtet ist, Betroffene, An- und Zugeh\u00f6rige, Fachkr\u00e4fte und Entscheider im Gesundheitswesen, Ehrenamtliche sowie B\u00fcrger zu unterst\u00fctzen. Ob Sie nach wissenschaftlichen Studien oder praxisorientierten Tipps suchen: Hier finden Sie von den digiDEM Bayern-Wissenschaftlern ausgew\u00e4hlte und gepr\u00fcfte Informationen. Diese qualit\u00e4tsgesicherten Informationen sollen Ihnen helfen, das komplexe Thema Demenz besser zu verstehen und den Alltag mit der Erkrankung zu bew\u00e4ltigen. Die digiDEM Bayern Demenzbibliothek\u00ae umfasst eine umfangreiche Auswahl von frei zug\u00e4nglichen eigenen und (inter-)nationalen wissenschaftlichen Ver\u00f6ffentlichungen sowie aufgezeichneten Webinaren. Dieses&hellip;<\/p>\n","category_list_v2":"","author_info_v2":{"name":"Michael Zeiler","url":"https:\/\/digidem-bayern.de\/en\/author\/michael-zeiler\/"},"comments_num_v2":"0 comments","yoast_head":"<!-- This site is optimized with the Yoast SEO plugin v27.4 - https:\/\/yoast.com\/product\/yoast-seo-wordpress\/ -->\n<title>digiDEM Bayern Demenzbibliothek\u00ae - digiDEM Bayern<\/title>\n<meta name=\"description\" content=\"digiDEM Bayern zielt darauf ab, die Lebensbedingungen von Menschen mit MCI\/Demenz und deren pflegenden An- und Zugeh\u00f6rigen nachhaltig zu verbessern.\" \/>\n<meta name=\"robots\" content=\"index, follow, max-snippet:-1, max-image-preview:large, max-video-preview:-1\" \/>\n<link rel=\"canonical\" href=\"https:\/\/digidem-bayern.de\/en\/digidem-bayern-demenzbibliothek_test\/\" \/>\n<meta property=\"og:locale\" content=\"en_US\" \/>\n<meta property=\"og:type\" content=\"article\" \/>\n<meta property=\"og:title\" content=\"digiDEM Bayern Demenzbibliothek\u00ae - digiDEM Bayern\" \/>\n<meta property=\"og:description\" content=\"digiDEM Bayern zielt darauf ab, die Lebensbedingungen von Menschen mit MCI\/Demenz und deren pflegenden An- und Zugeh\u00f6rigen nachhaltig zu verbessern.\" \/>\n<meta property=\"og:url\" content=\"https:\/\/digidem-bayern.de\/en\/digidem-bayern-demenzbibliothek_test\/\" \/>\n<meta property=\"og:site_name\" content=\"digiDEM Bayern\" \/>\n<meta property=\"article:publisher\" content=\"https:\/\/www.facebook.com\/digiDEMBayern\/\" \/>\n<meta property=\"article:modified_time\" content=\"2025-05-30T11:19:22+00:00\" \/>\n<meta property=\"og:image\" content=\"https:\/\/digidem-bayern.de\/wp-content\/uploads\/2024\/09\/shutterstock_352335644-Online-Bibliothek-1030x947.png\" \/>\n\t<meta property=\"og:image:width\" content=\"1030\" \/>\n\t<meta property=\"og:image:height\" content=\"947\" \/>\n\t<meta property=\"og:image:type\" content=\"image\/png\" \/>\n<meta name=\"twitter:label1\" content=\"Est. reading time\" \/>\n\t<meta name=\"twitter:data1\" content=\"1 minute\" \/>\n<script type=\"application\/ld+json\" class=\"yoast-schema-graph\">{\"@context\":\"https:\\\/\\\/schema.org\",\"@graph\":[{\"@type\":\"WebPage\",\"@id\":\"https:\\\/\\\/digidem-bayern.de\\\/digidem-bayern-demenzbibliothek_test\\\/\",\"url\":\"https:\\\/\\\/digidem-bayern.de\\\/digidem-bayern-demenzbibliothek_test\\\/\",\"name\":\"digiDEM Bayern Demenzbibliothek\u00ae - digiDEM Bayern\",\"isPartOf\":{\"@id\":\"\\\/#website\"},\"primaryImageOfPage\":{\"@id\":\"https:\\\/\\\/digidem-bayern.de\\\/digidem-bayern-demenzbibliothek_test\\\/#primaryimage\"},\"image\":{\"@id\":\"https:\\\/\\\/digidem-bayern.de\\\/digidem-bayern-demenzbibliothek_test\\\/#primaryimage\"},\"thumbnailUrl\":\"https:\\\/\\\/digidem-bayern.de\\\/wp-content\\\/uploads\\\/2024\\\/09\\\/shutterstock_352335644-Online-Bibliothek-1030x947.png\",\"datePublished\":\"2025-05-30T11:19:21+00:00\",\"dateModified\":\"2025-05-30T11:19:22+00:00\",\"description\":\"digiDEM Bayern zielt darauf ab, die Lebensbedingungen von Menschen mit MCI\\\/Demenz und deren pflegenden An- und Zugeh\u00f6rigen nachhaltig zu verbessern.\",\"breadcrumb\":{\"@id\":\"https:\\\/\\\/digidem-bayern.de\\\/digidem-bayern-demenzbibliothek_test\\\/#breadcrumb\"},\"inLanguage\":\"en-US\",\"potentialAction\":[{\"@type\":\"ReadAction\",\"target\":[\"https:\\\/\\\/digidem-bayern.de\\\/digidem-bayern-demenzbibliothek_test\\\/\"]}]},{\"@type\":\"ImageObject\",\"inLanguage\":\"en-US\",\"@id\":\"https:\\\/\\\/digidem-bayern.de\\\/digidem-bayern-demenzbibliothek_test\\\/#primaryimage\",\"url\":\"https:\\\/\\\/digidem-bayern.de\\\/wp-content\\\/uploads\\\/2024\\\/09\\\/shutterstock_352335644-Online-Bibliothek-1030x947.png\",\"contentUrl\":\"https:\\\/\\\/digidem-bayern.de\\\/wp-content\\\/uploads\\\/2024\\\/09\\\/shutterstock_352335644-Online-Bibliothek-1030x947.png\"},{\"@type\":\"BreadcrumbList\",\"@id\":\"https:\\\/\\\/digidem-bayern.de\\\/digidem-bayern-demenzbibliothek_test\\\/#breadcrumb\",\"itemListElement\":[{\"@type\":\"ListItem\",\"position\":1,\"name\":\"Startseite\",\"item\":\"https:\\\/\\\/digidem-bayern.de\\\/\"},{\"@type\":\"ListItem\",\"position\":2,\"name\":\"digiDEM Bayern Demenzbibliothek\u00ae\"}]},{\"@type\":\"WebSite\",\"@id\":\"\\\/#website\",\"url\":\"\\\/\",\"name\":\"digiDEM Bayern\",\"description\":\"Das digitale Demenzregister Bayern erforscht und verbessert die Angebotsstuktur f\u00fcr Menschen mit Demenz und deren Angeh\u00f6rige\",\"publisher\":{\"@id\":\"\\\/#organization\"},\"potentialAction\":[{\"@type\":\"SearchAction\",\"target\":{\"@type\":\"EntryPoint\",\"urlTemplate\":\"\\\/?s={search_term_string}\"},\"query-input\":{\"@type\":\"PropertyValueSpecification\",\"valueRequired\":true,\"valueName\":\"search_term_string\"}}],\"inLanguage\":\"en-US\"},{\"@type\":\"Organization\",\"@id\":\"\\\/#organization\",\"name\":\"digiDEM Bayern\",\"url\":\"\\\/\",\"logo\":{\"@type\":\"ImageObject\",\"inLanguage\":\"en-US\",\"@id\":\"\\\/#\\\/schema\\\/logo\\\/image\\\/\",\"url\":\"https:\\\/\\\/digidem-bayern.de\\\/wp-content\\\/uploads\\\/2022\\\/03\\\/cropped-Allgemeines_digiDEMLOGO-removebg-preview.png\",\"contentUrl\":\"https:\\\/\\\/digidem-bayern.de\\\/wp-content\\\/uploads\\\/2022\\\/03\\\/cropped-Allgemeines_digiDEMLOGO-removebg-preview.png\",\"width\":612,\"height\":357,\"caption\":\"digiDEM Bayern\"},\"image\":{\"@id\":\"\\\/#\\\/schema\\\/logo\\\/image\\\/\"},\"sameAs\":[\"https:\\\/\\\/www.facebook.com\\\/digiDEMBayern\\\/\",\"https:\\\/\\\/x.com\\\/digidem_bayern\",\"https:\\\/\\\/www.instagram.com\\\/digidem.bayern\",\"https:\\\/\\\/www.linkedin.com\\\/company\\\/digidem-bayern\\\/\"]}]}<\/script>\n<!-- \/ Yoast SEO plugin. -->","yoast_head_json":{"title":"digiDEM Bayern Demenzbibliothek\u00ae - digiDEM Bayern","description":"digiDEM Bayern zielt darauf ab, die Lebensbedingungen von Menschen mit MCI\/Demenz und deren pflegenden An- und Zugeh\u00f6rigen nachhaltig zu verbessern.","robots":{"index":"index","follow":"follow","max-snippet":"max-snippet:-1","max-image-preview":"max-image-preview:large","max-video-preview":"max-video-preview:-1"},"canonical":"https:\/\/digidem-bayern.de\/en\/digidem-bayern-demenzbibliothek_test\/","og_locale":"en_US","og_type":"article","og_title":"digiDEM Bayern Demenzbibliothek\u00ae - digiDEM Bayern","og_description":"digiDEM Bayern zielt darauf ab, die Lebensbedingungen von Menschen mit MCI\/Demenz und deren pflegenden An- und Zugeh\u00f6rigen nachhaltig zu verbessern.","og_url":"https:\/\/digidem-bayern.de\/en\/digidem-bayern-demenzbibliothek_test\/","og_site_name":"digiDEM Bayern","article_publisher":"https:\/\/www.facebook.com\/digiDEMBayern\/","article_modified_time":"2025-05-30T11:19:22+00:00","og_image":[{"width":1030,"height":947,"url":"https:\/\/digidem-bayern.de\/wp-content\/uploads\/2024\/09\/shutterstock_352335644-Online-Bibliothek-1030x947.png","type":"image\/png"}],"twitter_misc":{"Est. reading time":"1 minute"},"schema":{"@context":"https:\/\/schema.org","@graph":[{"@type":"WebPage","@id":"https:\/\/digidem-bayern.de\/digidem-bayern-demenzbibliothek_test\/","url":"https:\/\/digidem-bayern.de\/digidem-bayern-demenzbibliothek_test\/","name":"digiDEM Bayern Demenzbibliothek\u00ae - digiDEM Bayern","isPartOf":{"@id":"\/#website"},"primaryImageOfPage":{"@id":"https:\/\/digidem-bayern.de\/digidem-bayern-demenzbibliothek_test\/#primaryimage"},"image":{"@id":"https:\/\/digidem-bayern.de\/digidem-bayern-demenzbibliothek_test\/#primaryimage"},"thumbnailUrl":"https:\/\/digidem-bayern.de\/wp-content\/uploads\/2024\/09\/shutterstock_352335644-Online-Bibliothek-1030x947.png","datePublished":"2025-05-30T11:19:21+00:00","dateModified":"2025-05-30T11:19:22+00:00","description":"digiDEM Bayern zielt darauf ab, die Lebensbedingungen von Menschen mit MCI\/Demenz und deren pflegenden An- und Zugeh\u00f6rigen nachhaltig zu verbessern.","breadcrumb":{"@id":"https:\/\/digidem-bayern.de\/digidem-bayern-demenzbibliothek_test\/#breadcrumb"},"inLanguage":"en-US","potentialAction":[{"@type":"ReadAction","target":["https:\/\/digidem-bayern.de\/digidem-bayern-demenzbibliothek_test\/"]}]},{"@type":"ImageObject","inLanguage":"en-US","@id":"https:\/\/digidem-bayern.de\/digidem-bayern-demenzbibliothek_test\/#primaryimage","url":"https:\/\/digidem-bayern.de\/wp-content\/uploads\/2024\/09\/shutterstock_352335644-Online-Bibliothek-1030x947.png","contentUrl":"https:\/\/digidem-bayern.de\/wp-content\/uploads\/2024\/09\/shutterstock_352335644-Online-Bibliothek-1030x947.png"},{"@type":"BreadcrumbList","@id":"https:\/\/digidem-bayern.de\/digidem-bayern-demenzbibliothek_test\/#breadcrumb","itemListElement":[{"@type":"ListItem","position":1,"name":"Startseite","item":"https:\/\/digidem-bayern.de\/"},{"@type":"ListItem","position":2,"name":"digiDEM Bayern Demenzbibliothek\u00ae"}]},{"@type":"WebSite","@id":"\/#website","url":"\/","name":"digiDEM Bavaria","description":"The digital dementia register in Bavaria researches and improves the structure of services for people with dementia and their relatives","publisher":{"@id":"\/#organization"},"potentialAction":[{"@type":"SearchAction","target":{"@type":"EntryPoint","urlTemplate":"\/?s={search_term_string}"},"query-input":{"@type":"PropertyValueSpecification","valueRequired":true,"valueName":"search_term_string"}}],"inLanguage":"en-US"},{"@type":"Organization","@id":"\/#organization","name":"digiDEM Bavaria","url":"\/","logo":{"@type":"ImageObject","inLanguage":"en-US","@id":"\/#\/schema\/logo\/image\/","url":"https:\/\/digidem-bayern.de\/wp-content\/uploads\/2022\/03\/cropped-Allgemeines_digiDEMLOGO-removebg-preview.png","contentUrl":"https:\/\/digidem-bayern.de\/wp-content\/uploads\/2022\/03\/cropped-Allgemeines_digiDEMLOGO-removebg-preview.png","width":612,"height":357,"caption":"digiDEM Bayern"},"image":{"@id":"\/#\/schema\/logo\/image\/"},"sameAs":["https:\/\/www.facebook.com\/digiDEMBayern\/","https:\/\/x.com\/digidem_bayern","https:\/\/www.instagram.com\/digidem.bayern","https:\/\/www.linkedin.com\/company\/digidem-bayern\/"]}]}},"uagb_featured_image_src":{"full":false,"thumbnail":false,"medium":false,"medium_large":false,"large":false,"1536x1536":false,"2048x2048":false,"trp-custom-language-flag":false,"qubely_landscape":false,"qubely_portrait":false,"qubely_thumbnail":false,"post-thumbnail":false,"kahuna-featured":false,"kahuna-featured-lp":false,"kahuna-featured-half":false,"kahuna-featured-third":false,"kahuna-lpbox-1":false,"kahuna-lpbox-2":false,"demand-language-flag":false,"dddkt-language-flag":false,"ddiqc-language-flag":false,"ddtl-language-flag":false,"mailpoet_newsletter_max":false,"kahuna-lpbox-3":false,"kahuna-featured-square":false,"kahuna-featured-square-large":false},"uagb_author_info":{"display_name":"Michael Zeiler","author_link":"https:\/\/digidem-bayern.de\/en\/author\/michael-zeiler\/"},"uagb_comment_info":0,"uagb_excerpt":"Willkommen in unserer digiDEM Bayern Demenzbibliothek\u00ae, Ihrem umfassenden Wissensportal rund um das Thema Demenz. Diese Bibliothek bietet eine vielf\u00e4ltige Wissenssammlung, die speziell darauf ausgerichtet ist, Betroffene, An- und Zugeh\u00f6rige, Fachkr\u00e4fte und Entscheider im Gesundheitswesen, Ehrenamtliche sowie B\u00fcrger zu unterst\u00fctzen. Ob Sie nach wissenschaftlichen Studien oder praxisorientierten Tipps suchen: Hier finden &hellip;","_links":{"self":[{"href":"https:\/\/digidem-bayern.de\/en\/wp-json\/wp\/v2\/pages\/43583","targetHints":{"allow":["GET"]}}],"collection":[{"href":"https:\/\/digidem-bayern.de\/en\/wp-json\/wp\/v2\/pages"}],"about":[{"href":"https:\/\/digidem-bayern.de\/en\/wp-json\/wp\/v2\/types\/page"}],"author":[{"embeddable":true,"href":"https:\/\/digidem-bayern.de\/en\/wp-json\/wp\/v2\/users\/11"}],"replies":[{"embeddable":true,"href":"https:\/\/digidem-bayern.de\/en\/wp-json\/wp\/v2\/comments?post=43583"}],"version-history":[{"count":2,"href":"https:\/\/digidem-bayern.de\/en\/wp-json\/wp\/v2\/pages\/43583\/revisions"}],"predecessor-version":[{"id":43585,"href":"https:\/\/digidem-bayern.de\/en\/wp-json\/wp\/v2\/pages\/43583\/revisions\/43585"}],"wp:attachment":[{"href":"https:\/\/digidem-bayern.de\/en\/wp-json\/wp\/v2\/media?parent=43583"}],"curies":[{"name":"wp","href":"https:\/\/api.w.org\/{rel}","templated":true}]}}