{"id":42371,"date":"2025-03-17T13:55:05","date_gmt":"2025-03-17T12:55:05","guid":{"rendered":"https:\/\/digidem-bayern.de\/?page_id=42371"},"modified":"2025-07-09T15:22:27","modified_gmt":"2025-07-09T13:22:27","slug":"demenz-screening-3","status":"publish","type":"page","link":"https:\/\/digidem-bayern.de\/en\/demenz-screening-3\/","title":{"rendered":"digiDEM Bayern \u2013 Demenz-Screening"},"content":{"rendered":"\n<h5 class=\"wp-block-heading has-text-align-center has-large-font-size\">Anmeldung zum digiDEM Bayern &#8211; Demenz-Screening<\/h5>\n\n\n\n<div style=\"height:30px\" aria-hidden=\"true\" class=\"wp-block-spacer\"><\/div>\n\n\n\n<div class=\"wp-block-media-text is-stacked-on-mobile\" style=\"grid-template-columns:26% auto\"><figure class=\"wp-block-media-text__media\"><img loading=\"lazy\" decoding=\"async\" width=\"1030\" height=\"829\" src=\"https:\/\/digidem-bayern.de\/wp-content\/uploads\/2023\/03\/2022_07_07-26-Screeningtag-Thuengersheim_FotoHoerath-1030x829.jpeg\" alt=\"Das erste regionale Demenz-Bev\u00f6lkerungsscreening stie\u00df auf reges Interesse.\" class=\"wp-image-26973 size-full\" srcset=\"https:\/\/digidem-bayern.de\/wp-content\/uploads\/2023\/03\/2022_07_07-26-Screeningtag-Thuengersheim_FotoHoerath-1030x829.jpeg 1030w, https:\/\/digidem-bayern.de\/wp-content\/uploads\/2023\/03\/2022_07_07-26-Screeningtag-Thuengersheim_FotoHoerath-300x242.jpeg 300w, https:\/\/digidem-bayern.de\/wp-content\/uploads\/2023\/03\/2022_07_07-26-Screeningtag-Thuengersheim_FotoHoerath-768x618.jpeg 768w, https:\/\/digidem-bayern.de\/wp-content\/uploads\/2023\/03\/2022_07_07-26-Screeningtag-Thuengersheim_FotoHoerath-1536x1237.jpeg 1536w, https:\/\/digidem-bayern.de\/wp-content\/uploads\/2023\/03\/2022_07_07-26-Screeningtag-Thuengersheim_FotoHoerath-2048x1649.jpeg 2048w, https:\/\/digidem-bayern.de\/wp-content\/uploads\/2023\/03\/2022_07_07-26-Screeningtag-Thuengersheim_FotoHoerath-435x350.jpeg 435w, https:\/\/digidem-bayern.de\/wp-content\/uploads\/2023\/03\/2022_07_07-26-Screeningtag-Thuengersheim_FotoHoerath-1320x1063.jpeg 1320w, https:\/\/digidem-bayern.de\/wp-content\/uploads\/2023\/03\/2022_07_07-26-Screeningtag-Thuengersheim_FotoHoerath.jpeg 1600w\" sizes=\"auto, (max-width: 1030px) 100vw, 1030px\" \/><\/figure><div class=\"wp-block-media-text__content\">\n<p><span style=\"color: #000000;\" class=\"stk-highlight\">Die digiDEM Bayern Demenz-Screeningtage bieten Ihnen die M\u00f6glichkeit, Ihre Ged\u00e4chtnisleistung kostenlos und unverbindlich in Ihrer N\u00e4he \u00fcberpr\u00fcfen zu lassen. Ein Termin dauert etwa 20 Minuten. Die Screeningtage finden in Zusammenarbeit mit lokalen Akteuren \u00fcber alle sieben Regierungsbezirke verteilt statt. <\/span><\/p>\n\n\n\n<ul class=\"wp-block-list\">\n<li><span style=\"color: #000000;\" class=\"stk-highlight\">Menschen&nbsp;\u00fcber 65 Jahren, die bei sich selbst&nbsp;eine Verschlechterung des Ged\u00e4chtnisses&nbsp;wahrgenommen<\/span><\/li>\n\n\n\n<li>oder bei denen&nbsp;nahestehende Personen&nbsp;ein Nachlassen der&nbsp;geistigen Leistungsf\u00e4higkeit bemerkt haben<\/li>\n<\/ul>\n<\/div><\/div>\n\n\n\n<div style=\"height:5px\" aria-hidden=\"true\" class=\"wp-block-spacer\"><\/div>\n\n\n\n<div class=\"wp-block-stackable-divider stk-block-divider stk-block stk-105956f\" data-block-id=\"105956f\"><hr class=\"stk-block-divider__hr\"\/><\/div>\n\n\n\n<div style=\"height:25px\" aria-hidden=\"true\" class=\"wp-block-spacer\"><\/div>\n\n\n\n<h3 class=\"wp-block-heading has-text-align-center\"><strong>Anstehende Demenz-Screeningtage von digiDEM Bayern<\/strong><\/h3>\n\n\n\n<div class=\"wp-block-group\"><div class=\"wp-block-group__inner-container is-layout-constrained wp-block-group-is-layout-constrained\">\n<figure class=\"wp-block-table is-style-regular\"><table><thead><tr><th>Datum<\/th><th>Ort<\/th><th>Anmeldung bei:<\/th><\/tr><\/thead><tbody><tr><td>Samstag, der 12.07.2025<\/td><td>\u00d6kumenische Sozialstation Sulzbach-Rosenberg gGmbH<br><strong>Hofgartenstr. 10<br>92237 Sulzbach-Rosenberg<\/strong><\/td><td>digiDEM Bayern Team<br>Tel.: 0162 2463579<br>E-Mail: screeningtag@digidem-bayern.de<\/td><\/tr><tr><td>Montag, der 14.07.2025<\/td><td>Alte Realschule<br><strong>Schulplatz 4<br>95478 Kemnath<\/strong><\/td><td>LebenPlus Stadt Kemnath (Frau Stefanie Baier &amp; Frau Carina Schreglmann)<br>Tel.: 09642 9158210<br>E-Mail: kemnath@meinlebenplus.de<\/td><\/tr><tr><td>Mittwoch, der 23.07.2025<\/td><td>Pflegest\u00fctzpunkt Erlangen-H\u00f6chstadt<br><strong>Ohmstra\u00dfe 2<br>91074 Herzogenaurach<\/strong><\/td><td>Pflegest\u00fctzpunkt Erlangen-H\u00f6chstadt (Frau Lisa Neubert )<br>Tel.: 09132 7538950 (Telefonzeiten: Dienstag, 15.07., 12-14 Uhr\u00a0\/\u00a0Donnerstag, 17.07., 09-11 Uhr \/ Montag, 21.07., 11-13 Uhr)<br>E-Mail: screeningtag@digidem-bayern.de<\/td><\/tr><tr><td>Mittwoch, der 30.07.2025<\/td><td>Landratsamt Neustadt a.d. Waldnaab<br><strong>Stadtplatz 38 (Eingang Neues Schloss)<br>92662 Neustadt a.d. Waldnaab<\/strong><\/td><td>GesundheitsregionPlus Nordoberpfalz (Frau Daniela Peintinger)<br>Tel.: 09602 796300<br>Seniorenbeauftragter LK Neustadt a.d. Waldnaab (Herr Bernd Lober)<br>Tel.: 09602 796310<br>E-Mail: info@grplus-nopf.de<\/td><\/tr><\/tbody><\/table><\/figure>\n\n\n\n<div style=\"height:29px\" aria-hidden=\"true\" class=\"wp-block-spacer\"><\/div>\n\n\n\n<h3 class=\"wp-block-heading has-text-align-center\">Anfrage f\u00fcr digiDEM Bayern &#8211; Demenz-Screeningtag<\/h3>\n\n\n\n<h2 class=\"wp-block-heading\">Sie m\u00f6chten einen digiDEM Bayern-Demenz-Screeningtag durchf\u00fchren?<\/h2>\n\n\n\n<p>Bei den digiDEM Bayern-Demenz-Screeningtagen haben B\u00fcrgerinnen und B\u00fcrger in Bayern die M\u00f6glichkeit,&nbsp;ihre Ged\u00e4chtnisleistung kostenfrei und mit Hilfe eines wissenschaftlichen Kurztests \u00fcberpr\u00fcfen zu lassen.<\/p>\n\n\n\n<p>Das Testangebot richtet sich hierbei an&nbsp;Menschen&nbsp;ab&nbsp;65 Jahren, die bei sich selbst&nbsp;eine Verschlechterung des Ged\u00e4chtnisses&nbsp;wahrgenommen&nbsp;oder bei denen&nbsp;nahestehende Personen&nbsp;ein Nachlassen der&nbsp;geistigen Leistungsf\u00e4higkeit&nbsp;bemerkt&nbsp;haben.<\/p>\n\n\n\n<p><strong>Wenn Sie als unser Kooperationspartner gemeinsam mit uns einen Screeningtag durchf\u00fchren m\u00f6chten, begleiten wir Sie gerne und unterst\u00fctzen Sie von den ersten Planungen bis hin zur Veranstaltung selbst.<\/strong>&nbsp;<strong>Bei Fragen stehen wir Ihnen jederzeit zur Verf\u00fcgung.<\/strong><\/p>\n\n\n<div class=\"caldera-grid\" id=\"caldera_form_1\" data-cf-ver=\"1.9.7\" data-cf-form-id=\"CF683e9d3288943\"><div id=\"caldera_notices_1\" data-spinner=\"https:\/\/digidem-bayern.de\/wp-admin\/images\/spinner.gif\"><\/div><form data-instance=\"1\" class=\"CF683e9d3288943 caldera_forms_form cfajax-trigger\" method=\"POST\" enctype=\"multipart\/form-data\" id=\"CF683e9d3288943_1\" data-form-id=\"CF683e9d3288943\" aria-label=\"Anfrage Screeningtag\" data-target=\"#caldera_notices_1\" data-template=\"#cfajax_CF683e9d3288943-tmpl\" data-cfajax=\"CF683e9d3288943\" data-load-element=\"_parent\" data-load-class=\"cf_processing\" data-post-disable=\"0\" data-action=\"cf_process_ajax_submit\" data-request=\"https:\/\/digidem-bayern.de\/en\/cf-api\/CF683e9d3288943\" data-hiderows=\"true\">\r\n<input type=\"hidden\" id=\"_cf_verify_CF683e9d3288943\" name=\"_cf_verify\" value=\"2f8cc01023\"  data-nonce-time=\"1777651237\" \/><input type=\"hidden\" name=\"_wp_http_referer\" value=\"\/en\/wp-json\/wp\/v2\/pages\/42371\" \/><div id=\"cf2-CF683e9d3288943_1\"><\/div><input type=\"hidden\" name=\"_cf_frm_id\" value=\"CF683e9d3288943\">\r\n<input type=\"hidden\" name=\"_cf_frm_ct\" value=\"1\">\r\n<input type=\"hidden\" name=\"cfajax\" value=\"CF683e9d3288943\">\r\n<input type=\"hidden\" name=\"_cf_cr_pst\" value=\"42371\">\r\n<div class=\"hide\" style=\"display:none; overflow:hidden;height:0;width:0;\">\r\n<label>Company<\/label><input type=\"text\" name=\"company\" value=\"\" autocomplete=\"off\">\r\n<\/div><div id=\"CF683e9d3288943_1-row-1\"  class=\"row  first_row\"><div  class=\"col-md-12  single\"><input    type=\"hidden\" data-field=\"fld_1966581\" class=\" form-control\" id=\"fld_1966581_1\" name=\"fld_1966581\" value=\"\" data-type=\"hidden\"   ><div class=\"\"><h6><b>Angaben zu Ihnen und Ihrer Einrichtung:<\/b><\/h6><\/p>\n<\/div><\/div><\/div><div id=\"CF683e9d3288943_1-row-2\"  class=\"row \"><div  class=\"col-md-3  first_col\"><\/div><div  class=\"col-md-6 \"><div data-field-wrapper=\"fld_9469890\" class=\"form-group\" id=\"fld_9469890_1-wrap\">\r\n\t<label id=\"fld_9469890Label\" for=\"fld_9469890_1\" class=\"control-label\">Ansprechpartner (Vorname, Nachname) <span aria-hidden=\"true\" role=\"presentation\" class=\"field_required\" style=\"color:#ee0000;\">*<\/span><\/label>\r\n\t<div class=\"\">\r\n\t\t<input   required type=\"text\" data-field=\"fld_9469890\" class=\" form-control\" id=\"fld_9469890_1\" name=\"fld_9469890\" value=\"\" data-type=\"text\" aria-required=\"true\"   aria-labelledby=\"fld_9469890Label\" >\t\t\t<\/div>\r\n<\/div>\r\n<div data-field-wrapper=\"fld_7975698\" class=\"form-group\" id=\"fld_7975698_1-wrap\">\r\n\t<label id=\"fld_7975698Label\" for=\"fld_7975698_1\" class=\"control-label\">E-Mail <span aria-hidden=\"true\" role=\"presentation\" class=\"field_required\" style=\"color:#ee0000;\">*<\/span><\/label>\r\n\t<div class=\"\">\r\n\t\t<input   required type=\"email\" data-field=\"fld_7975698\" class=\" form-control\" id=\"fld_7975698_1\" name=\"fld_7975698\" value=\"\" data-type=\"email\" aria-required=\"true\"   aria-labelledby=\"fld_7975698Label\" >\t\t\t<\/div>\r\n<\/div>\r\n<div data-field-wrapper=\"fld_2608803\" class=\"form-group\" id=\"fld_2608803_1-wrap\">\r\n\t<label id=\"fld_2608803Label\" for=\"fld_2608803_1\" class=\"control-label\">Telefonnummer (Festnetz oder Mobiltelefon) <span aria-hidden=\"true\" role=\"presentation\" class=\"field_required\" style=\"color:#ee0000;\">*<\/span><\/label>\r\n\t<div class=\"\">\r\n\t\t<input   required type=\"text\" data-field=\"fld_2608803\" class=\" form-control\" id=\"fld_2608803_1\" name=\"fld_2608803\" value=\"\" data-type=\"text\" aria-required=\"true\"   aria-labelledby=\"fld_2608803Label\" >\t\t\t<\/div>\r\n<\/div>\r\n<div data-field-wrapper=\"fld_4999313\" class=\"form-group\" id=\"fld_4999313_1-wrap\">\r\n\t<label id=\"fld_4999313Label\" for=\"fld_4999313_1\" class=\"control-label\">Einrichtungsname <span aria-hidden=\"true\" role=\"presentation\" class=\"field_required\" style=\"color:#ee0000;\">*<\/span><\/label>\r\n\t<div class=\"\">\r\n\t\t<input   required type=\"text\" data-field=\"fld_4999313\" class=\" form-control\" id=\"fld_4999313_1\" name=\"fld_4999313\" value=\"\" data-type=\"text\" aria-required=\"true\"   aria-labelledby=\"fld_4999313Label\" >\t\t\t<\/div>\r\n<\/div>\r\n<div data-field-wrapper=\"fld_1990041\" class=\"form-group\" id=\"fld_1990041_1-wrap\">\r\n\t<label id=\"fld_1990041Label\" for=\"fld_1990041_1\" class=\"control-label\">Adresse <span aria-hidden=\"true\" role=\"presentation\" class=\"field_required\" style=\"color:#ee0000;\">*<\/span><\/label>\r\n\t<div class=\"\">\r\n\t\t<input   required type=\"text\" data-field=\"fld_1990041\" class=\" form-control\" id=\"fld_1990041_1\" name=\"fld_1990041\" value=\"\" data-type=\"text\" aria-required=\"true\"   aria-labelledby=\"fld_1990041Label\" >\t\t\t<\/div>\r\n<\/div>\r\n<div data-field-wrapper=\"fld_9378914\" class=\"form-group\" id=\"fld_9378914_1-wrap\">\r\n\t<label id=\"fld_9378914Label\" for=\"fld_9378914_1\" class=\"control-label\">Postleitzahl <span aria-hidden=\"true\" role=\"presentation\" class=\"field_required\" style=\"color:#ee0000;\">*<\/span><\/label>\r\n\t<div class=\"\">\r\n\t\t<input   required type=\"text\" data-field=\"fld_9378914\" class=\" form-control\" id=\"fld_9378914_1\" name=\"fld_9378914\" value=\"\" data-type=\"text\" aria-required=\"true\"   aria-labelledby=\"fld_9378914Label\" >\t\t\t<\/div>\r\n<\/div>\r\n<div data-field-wrapper=\"fld_643514\" class=\"form-group\" id=\"fld_643514_1-wrap\">\r\n\t<label id=\"fld_643514Label\" for=\"fld_643514_1\" class=\"control-label\">Ort <span aria-hidden=\"true\" role=\"presentation\" class=\"field_required\" style=\"color:#ee0000;\">*<\/span><\/label>\r\n\t<div class=\"\">\r\n\t\t<input   required type=\"text\" data-field=\"fld_643514\" class=\" form-control\" id=\"fld_643514_1\" name=\"fld_643514\" value=\"\" data-type=\"text\" aria-required=\"true\"   aria-labelledby=\"fld_643514Label\" >\t\t\t<\/div>\r\n<\/div>\r\n<div data-field-wrapper=\"fld_5017593\" class=\"form-group\" id=\"fld_5017593_1-wrap\">\r\n\t<label id=\"fld_5017593Label\" for=\"fld_5017593_1\" class=\"control-label\">Regierungsbezirk <span aria-hidden=\"true\" role=\"presentation\" class=\"field_required\" style=\"color:#ee0000;\">*<\/span><\/label>\r\n\t<div class=\"\">\r\n\t\t<select name=\"fld_5017593\" value=\"\" data-field=\"fld_5017593\" class=\"form-control\" id=\"fld_5017593_1\"  required=\"required\"  aria-labelledby=\"fld_5017593Label\" >\n\t\t<option value=\"\"><\/option>\r\n\t\t\t\t\t<option value=\"Mittelfranken\"  data-calc-value=\"Mittelfranken\" >\n\t\t\t\t\t\tMittelfranken\t\t\t\t\t<\/option>\n\t\t\t\t\t\t\t\t\t\t<option value=\"Niederbayern\"  data-calc-value=\"Niederbayern\" >\n\t\t\t\t\t\tNiederbayern\t\t\t\t\t<\/option>\n\t\t\t\t\t\t\t\t\t\t<option value=\"Oberbayern\"  data-calc-value=\"Oberbayern\" >\n\t\t\t\t\t\tOberbayern\t\t\t\t\t<\/option>\n\t\t\t\t\t\t\t\t\t\t<option value=\"Oberfranken\"  data-calc-value=\"Oberfranken\" >\n\t\t\t\t\t\tOberfranken\t\t\t\t\t<\/option>\n\t\t\t\t\t\t\t\t\t\t<option value=\"Oberpfalz\"  data-calc-value=\"Oberpfalz\" >\n\t\t\t\t\t\tOberpfalz\t\t\t\t\t<\/option>\n\t\t\t\t\t\t\t\t\t\t<option value=\"Schwaben\"  data-calc-value=\"Schwaben\" >\n\t\t\t\t\t\tSchwaben\t\t\t\t\t<\/option>\n\t\t\t\t\t\t\t\t\t\t<option value=\"Unterfranken\"  data-calc-value=\"Unterfranken\" >\n\t\t\t\t\t\tUnterfranken\t\t\t\t\t<\/option>\n\t\t\t\t\t\t\t<\/select>\n\t\t\t<\/div>\r\n<\/div>\r\n<div data-field-wrapper=\"fld_5459896\" class=\"form-group\" id=\"fld_5459896_1-wrap\">\r\n<label id=\"fld_5459896Label\" for=\"fld_5459896_1\" class=\"control-label\">Sind Sie bereits digiDEM Bayern-Forschungspartner? <span aria-hidden=\"true\" role=\"presentation\" class=\"field_required\" style=\"color:#ee0000;\">*<\/span><\/label>\r\n<div class=\"\">\r\n\t\t\t\t\t<div class=\"radio\">\n\t\t\t\t<label data-label=\"Ja\" for=\"fld_5459896_1_opt2089234\"><input type=\"radio\" id=\"fld_5459896_1_opt2089234\" data-field=\"fld_5459896\" class=\"fld_5459896_1 option-required\" name=\"fld_5459896\" value=\"Ja\"   required=\"required\" data-radio-field=\"fld_5459896_1\" data-type=\"radio\" data-calc-value=\"Ja\" \/>\n\t\t\tJa\t\t<\/label>\n\t\t\t\t\t<\/div>\n\t\t\t\t\t\t\t\t\t<div class=\"radio\">\n\t\t\t\t<label data-label=\"Nein\" for=\"fld_5459896_1_opt1086062\"><input type=\"radio\" id=\"fld_5459896_1_opt1086062\" data-field=\"fld_5459896\" class=\"fld_5459896_1 option-required\" name=\"fld_5459896\" value=\"Nein\"   required=\"required\" data-radio-field=\"fld_5459896_1\" data-type=\"radio\" data-calc-value=\"Nein\" \/>\n\t\t\tNein\t\t<\/label>\n\t\t\t\t\t<\/div>\n\t\t\t\t<\/div>\r\n<\/div>\r\n<span class=\"caldera-forms-conditional-field\" role=\"region\" aria-live=\"polite\" id=\"conditional_fld_4471024_1\" data-field-id=\"fld_4471024_1\"><\/span><\/div><div  class=\"col-md-3  last_col\"><\/div><\/div><div id=\"CF683e9d3288943_1-row-3\"  class=\"row \"><div  class=\"col-md-3  first_col\"><\/div><div  class=\"col-md-6 \"><div data-field-wrapper=\"fld_9511351\" class=\"form-group\" id=\"fld_9511351_1-wrap\">\r\n<label id=\"fld_9511351Label\" for=\"fld_9511351_1\" class=\"control-label\">Haben Sie in schon einmal einen digiDEM Bayern-Demenz-Screeningtag durchgef\u00fchrt? <span aria-hidden=\"true\" role=\"presentation\" class=\"field_required\" style=\"color:#ee0000;\">*<\/span><\/label>\r\n<div class=\"\">\r\n\t\t\t\t\t<div class=\"radio\">\n\t\t\t\t<label data-label=\"Ja\" for=\"fld_9511351_1_opt1225449\"><input type=\"radio\" id=\"fld_9511351_1_opt1225449\" data-field=\"fld_9511351\" class=\"fld_9511351_1 option-required\" name=\"fld_9511351\" value=\"Ja\"   required=\"required\" data-radio-field=\"fld_9511351_1\" data-type=\"radio\" data-calc-value=\"Ja\" \/>\n\t\t\tJa\t\t<\/label>\n\t\t\t\t\t<\/div>\n\t\t\t\t\t\t\t\t\t<div class=\"radio\">\n\t\t\t\t<label data-label=\"Nein\" for=\"fld_9511351_1_opt1068992\"><input type=\"radio\" id=\"fld_9511351_1_opt1068992\" data-field=\"fld_9511351\" class=\"fld_9511351_1 option-required\" name=\"fld_9511351\" value=\"Nein\"   required=\"required\" data-radio-field=\"fld_9511351_1\" data-type=\"radio\" data-calc-value=\"Nein\" \/>\n\t\t\tNein\t\t<\/label>\n\t\t\t\t\t<\/div>\n\t\t\t\t<\/div>\r\n<\/div>\r\n<span class=\"caldera-forms-conditional-field\" role=\"region\" aria-live=\"polite\" id=\"conditional_fld_6978944_1\" data-field-id=\"fld_6978944_1\"><\/span>\n<div data-field-wrapper=\"fld_611543\" class=\"form-group\" id=\"fld_611543_1-wrap\">\r\n\t<label id=\"fld_611543Label\" for=\"fld_611543_1\" class=\"control-label\">Gew\u00fcnschtes Datum des Screeningtags:<\/label>\r\n\t<div class=\"\">\r\n\t\t<input  type=\"text\" data-provide=\"cfdatepicker\" name=\"fld_611543\" value=\"\" id=\"fld_611543_1\" data-field=\"fld_611543\" class=\"form-control cfdatepicker is-cfdatepicker\" data-date-format=\"yyyy-mm-dd\" data-date-start-view=\"month\" data-date-language=\"de\"   aria-labelledby=\"fld_611543Label\" aria-describedby=\"fld_611543Caption\"   \/>\n\t\t<span id=\"fld_611543Caption\" class=\"help-block\">Falls Sie kein konkretes Datum w\u00fcnschen, bitte Zeitraum im Kommentarfeld angeben<\/span>\r\n\t<\/div>\r\n<\/div>\r\n<div data-field-wrapper=\"fld_6597734\" class=\"form-group\" id=\"fld_6597734_1-wrap\">\r\n\t<label id=\"fld_6597734Label\" for=\"fld_6597734_1\" class=\"control-label\">Gew\u00fcnschter Zeitraum inklusive Jahreszahl (z.B. w\u00e4hrend der Bayerische Demenzwoche, 3. Quartal, zwischen September und Oktober)<\/label>\r\n\t<div class=\"\">\r\n\t\t<input    type=\"text\" data-field=\"fld_6597734\" class=\" form-control\" id=\"fld_6597734_1\" name=\"fld_6597734\" value=\"\" data-type=\"text\"   aria-labelledby=\"fld_6597734Label\" >\t\t\t<\/div>\r\n<\/div>\r\n<div data-field-wrapper=\"fld_6764089\" class=\"form-group\" id=\"fld_6764089_1-wrap\">\r\n<label id=\"fld_6764089Label\" for=\"fld_6764089_1\" class=\"control-label\">Wo soll der digiDEM Bayern Screeningtag stattfinden?<\/label>\r\n<div class=\"\">\r\n\t\t\t\t\t<div class=\"radio\">\n\t\t\t\t<label data-label=\"in der oben genannten Einrichtung\" for=\"fld_6764089_1_opt1141443\"><input type=\"radio\" id=\"fld_6764089_1_opt1141443\" data-field=\"fld_6764089\" class=\"fld_6764089_1\" name=\"fld_6764089\" value=\"in der oben genannten Einrichtung\"    data-radio-field=\"fld_6764089_1\" data-type=\"radio\" data-calc-value=\"in der oben genannten Einrichtung\" \/>\n\t\t\tin der oben genannten Einrichtung\t\t<\/label>\n\t\t\t\t\t<\/div>\n\t\t\t\t\t\t\t\t\t<div class=\"radio\">\n\t\t\t\t<label data-label=\"andere Einrichtung\" for=\"fld_6764089_1_opt1206049\"><input type=\"radio\" id=\"fld_6764089_1_opt1206049\" data-field=\"fld_6764089\" class=\"fld_6764089_1\" name=\"fld_6764089\" value=\"andere Einrichtung\"    data-radio-field=\"fld_6764089_1\" data-type=\"radio\" data-calc-value=\"andere Einrichtung\" \/>\n\t\t\tandere Einrichtung\t\t<\/label>\n\t\t\t\t\t<\/div>\n\t\t\t\t<\/div>\r\n<\/div>\r\n<span class=\"caldera-forms-conditional-field\" role=\"region\" aria-live=\"polite\" id=\"conditional_fld_1729306_1\" data-field-id=\"fld_1729306_1\"><\/span><span class=\"caldera-forms-conditional-field\" role=\"region\" aria-live=\"polite\" id=\"conditional_fld_8264130_1\" data-field-id=\"fld_8264130_1\"><\/span><span class=\"caldera-forms-conditional-field\" role=\"region\" aria-live=\"polite\" id=\"conditional_fld_9340609_1\" data-field-id=\"fld_9340609_1\"><\/span><span class=\"caldera-forms-conditional-field\" role=\"region\" aria-live=\"polite\" id=\"conditional_fld_239586_1\" data-field-id=\"fld_239586_1\"><\/span><span class=\"caldera-forms-conditional-field\" role=\"region\" aria-live=\"polite\" id=\"conditional_fld_9121709_1\" data-field-id=\"fld_9121709_1\"><\/span><div data-field-wrapper=\"fld_5181291\" class=\"form-group\" id=\"fld_5181291_1-wrap\">\r\n\t<label id=\"fld_5181291Label\" for=\"fld_5181291_1\" class=\"control-label\">Anzahl der verf\u00fcgbaren Screeningpl\u00e4tze\/ R\u00e4ume:<\/label>\r\n\t<div class=\"\">\r\n\t\t<div style=\"position: relative;\" class=\"row\">\n\t\t\t<div class=\"col-xs-8\" style=\"margin: 8px 0px;\">\t\t\t\t<input type=\"range\" name=\"fld_5181291\" value=\"1\" data-field=\"fld_5181291\" class=\"form-control\" id=\"fld_5181291_1\" data-handle=\"#ffffff\" min=\"1\" max=\"10\" step=\"1\"   >\n\t\t\t<\/div>\n\t\t\t<div class=\"col-xs-4\"><span id=\"fld_5181291_1_value\">1<\/span><\/div>\t\t<\/div>\n\t\t<span id=\"fld_5181291Caption\" class=\"help-block\">F\u00fcr jeden Screeningplatz wird ein kleiner abgeschlossener Raum mit Tisch und zwei St\u00fchlen ben\u00f6tigt. Alternativ k\u00f6nnen mehrere Screeningpl\u00e4tze in gro\u00dfen SItzungss\u00e4len genutzt werden.<\/span>\r\n\t<\/div>\r\n<\/div>\r\n<div data-field-wrapper=\"fld_472037\" class=\"form-group\" id=\"fld_472037_1-wrap\">\r\n\t<label id=\"fld_472037Label\" for=\"fld_472037_1\" class=\"control-label\">Besonderheiten<\/label>\r\n\t<div class=\"\">\r\n\t\t<textarea name=\"fld_472037\" value=\"\" data-field=\"fld_472037\" class=\"form-control\" id=\"fld_472037_1\" rows=\"4\"    aria-labelledby=\"fld_472037Label\" aria-describedby=\"fld_472037Caption\" ><\/textarea>\n\t\t<span id=\"fld_472037Caption\" class=\"help-block\">R\u00e4umlichkeiten, Parkplatzsituation, Barrierefreiheit, usw.<\/span>\r\n\t<\/div>\r\n<\/div>\r\n<div data-field-wrapper=\"fld_6497629\" class=\"form-group\" id=\"fld_6497629_1-wrap\">\r\n<label id=\"fld_6497629Label\" for=\"fld_6497629_1\" class=\"control-label\">W\u00fcnschen Sie eine \u00f6ffentlichkeitswirksame Bewerbung des Screeningtags \u00fcber digiDEM Bayern (z.B. Erstellung einer Pressemitteilung und Presseversand an lokale Medien)<\/label>\r\n<div class=\"\">\r\n\t\t\t\t\t<div class=\"radio\">\n\t\t\t\t<label data-label=\"Ja\" for=\"fld_6497629_1_opt1856728\"><input type=\"radio\" id=\"fld_6497629_1_opt1856728\" data-field=\"fld_6497629\" class=\"fld_6497629_1\" name=\"fld_6497629\" value=\"Ja\"    data-radio-field=\"fld_6497629_1\" data-type=\"radio\" data-calc-value=\"Ja\" \/>\n\t\t\tJa\t\t<\/label>\n\t\t\t\t\t<\/div>\n\t\t\t\t\t\t\t\t\t<div class=\"radio\">\n\t\t\t\t<label data-label=\"Nein\" for=\"fld_6497629_1_opt1460102\"><input type=\"radio\" id=\"fld_6497629_1_opt1460102\" data-field=\"fld_6497629\" class=\"fld_6497629_1\" name=\"fld_6497629\" value=\"Nein\"    data-radio-field=\"fld_6497629_1\" data-type=\"radio\" data-calc-value=\"Nein\" \/>\n\t\t\tNein\t\t<\/label>\n\t\t\t\t\t<\/div>\n\t\t\t\t\t\t\t\t\t<div class=\"radio\">\n\t\t\t\t<label data-label=\"noch offen\" for=\"fld_6497629_1_opt1533541\"><input type=\"radio\" id=\"fld_6497629_1_opt1533541\" data-field=\"fld_6497629\" class=\"fld_6497629_1\" name=\"fld_6497629\" value=\"noch offen\"    data-radio-field=\"fld_6497629_1\" data-type=\"radio\" data-calc-value=\"noch offen\" \/>\n\t\t\tnoch offen\t\t<\/label>\n\t\t\t\t\t<\/div>\n\t\t\t\t<\/div>\r\n<\/div>\r\n<div data-field-wrapper=\"fld_5285332\" class=\"form-group\" id=\"fld_5285332_1-wrap\">\r\n<label id=\"fld_5285332Label\" for=\"fld_5285332_1\" class=\"control-label\">W\u00fcnschen Sie eine Online-Schulung zur selbstst\u00e4ndigen Durchf\u00fchrung von Screening-Testungen f\u00fcr Sie oder weitere Mitarbeitende?<\/label>\r\n<div class=\"\">\r\n\t\t\t\t\t<div class=\"radio\">\n\t\t\t\t<label data-label=\"Ja\" for=\"fld_5285332_1_opt1388727\"><input type=\"radio\" id=\"fld_5285332_1_opt1388727\" data-field=\"fld_5285332\" class=\"fld_5285332_1\" name=\"fld_5285332\" value=\"Ja\"    data-radio-field=\"fld_5285332_1\" data-type=\"radio\" data-calc-value=\"Ja\" \/>\n\t\t\tJa\t\t<\/label>\n\t\t\t\t\t<\/div>\n\t\t\t\t\t\t\t\t\t<div class=\"radio\">\n\t\t\t\t<label data-label=\"Nein\" for=\"fld_5285332_1_opt2091869\"><input type=\"radio\" id=\"fld_5285332_1_opt2091869\" data-field=\"fld_5285332\" class=\"fld_5285332_1\" name=\"fld_5285332\" value=\"Nein\"    data-radio-field=\"fld_5285332_1\" data-type=\"radio\" data-calc-value=\"Nein\" \/>\n\t\t\tNein\t\t<\/label>\n\t\t\t\t\t<\/div>\n\t\t\t\t<span id=\"fld_5285332Caption\" class=\"help-block\">Wenn Sie oder Mitarbeitende durch das digiDEM Bayern-Team geschult wurden, k\u00f6nnen Sie den Screeningtag auch selbst\u00e4ndig, ohne personelle Unterst\u00fctzung von digiDEM Bayern durchf\u00fchren.<\/span>\r\n<\/div>\r\n<\/div>\r\n<span class=\"caldera-forms-conditional-field\" role=\"region\" aria-live=\"polite\" id=\"conditional_fld_8944018_1\" data-field-id=\"fld_8944018_1\"><\/span><\/div><div  class=\"col-md-3  last_col\"><\/div><\/div><div id=\"CF683e9d3288943_1-row-4\"  class=\"row \"><div  class=\"col-md-12  single\"><div class=\"\"><p><font color=#ffffff>.<\/font><br \/><\/p>\n<\/div><div class=\"\"><p><h6><b>Rekontaktierung und Datenschutzerkl\u00e4rung<\/b><\/h6><\/p>\n<\/div><div data-field-wrapper=\"fld_344224\" class=\"form-group\" id=\"fld_344224_1-wrap\">\r\n\t<label id=\"fld_344224Label\" for=\"fld_344224_1\" class=\"control-label screen-reader-text sr-only\">rekontaktierung<\/label>\r\n\t<div class=\"\">\r\n\t\t\t\t\t\t\t\t\t\t\t<div class=\"checkbox\">\n\t\t\t\t\n                <label                         for=\"fld_344224_1_opt1197856\"\n                >\n                            <input\n                                data-parsley-required=\"true\" data-parsley-group=\"fld_344224_1\" data-parsley-multiple=\"fld_344224_1\"                                type=\"checkbox\"\n                                data-label=\"&lt;b&gt;&nbsp;&nbsp;Ich bin damit einverstanden per E-Mail von digiDEM Bayern rekontaktiert zu werden.&lt;\/b&gt; &lt;font color=red&gt;*&lt;\/font&gt;\"\n                                data-field=\"fld_344224\"\n                                id=\"fld_344224_1_opt1197856\"\n                                class=\"fld_344224_1 option-required\"\n                                name=\"fld_344224[opt1197856]\"\n                                value=\"&lt;b&gt;&nbsp;&nbsp;Ich bin damit einverstanden per E-Mail von digiDEM Bayern rekontaktiert zu werden.&lt;\/b&gt; &lt;font color=red&gt;*&lt;\/font&gt;\"\n                                                                data-type=\"checkbox\"\n                                data-checkbox-field=\"fld_344224_1\"\n                                                                data-calc-value=\"&lt;b&gt;&nbsp;&nbsp;Ich bin damit einverstanden per E-Mail von digiDEM Bayern rekontaktiert zu werden.&lt;\/b&gt; &lt;font color=red&gt;*&lt;\/font&gt;\"\n                            >\n                    <b>&nbsp;&nbsp;Ich bin damit einverstanden per E-Mail von digiDEM Bayern rekontaktiert zu werden.<\/b> <font color=red>*<\/font>                <\/label>\n\n                \t\t\t\t\t<\/div>\n\t\t\t\t\t\t\t\t\t\t\t<\/div>\r\n<\/div>\r\n<div data-field-wrapper=\"fld_6387993\" class=\"form-group koop_radio\" id=\"fld_6387993_1-wrap\">\r\n<div class=\"\">\r\n\n<div class=\"checkbox-inline caldera-forms-consent-field\">\n    <input data-parsley-required=\"true\" data-parsley-group=\"fld_6387993_1\" data-parsley-multiple=\"fld_6387993_1\"        type=\"checkbox\" data-label=\"Bitte lesen und akzeptieren Sie die Datenschutz\u00aderkl\u00e4rung:\"\n        data-field=\"fld_6387993\"\n        id=\"fld_6387993_1\"\n        class=\"fld_6387993_1 option-required\"\n        name=\"fld_6387993\"\n        value=\"1\"\n        data-type=\"checkbox\"\n        data-checkbox-field=\"fld_6387993_1\"\n    >\n    <label for=\"fld_6387993_1\"\n           class=\"caldera-forms-gdpr-field-label\"\n           style=\"display:inline; margin-left: 0.5rem;\"\n    >\n                <p\n            class=\"caldera-forms-consent-field-agreement\"\n        >\n            Bitte lesen und akzeptieren Sie die Datenschutz\u00aderkl\u00e4rung.        <\/p>\n        <a href=\"https:\/\/digidem-bayern.de\/en\/datenschutz\/\"\n           target=\"_blank\"\n                title=\"Privacy Policy Page\"\n            class=\"caldera-forms-consent-field-linked_text\"\n            >\n            https:\/\/digidem-bayern.de\/datenschutz\/        <\/a>\n    <\/label>\n    <span style=\"color:#ff0000;\">*<\/span>\n<\/div>\n\n<\/div>\r\n<\/div>\r\n<\/div><\/div><div id=\"CF683e9d3288943_1-row-5\"  class=\"row  last_row\"><div  class=\"col-md-12  single\"><div data-field-wrapper=\"fld_7908577\" class=\"form-group\" id=\"fld_7908577_1-wrap\">\r\n<div class=\"\">\r\n\t<input  class=\"btn btn-default\" type=\"submit\" name=\"fld_7908577\" id=\"fld_7908577_1\" value=\"Abschicken\" data-field=\"fld_7908577\"  >\n<\/div>\r\n<\/div>\r\n\t<input class=\"button_trigger_1\" type=\"hidden\" name=\"fld_7908577\" id=\"fld_7908577_1_btn\" value=\"\" data-field=\"fld_7908577\"  \/>\n<\/div><\/div><\/form>\r\n<\/div>\r\n<script type=\"text\/javascript\">\r\nif( typeof caldera_conditionals === \"undefined\" ){ var caldera_conditionals = {}; }caldera_conditionals.CF683e9d3288943_1 = {\"fld_4471024_1\":{\"type\":\"show\",\"group\":{\"rw_dhtqwklkuc\":{\"cl_zeplyefi\":{\"id\":\"cl_zeplyefi\",\"field\":\"fld_5459896\",\"value\":\"Nein\",\"compare\":\"is\",\"parent\":\"rw_dhtqwklkuc\",\"label\":\"Nein\"}}}},\"fld_6978944_1\":{\"type\":\"show\",\"group\":{\"rw_grcehvs\":{\"cl_ahcwquhap\":{\"id\":\"cl_ahcwquhap\",\"field\":\"fld_9511351\",\"value\":\"Ja\",\"compare\":\"is\",\"parent\":\"rw_grcehvs\",\"label\":\"Ja\"}}}},\"fld_1729306_1\":{\"type\":\"show\",\"group\":{\"rw_zkfxh\":{\"cl_bzhwrrwjqp\":{\"id\":\"cl_bzhwrrwjqp\",\"field\":\"fld_6764089\",\"value\":\"andere Einrichtung\",\"compare\":\"is\",\"parent\":\"rw_zkfxh\",\"label\":\"andere Einrichtung\"}}}},\"fld_8264130_1\":{\"type\":\"show\",\"group\":{\"rw_zkfxh\":{\"cl_bzhwrrwjqp\":{\"id\":\"cl_bzhwrrwjqp\",\"field\":\"fld_6764089\",\"value\":\"andere Einrichtung\",\"compare\":\"is\",\"parent\":\"rw_zkfxh\",\"label\":\"andere Einrichtung\"}}}},\"fld_9340609_1\":{\"type\":\"show\",\"group\":{\"rw_zkfxh\":{\"cl_bzhwrrwjqp\":{\"id\":\"cl_bzhwrrwjqp\",\"field\":\"fld_6764089\",\"value\":\"andere Einrichtung\",\"compare\":\"is\",\"parent\":\"rw_zkfxh\",\"label\":\"andere Einrichtung\"}}}},\"fld_239586_1\":{\"type\":\"show\",\"group\":{\"rw_zkfxh\":{\"cl_bzhwrrwjqp\":{\"id\":\"cl_bzhwrrwjqp\",\"field\":\"fld_6764089\",\"value\":\"andere Einrichtung\",\"compare\":\"is\",\"parent\":\"rw_zkfxh\",\"label\":\"andere Einrichtung\"}}}},\"fld_9121709_1\":{\"type\":\"show\",\"group\":{\"rw_zkfxh\":{\"cl_bzhwrrwjqp\":{\"id\":\"cl_bzhwrrwjqp\",\"field\":\"fld_6764089\",\"value\":\"andere Einrichtung\",\"compare\":\"is\",\"parent\":\"rw_zkfxh\",\"label\":\"andere Einrichtung\"}}}},\"fld_8944018_1\":{\"type\":\"show\",\"group\":{\"rw_hbprdiy\":{\"cl_fhev\":{\"id\":\"cl_fhev\",\"field\":\"fld_5285332\",\"value\":\"Ja\",\"compare\":\"is\",\"parent\":\"rw_hbprdiy\",\"label\":\"Ja\"}}}}};\r\n<\/script>\r\n<script type=\"text\/html\" id=\"conditional-fld_4471024_1-tmpl\">\r\n<div data-field-wrapper=\"fld_4471024\" class=\"form-group\" id=\"fld_4471024_1-wrap\">\r\n\t<label id=\"fld_4471024Label\" for=\"fld_4471024_1\" class=\"control-label\">Wie sind Sie auf die digiDEM Bayern Screeningtage aufmerksam geworden? <span aria-hidden=\"true\" role=\"presentation\" class=\"field_required\" style=\"color:#ee0000;\">*<\/span><\/label>\r\n\t<div class=\"\">\r\n\t\t<textarea name=\"fld_4471024\" value=\"\" data-field=\"fld_4471024\" class=\"form-control\" id=\"fld_4471024_1\" rows=\"3\"  required=\"required\"  aria-labelledby=\"fld_4471024Label\" ><\/textarea>\n\t\t\t<\/div>\r\n<\/div>\r\n<\/script>\r\n\r\n<script type=\"text\/html\" id=\"conditional-fld_6978944_1-tmpl\">\r\n<div data-field-wrapper=\"fld_6978944\" class=\"form-group\" id=\"fld_6978944_1-wrap\">\r\n\t<label id=\"fld_6978944Label\" for=\"fld_6978944_1\" class=\"control-label\">An welchem Screeningtag waren Sie beteiligt?<\/label>\r\n\t<div class=\"\">\r\n\t\t<textarea name=\"fld_6978944\" value=\"\" data-field=\"fld_6978944\" class=\"form-control\" id=\"fld_6978944_1\" rows=\"1\"    aria-labelledby=\"fld_6978944Label\" ><\/textarea>\n\t\t\t<\/div>\r\n<\/div>\r\n<\/script>\r\n\r\n<script type=\"text\/html\" id=\"conditional-fld_1729306_1-tmpl\">\r\n<div data-field-wrapper=\"fld_1729306\" class=\"form-group\" id=\"fld_1729306_1-wrap\">\r\n\t<label id=\"fld_1729306Label\" for=\"fld_1729306_1\" class=\"control-label\">Einrichtungsname <span aria-hidden=\"true\" role=\"presentation\" class=\"field_required\" style=\"color:#ee0000;\">*<\/span><\/label>\r\n\t<div class=\"\">\r\n\t\t<input   required type=\"text\" data-field=\"fld_1729306\" class=\" form-control\" id=\"fld_1729306_1\" name=\"fld_1729306\" value=\"\" data-type=\"text\" aria-required=\"true\"   aria-labelledby=\"fld_1729306Label\" >\t\t\t<\/div>\r\n<\/div>\r\n<\/script>\r\n\r\n<script type=\"text\/html\" id=\"conditional-fld_8264130_1-tmpl\">\r\n<div data-field-wrapper=\"fld_8264130\" class=\"form-group\" id=\"fld_8264130_1-wrap\">\r\n\t<label id=\"fld_8264130Label\" for=\"fld_8264130_1\" class=\"control-label\">Adresse <span aria-hidden=\"true\" role=\"presentation\" class=\"field_required\" style=\"color:#ee0000;\">*<\/span><\/label>\r\n\t<div class=\"\">\r\n\t\t<input   required type=\"text\" data-field=\"fld_8264130\" class=\" form-control\" id=\"fld_8264130_1\" name=\"fld_8264130\" value=\"\" data-type=\"text\" aria-required=\"true\"   aria-labelledby=\"fld_8264130Label\" >\t\t\t<\/div>\r\n<\/div>\r\n<\/script>\r\n\r\n<script type=\"text\/html\" id=\"conditional-fld_9340609_1-tmpl\">\r\n<div data-field-wrapper=\"fld_9340609\" class=\"form-group\" id=\"fld_9340609_1-wrap\">\r\n\t<label id=\"fld_9340609Label\" for=\"fld_9340609_1\" class=\"control-label\">Postleitzahl <span aria-hidden=\"true\" role=\"presentation\" class=\"field_required\" style=\"color:#ee0000;\">*<\/span><\/label>\r\n\t<div class=\"\">\r\n\t\t<input   required type=\"text\" data-field=\"fld_9340609\" class=\" form-control\" id=\"fld_9340609_1\" name=\"fld_9340609\" value=\"\" data-type=\"text\" aria-required=\"true\"   aria-labelledby=\"fld_9340609Label\" >\t\t\t<\/div>\r\n<\/div>\r\n<\/script>\r\n\r\n<script type=\"text\/html\" id=\"conditional-fld_239586_1-tmpl\">\r\n<div data-field-wrapper=\"fld_239586\" class=\"form-group\" id=\"fld_239586_1-wrap\">\r\n\t<label id=\"fld_239586Label\" for=\"fld_239586_1\" class=\"control-label\">Ort <span aria-hidden=\"true\" role=\"presentation\" class=\"field_required\" style=\"color:#ee0000;\">*<\/span><\/label>\r\n\t<div class=\"\">\r\n\t\t<input   required type=\"text\" data-field=\"fld_239586\" class=\" form-control\" id=\"fld_239586_1\" name=\"fld_239586\" value=\"\" data-type=\"text\" aria-required=\"true\"   aria-labelledby=\"fld_239586Label\" >\t\t\t<\/div>\r\n<\/div>\r\n<\/script>\r\n\r\n<script type=\"text\/html\" id=\"conditional-fld_9121709_1-tmpl\">\r\n<div data-field-wrapper=\"fld_9121709\" class=\"form-group\" id=\"fld_9121709_1-wrap\">\r\n\t<label id=\"fld_9121709Label\" for=\"fld_9121709_1\" class=\"control-label\">Regierungsbezirk <span aria-hidden=\"true\" role=\"presentation\" class=\"field_required\" style=\"color:#ee0000;\">*<\/span><\/label>\r\n\t<div class=\"\">\r\n\t\t<select name=\"fld_9121709\" value=\"\" data-field=\"fld_9121709\" class=\"form-control\" id=\"fld_9121709_1\"  required=\"required\"  aria-labelledby=\"fld_9121709Label\" >\n\t\t<option value=\"\"><\/option>\r\n\t\t\t\t\t<option value=\"Mittelfranken\"  data-calc-value=\"Mittelfranken\" >\n\t\t\t\t\t\tMittelfranken\t\t\t\t\t<\/option>\n\t\t\t\t\t\t\t\t\t\t<option value=\"Niederbayern\"  data-calc-value=\"Niederbayern\" >\n\t\t\t\t\t\tNiederbayern\t\t\t\t\t<\/option>\n\t\t\t\t\t\t\t\t\t\t<option value=\"Oberbayern\"  data-calc-value=\"Oberbayern\" >\n\t\t\t\t\t\tOberbayern\t\t\t\t\t<\/option>\n\t\t\t\t\t\t\t\t\t\t<option value=\"Oberfranken\"  data-calc-value=\"Oberfranken\" >\n\t\t\t\t\t\tOberfranken\t\t\t\t\t<\/option>\n\t\t\t\t\t\t\t\t\t\t<option value=\"Oberpfalz\"  data-calc-value=\"Oberpfalz\" >\n\t\t\t\t\t\tOberpfalz\t\t\t\t\t<\/option>\n\t\t\t\t\t\t\t\t\t\t<option value=\"Schwaben\"  data-calc-value=\"Schwaben\" >\n\t\t\t\t\t\tSchwaben\t\t\t\t\t<\/option>\n\t\t\t\t\t\t\t\t\t\t<option value=\"Unterfranken\"  data-calc-value=\"Unterfranken\" >\n\t\t\t\t\t\tUnterfranken\t\t\t\t\t<\/option>\n\t\t\t\t\t\t\t<\/select>\n\t\t\t<\/div>\r\n<\/div>\r\n<\/script>\r\n\r\n<script type=\"text\/html\" id=\"conditional-fld_8944018_1-tmpl\">\r\n<div data-field-wrapper=\"fld_8944018\" class=\"form-group\" id=\"fld_8944018_1-wrap\">\r\n\t<label id=\"fld_8944018Label\" for=\"fld_8944018_1\" class=\"control-label\">Melden Sie sich hier zur Online-Schulung an:<\/label>\r\n\t<div class=\"\">\r\n\t\t<input    type=\"url\" data-field=\"fld_8944018\" class=\" form-control\" id=\"fld_8944018_1\" name=\"fld_8944018\" value=\"https:\/\/attendee.gotowebinar.com\/rt\/3681422668352487004\" data-type=\"url\"   aria-labelledby=\"fld_8944018Label\" aria-describedby=\"fld_8944018Caption\" >\t\t<span id=\"fld_8944018Caption\" class=\"help-block\">Die Schulung dauert 30 Minuten und wird zweimal im Quartal angeboten. Sollte kein passender Termin f\u00fcr Sie dabei sein, nehmen Sie gerne Kontakt mit uns auf.<\/span>\r\n\t<\/div>\r\n<\/div>\r\n<\/script>\r\n\n\n\n\n<div style=\"height:45px\" aria-hidden=\"true\" class=\"wp-block-spacer\"><\/div>\n\n\n\n<p class=\"has-large-font-size\"><strong><span style=\"color: #38a9f2;\" class=\"stk-highlight\">Kontaktdaten<\/span><\/strong><\/p>\n\n\n\n<p><span style=\"color: #000000;\" class=\"stk-highlight\">Bei Fragen k\u00f6nnen Sie sich auch via E-Mail oder Telefon an uns wenden.<br>E-Mail: <a href=\"mailto:screeningtag@digidem-bayern.de\">screeningtag@digidem-bayern.de<\/a><br>Telefon: 0162\/2463579 (Mo. &amp; Do. 13.00 \u2013 16.00 Uhr, Di. &amp; Mi. 9.00 &#8211; 12.00 Uhr)<\/span><\/p>\n<\/div><\/div>\n\n\n\n<p><\/p>\n\n\n\n<p><\/p>\n","protected":false},"excerpt":{"rendered":"<p>Anmeldung zum digiDEM Bayern &#8211; Demenz-Screening Anstehende Demenz-Screeningtage von digiDEM Bayern Datum Ort Anmeldung bei: Samstag, der 12.07.2025 \u00d6kumenische Sozialstation Sulzbach-Rosenberg gGmbHHofgartenstr. 1092237 Sulzbach-Rosenberg digiDEM Bayern TeamTel.: 0162 2463579E-Mail: screeningtag@digidem-bayern.de Montag, der 14.07.2025 Alte RealschuleSchulplatz 495478 Kemnath LebenPlus Stadt Kemnath (Frau Stefanie Baier &amp; Frau Carina Schreglmann)Tel.: 09642 9158210E-Mail: kemnath@meinlebenplus.de &hellip;<\/p>","protected":false},"author":11,"featured_media":0,"parent":0,"menu_order":0,"comment_status":"closed","ping_status":"closed","template":"","meta":{"qubely_global_settings":"","qubely_interactions":"","_uag_custom_page_level_css":"","footnotes":""},"class_list":["post-42371","page","type-page","status-publish","hentry"],"featured_image_urls_v2":{"full":"","thumbnail":"","medium":"","medium_large":"","large":"","1536x1536":"","2048x2048":"","trp-custom-language-flag":"","qubely_landscape":"","qubely_portrait":"","qubely_thumbnail":"","post-thumbnail":"","kahuna-featured":"","kahuna-featured-lp":"","kahuna-featured-half":"","kahuna-featured-third":"","kahuna-lpbox-1":"","kahuna-lpbox-2":"","demand-language-flag":"","dddkt-language-flag":"","ddiqc-language-flag":"","ddtl-language-flag":"","mailpoet_newsletter_max":"","kahuna-lpbox-3":"","kahuna-featured-square":"","kahuna-featured-square-large":""},"post_excerpt_stackable_v2":"<p>Anmeldung zum digiDEM Bayern &#8211; Demenz-Screening Die digiDEM Bayern Demenz-Screeningtage bieten Ihnen die M\u00f6glichkeit, Ihre Ged\u00e4chtnisleistung kostenlos und unverbindlich in Ihrer N\u00e4he \u00fcberpr\u00fcfen zu lassen. Ein Termin dauert etwa 20 Minuten. Die Screeningtage finden in Zusammenarbeit mit lokalen Akteuren \u00fcber alle sieben Regierungsbezirke verteilt statt. Menschen&nbsp;\u00fcber 65 Jahren, die bei sich selbst&nbsp;eine Verschlechterung des Ged\u00e4chtnisses&nbsp;wahrgenommen oder bei denen&nbsp;nahestehende Personen&nbsp;ein Nachlassen der&nbsp;geistigen Leistungsf\u00e4higkeit bemerkt haben Anstehende Demenz-Screeningtage von digiDEM Bayern DatumOrtAnmeldung bei:Samstag, der 12.07.2025\u00d6kumenische Sozialstation Sulzbach-Rosenberg gGmbHHofgartenstr. 1092237 Sulzbach-RosenbergdigiDEM Bayern TeamTel.: 0162 2463579E-Mail: screeningtag@digidem-bayern.deMontag, der 14.07.2025Alte RealschuleSchulplatz 495478 KemnathLebenPlus Stadt Kemnath (Frau Stefanie Baier &amp; Frau Carina Schreglmann)Tel.: 09642 9158210E-Mail: kemnath@meinlebenplus.deMittwoch,&hellip;<\/p>\n","category_list_v2":"","author_info_v2":{"name":"Michael Zeiler","url":"https:\/\/digidem-bayern.de\/en\/author\/michael-zeiler\/"},"comments_num_v2":"0 comments","yoast_head":"<!-- This site is optimized with the Yoast SEO plugin v27.5 - https:\/\/yoast.com\/product\/yoast-seo-wordpress\/ -->\n<title>digiDEM Bayern \u2013 Demenz-Screening - digiDEM Bayern<\/title>\n<meta name=\"description\" content=\"digiDEM Bayern zielt darauf ab, die Lebensbedingungen von Menschen mit MCI\/Demenz und deren pflegenden An- und Zugeh\u00f6rigen nachhaltig zu verbessern.\" \/>\n<meta name=\"robots\" content=\"index, follow, max-snippet:-1, max-image-preview:large, max-video-preview:-1\" \/>\n<link rel=\"canonical\" href=\"https:\/\/digidem-bayern.de\/en\/demenz-screening-3\/\" \/>\n<meta property=\"og:locale\" content=\"en_US\" \/>\n<meta property=\"og:type\" content=\"article\" \/>\n<meta property=\"og:title\" content=\"digiDEM Bayern \u2013 Demenz-Screening - digiDEM Bayern\" \/>\n<meta property=\"og:description\" content=\"digiDEM Bayern zielt darauf ab, die Lebensbedingungen von Menschen mit MCI\/Demenz und deren pflegenden An- und Zugeh\u00f6rigen nachhaltig zu verbessern.\" \/>\n<meta property=\"og:url\" content=\"https:\/\/digidem-bayern.de\/en\/demenz-screening-3\/\" \/>\n<meta property=\"og:site_name\" content=\"digiDEM Bayern\" \/>\n<meta property=\"article:publisher\" content=\"https:\/\/www.facebook.com\/digiDEMBayern\/\" \/>\n<meta property=\"article:modified_time\" content=\"2025-07-09T13:22:27+00:00\" \/>\n<meta property=\"og:image\" content=\"https:\/\/digidem-bayern.de\/wp-content\/uploads\/2023\/03\/2022_07_07-26-Screeningtag-Thuengersheim_FotoHoerath-1030x829.jpeg\" \/>\n\t<meta property=\"og:image:width\" content=\"1030\" \/>\n\t<meta property=\"og:image:height\" content=\"829\" \/>\n\t<meta property=\"og:image:type\" content=\"image\/jpeg\" \/>\n<meta name=\"twitter:label1\" content=\"Est. reading time\" \/>\n\t<meta name=\"twitter:data1\" content=\"2 minutes\" \/>\n<script type=\"application\/ld+json\" class=\"yoast-schema-graph\">{\"@context\":\"https:\\\/\\\/schema.org\",\"@graph\":[{\"@type\":\"WebPage\",\"@id\":\"https:\\\/\\\/digidem-bayern.de\\\/demenz-screening-3\\\/\",\"url\":\"https:\\\/\\\/digidem-bayern.de\\\/demenz-screening-3\\\/\",\"name\":\"digiDEM Bayern \u2013 Demenz-Screening - digiDEM Bayern\",\"isPartOf\":{\"@id\":\"\\\/#website\"},\"primaryImageOfPage\":{\"@id\":\"https:\\\/\\\/digidem-bayern.de\\\/demenz-screening-3\\\/#primaryimage\"},\"image\":{\"@id\":\"https:\\\/\\\/digidem-bayern.de\\\/demenz-screening-3\\\/#primaryimage\"},\"thumbnailUrl\":\"https:\\\/\\\/digidem-bayern.de\\\/wp-content\\\/uploads\\\/2023\\\/03\\\/2022_07_07-26-Screeningtag-Thuengersheim_FotoHoerath-1030x829.jpeg\",\"datePublished\":\"2025-03-17T12:55:05+00:00\",\"dateModified\":\"2025-07-09T13:22:27+00:00\",\"description\":\"digiDEM Bayern zielt darauf ab, die Lebensbedingungen von Menschen mit MCI\\\/Demenz und deren pflegenden An- und Zugeh\u00f6rigen nachhaltig zu verbessern.\",\"breadcrumb\":{\"@id\":\"https:\\\/\\\/digidem-bayern.de\\\/demenz-screening-3\\\/#breadcrumb\"},\"inLanguage\":\"en-US\",\"potentialAction\":[{\"@type\":\"ReadAction\",\"target\":[\"https:\\\/\\\/digidem-bayern.de\\\/demenz-screening-3\\\/\"]}]},{\"@type\":\"ImageObject\",\"inLanguage\":\"en-US\",\"@id\":\"https:\\\/\\\/digidem-bayern.de\\\/demenz-screening-3\\\/#primaryimage\",\"url\":\"https:\\\/\\\/digidem-bayern.de\\\/wp-content\\\/uploads\\\/2023\\\/03\\\/2022_07_07-26-Screeningtag-Thuengersheim_FotoHoerath-1030x829.jpeg\",\"contentUrl\":\"https:\\\/\\\/digidem-bayern.de\\\/wp-content\\\/uploads\\\/2023\\\/03\\\/2022_07_07-26-Screeningtag-Thuengersheim_FotoHoerath-1030x829.jpeg\"},{\"@type\":\"BreadcrumbList\",\"@id\":\"https:\\\/\\\/digidem-bayern.de\\\/demenz-screening-3\\\/#breadcrumb\",\"itemListElement\":[{\"@type\":\"ListItem\",\"position\":1,\"name\":\"Startseite\",\"item\":\"https:\\\/\\\/digidem-bayern.de\\\/\"},{\"@type\":\"ListItem\",\"position\":2,\"name\":\"digiDEM Bayern \u2013 Demenz-Screening\"}]},{\"@type\":\"WebSite\",\"@id\":\"\\\/#website\",\"url\":\"\\\/\",\"name\":\"digiDEM Bayern\",\"description\":\"Das digitale Demenzregister Bayern erforscht und verbessert die Angebotsstuktur f\u00fcr Menschen mit Demenz und deren Angeh\u00f6rige\",\"publisher\":{\"@id\":\"\\\/#organization\"},\"potentialAction\":[{\"@type\":\"SearchAction\",\"target\":{\"@type\":\"EntryPoint\",\"urlTemplate\":\"\\\/?s={search_term_string}\"},\"query-input\":{\"@type\":\"PropertyValueSpecification\",\"valueRequired\":true,\"valueName\":\"search_term_string\"}}],\"inLanguage\":\"en-US\"},{\"@type\":\"Organization\",\"@id\":\"\\\/#organization\",\"name\":\"digiDEM Bayern\",\"url\":\"\\\/\",\"logo\":{\"@type\":\"ImageObject\",\"inLanguage\":\"en-US\",\"@id\":\"\\\/#\\\/schema\\\/logo\\\/image\\\/\",\"url\":\"https:\\\/\\\/digidem-bayern.de\\\/wp-content\\\/uploads\\\/2022\\\/03\\\/cropped-Allgemeines_digiDEMLOGO-removebg-preview.png\",\"contentUrl\":\"https:\\\/\\\/digidem-bayern.de\\\/wp-content\\\/uploads\\\/2022\\\/03\\\/cropped-Allgemeines_digiDEMLOGO-removebg-preview.png\",\"width\":612,\"height\":357,\"caption\":\"digiDEM Bayern\"},\"image\":{\"@id\":\"\\\/#\\\/schema\\\/logo\\\/image\\\/\"},\"sameAs\":[\"https:\\\/\\\/www.facebook.com\\\/digiDEMBayern\\\/\",\"https:\\\/\\\/x.com\\\/digidem_bayern\",\"https:\\\/\\\/www.instagram.com\\\/digidem.bayern\",\"https:\\\/\\\/www.linkedin.com\\\/company\\\/digidem-bayern\\\/\"]}]}<\/script>\n<!-- \/ Yoast SEO plugin. -->","yoast_head_json":{"title":"digiDEM Bayern \u2013 Demenz-Screening - digiDEM Bayern","description":"digiDEM Bayern zielt darauf ab, die Lebensbedingungen von Menschen mit MCI\/Demenz und deren pflegenden An- und Zugeh\u00f6rigen nachhaltig zu verbessern.","robots":{"index":"index","follow":"follow","max-snippet":"max-snippet:-1","max-image-preview":"max-image-preview:large","max-video-preview":"max-video-preview:-1"},"canonical":"https:\/\/digidem-bayern.de\/en\/demenz-screening-3\/","og_locale":"en_US","og_type":"article","og_title":"digiDEM Bayern \u2013 Demenz-Screening - digiDEM Bayern","og_description":"digiDEM Bayern zielt darauf ab, die Lebensbedingungen von Menschen mit MCI\/Demenz und deren pflegenden An- und Zugeh\u00f6rigen nachhaltig zu verbessern.","og_url":"https:\/\/digidem-bayern.de\/en\/demenz-screening-3\/","og_site_name":"digiDEM Bayern","article_publisher":"https:\/\/www.facebook.com\/digiDEMBayern\/","article_modified_time":"2025-07-09T13:22:27+00:00","og_image":[{"width":1030,"height":829,"url":"https:\/\/digidem-bayern.de\/wp-content\/uploads\/2023\/03\/2022_07_07-26-Screeningtag-Thuengersheim_FotoHoerath-1030x829.jpeg","type":"image\/jpeg"}],"twitter_misc":{"Est. reading time":"2 minutes"},"schema":{"@context":"https:\/\/schema.org","@graph":[{"@type":"WebPage","@id":"https:\/\/digidem-bayern.de\/demenz-screening-3\/","url":"https:\/\/digidem-bayern.de\/demenz-screening-3\/","name":"digiDEM Bayern \u2013 Demenz-Screening - digiDEM Bayern","isPartOf":{"@id":"\/#website"},"primaryImageOfPage":{"@id":"https:\/\/digidem-bayern.de\/demenz-screening-3\/#primaryimage"},"image":{"@id":"https:\/\/digidem-bayern.de\/demenz-screening-3\/#primaryimage"},"thumbnailUrl":"https:\/\/digidem-bayern.de\/wp-content\/uploads\/2023\/03\/2022_07_07-26-Screeningtag-Thuengersheim_FotoHoerath-1030x829.jpeg","datePublished":"2025-03-17T12:55:05+00:00","dateModified":"2025-07-09T13:22:27+00:00","description":"digiDEM Bayern zielt darauf ab, die Lebensbedingungen von Menschen mit MCI\/Demenz und deren pflegenden An- und Zugeh\u00f6rigen nachhaltig zu verbessern.","breadcrumb":{"@id":"https:\/\/digidem-bayern.de\/demenz-screening-3\/#breadcrumb"},"inLanguage":"en-US","potentialAction":[{"@type":"ReadAction","target":["https:\/\/digidem-bayern.de\/demenz-screening-3\/"]}]},{"@type":"ImageObject","inLanguage":"en-US","@id":"https:\/\/digidem-bayern.de\/demenz-screening-3\/#primaryimage","url":"https:\/\/digidem-bayern.de\/wp-content\/uploads\/2023\/03\/2022_07_07-26-Screeningtag-Thuengersheim_FotoHoerath-1030x829.jpeg","contentUrl":"https:\/\/digidem-bayern.de\/wp-content\/uploads\/2023\/03\/2022_07_07-26-Screeningtag-Thuengersheim_FotoHoerath-1030x829.jpeg"},{"@type":"BreadcrumbList","@id":"https:\/\/digidem-bayern.de\/demenz-screening-3\/#breadcrumb","itemListElement":[{"@type":"ListItem","position":1,"name":"Startseite","item":"https:\/\/digidem-bayern.de\/"},{"@type":"ListItem","position":2,"name":"digiDEM Bayern \u2013 Demenz-Screening"}]},{"@type":"WebSite","@id":"\/#website","url":"\/","name":"digiDEM Bavaria","description":"The digital dementia register in Bavaria researches and improves the structure of services for people with dementia and their relatives","publisher":{"@id":"\/#organization"},"potentialAction":[{"@type":"SearchAction","target":{"@type":"EntryPoint","urlTemplate":"\/?s={search_term_string}"},"query-input":{"@type":"PropertyValueSpecification","valueRequired":true,"valueName":"search_term_string"}}],"inLanguage":"en-US"},{"@type":"Organization","@id":"\/#organization","name":"digiDEM Bavaria","url":"\/","logo":{"@type":"ImageObject","inLanguage":"en-US","@id":"\/#\/schema\/logo\/image\/","url":"https:\/\/digidem-bayern.de\/wp-content\/uploads\/2022\/03\/cropped-Allgemeines_digiDEMLOGO-removebg-preview.png","contentUrl":"https:\/\/digidem-bayern.de\/wp-content\/uploads\/2022\/03\/cropped-Allgemeines_digiDEMLOGO-removebg-preview.png","width":612,"height":357,"caption":"digiDEM Bayern"},"image":{"@id":"\/#\/schema\/logo\/image\/"},"sameAs":["https:\/\/www.facebook.com\/digiDEMBayern\/","https:\/\/x.com\/digidem_bayern","https:\/\/www.instagram.com\/digidem.bayern","https:\/\/www.linkedin.com\/company\/digidem-bayern\/"]}]}},"uagb_featured_image_src":{"full":false,"thumbnail":false,"medium":false,"medium_large":false,"large":false,"1536x1536":false,"2048x2048":false,"trp-custom-language-flag":false,"qubely_landscape":false,"qubely_portrait":false,"qubely_thumbnail":false,"post-thumbnail":false,"kahuna-featured":false,"kahuna-featured-lp":false,"kahuna-featured-half":false,"kahuna-featured-third":false,"kahuna-lpbox-1":false,"kahuna-lpbox-2":false,"demand-language-flag":false,"dddkt-language-flag":false,"ddiqc-language-flag":false,"ddtl-language-flag":false,"mailpoet_newsletter_max":false,"kahuna-lpbox-3":false,"kahuna-featured-square":false,"kahuna-featured-square-large":false},"uagb_author_info":{"display_name":"Michael Zeiler","author_link":"https:\/\/digidem-bayern.de\/en\/author\/michael-zeiler\/"},"uagb_comment_info":0,"uagb_excerpt":"Anmeldung zum digiDEM Bayern &#8211; Demenz-Screening Anstehende Demenz-Screeningtage von digiDEM Bayern Datum Ort Anmeldung bei: Samstag, der 12.07.2025 \u00d6kumenische Sozialstation Sulzbach-Rosenberg gGmbHHofgartenstr. 1092237 Sulzbach-Rosenberg digiDEM Bayern TeamTel.: 0162 2463579E-Mail: screeningtag@digidem-bayern.de Montag, der 14.07.2025 Alte RealschuleSchulplatz 495478 Kemnath LebenPlus Stadt Kemnath (Frau Stefanie Baier &amp; Frau Carina Schreglmann)Tel.: 09642 9158210E-Mail: kemnath@meinlebenplus.de &hellip;","_links":{"self":[{"href":"https:\/\/digidem-bayern.de\/en\/wp-json\/wp\/v2\/pages\/42371","targetHints":{"allow":["GET"]}}],"collection":[{"href":"https:\/\/digidem-bayern.de\/en\/wp-json\/wp\/v2\/pages"}],"about":[{"href":"https:\/\/digidem-bayern.de\/en\/wp-json\/wp\/v2\/types\/page"}],"author":[{"embeddable":true,"href":"https:\/\/digidem-bayern.de\/en\/wp-json\/wp\/v2\/users\/11"}],"replies":[{"embeddable":true,"href":"https:\/\/digidem-bayern.de\/en\/wp-json\/wp\/v2\/comments?post=42371"}],"version-history":[{"count":10,"href":"https:\/\/digidem-bayern.de\/en\/wp-json\/wp\/v2\/pages\/42371\/revisions"}],"predecessor-version":[{"id":44159,"href":"https:\/\/digidem-bayern.de\/en\/wp-json\/wp\/v2\/pages\/42371\/revisions\/44159"}],"wp:attachment":[{"href":"https:\/\/digidem-bayern.de\/en\/wp-json\/wp\/v2\/media?parent=42371"}],"curies":[{"name":"wp","href":"https:\/\/api.w.org\/{rel}","templated":true}]}}