{"id":40918,"date":"2025-01-23T08:27:56","date_gmt":"2025-01-23T07:27:56","guid":{"rendered":"https:\/\/digidem-bayern.de\/?page_id=40918"},"modified":"2025-03-13T13:23:50","modified_gmt":"2025-03-13T12:23:50","slug":"soziale-isolation","status":"publish","type":"page","link":"https:\/\/digidem-bayern.de\/en\/soziale-isolation\/","title":{"rendered":"Soziale Isolation"},"content":{"rendered":"\n<p><\/p>\n\n\n\n<div class=\"wp-block-media-text is-stacked-on-mobile\" style=\"grid-template-columns:28% auto\"><figure class=\"wp-block-media-text__media\"><img loading=\"lazy\" decoding=\"async\" width=\"1024\" height=\"1024\" src=\"https:\/\/digidem-bayern.de\/wp-content\/uploads\/2025\/02\/12_Soziale-Isolation.webp\" alt=\"\" class=\"wp-image-41695 size-full\" srcset=\"https:\/\/digidem-bayern.de\/wp-content\/uploads\/2025\/02\/12_Soziale-Isolation.webp 1024w, https:\/\/digidem-bayern.de\/wp-content\/uploads\/2025\/02\/12_Soziale-Isolation-300x300.webp 300w, https:\/\/digidem-bayern.de\/wp-content\/uploads\/2025\/02\/12_Soziale-Isolation-80x80.webp 80w, https:\/\/digidem-bayern.de\/wp-content\/uploads\/2025\/02\/12_Soziale-Isolation-768x768.webp 768w, https:\/\/digidem-bayern.de\/wp-content\/uploads\/2025\/02\/12_Soziale-Isolation-350x350.webp 350w, https:\/\/digidem-bayern.de\/wp-content\/uploads\/2025\/02\/12_Soziale-Isolation-36x36.webp 36w, https:\/\/digidem-bayern.de\/wp-content\/uploads\/2025\/02\/12_Soziale-Isolation-512x512.webp 512w\" sizes=\"auto, (max-width: 1024px) 100vw, 1024px\" \/><\/figure><div class=\"wp-block-media-text__content\">\n<p><span style=\"color: #000000;\" class=\"stk-highlight\">Soziale Isolation bezeichnet die Lebenssituation von Menschen, die keine oder nur wenig soziale Kontakte haben.<\/span><\/p>\n\n\n\n<p><span style=\"color: #000000;\" class=\"stk-highlight\">Die Definition ist erf\u00fcllt, wenn mindestens zwei der folgenden drei Kriterien zutreffen:<\/span><\/p>\n\n\n\n<ul class=\"wp-block-list\">\n<li><span style=\"color: #000000;\" class=\"stk-highlight\">alleine zu leben<\/span><\/li>\n\n\n\n<li><span style=\"color: #000000;\" class=\"stk-highlight\">seltener als einmal im Monat Familie oder Freunde zu sehen<\/span><\/li>\n\n\n\n<li><span style=\"color: #000000;\" class=\"stk-highlight\">nicht an w\u00f6chentlichen Gruppenaktivit\u00e4ten teilzunehmen<\/span><\/li>\n<\/ul>\n\n\n\n<div class=\"qubely-block-accordion  qubely-block-d810c1\" data-item-toggle=\"true\">\n<div class=\"wp-block-qubely-accordion-item qubely-block-9413a3\"><div class=\"qubely-accordion-item qubely-type-fill false\"><div class=\"qubely-accordion-panel qubely-icon-position-right\"><span class=\"qubely-accordion-panel-handler\" role=\"button\"><span class=\"qubely-accordion-panel-handler-label\">Quelle<\/span><span class=\"qubely-accordion-icon fa fa-plus\"><\/span><\/span><\/div><div class=\"qubely-accordion-body\"><div itemprop=\"text\">\n<p>1.) <a href=\"https:\/\/psylex.de\/psychologie-lexikon\/sozialpsychologie\/isolation-2\/#definition\">Soziale Isolation (Psychologie) \u2013 PSYLEX<\/a><\/p>\n\n\n\n<p>2.) National Academies of Sciences Engineering and Medicine (Hrsg.). Social isolation and loneliness in older adults: Opportunities for the health care system: National Academies Press (US); 2020.<\/p>\n<\/div><\/div><\/div><\/div>\n<\/div>\n<\/div><\/div>\n\n\n\n<p class=\"has-small-font-size\">Dieses Symbolbild wurde mit Unterst\u00fctzung von DALL\u00b7E 2025 erstellt.<\/p>\n\n\n\n<div style=\"height:25px\" aria-hidden=\"true\" class=\"wp-block-spacer\"><\/div>\n\n\n\n<h5 class=\"wp-block-heading has-large-font-size\">Warum ist Soziale Isolation ein Risikofaktor f\u00fcr Demenz?&nbsp;<\/h5>\n\n\n\n<figure class=\"wp-block-table\"><table><tbody><tr><td><strong><span style=\"color: #000000;\" class=\"stk-highlight\">Mechanismen<\/span><\/strong>:<\/td><td>Seltene soziale Kontakte tragen zu einem gesteigerten Demenzrisiko bei. Fehlt es an sozialen Interaktionen oder leben Menschen sehr isoliert und zur\u00fcckgezogen, kann das zu einer verringerten&nbsp;<strong><em>kognitive Reserve<\/em><\/strong>&nbsp;(siehe oben),&nbsp;<strong>ungesunde Verhaltensweisen<\/strong>&nbsp;und&nbsp;<strong>erh\u00f6hter Stress<\/strong>&nbsp;beitragen.<br><br>Sozialer Isolation steht zudem im Zusammenhang mit einer nachweislichen&nbsp;<strong>Verminderung des Hirnvolumens<\/strong>&nbsp;in bestimmten Teilen des Gehirns (temporalen und&nbsp; frontalen Hirnregionen).<\/td><\/tr><\/tbody><\/table><\/figure>\n\n\n\n<div class=\"qubely-block-accordion  qubely-block-d810c1\" data-item-toggle=\"true\">\n<div class=\"wp-block-qubely-accordion-item qubely-block-cb1cc1\"><div class=\"qubely-accordion-item qubely-type-fill false\"><div class=\"qubely-accordion-panel qubely-icon-position-right\"><span class=\"qubely-accordion-panel-handler\" role=\"button\"><span class=\"qubely-accordion-panel-handler-label\">Quelle<\/span><span class=\"qubely-accordion-icon fa fa-plus\"><\/span><\/span><\/div><div class=\"qubely-accordion-body\"><div itemprop=\"text\">\n<p>1.) Livingston G, Huntley J, Liu KY, Costafreda SG, Selb\u00e6k G, Alladi S, Ames D, Banerjee S, Burns A, Brayne C, Fox NC, Ferri CP, Gitlin LN, Howard R, Kales HC, Kivim\u00e4ki M, Larson EB, Nakasujja N, Rockwood K, Samus Q, Shirai K, Singh-Manoux A, Schneider LS, Walsh S, Yao Y, Sommerlad A, Mukadam N. Dementia prevention, intervention, and care: 2024 report of the Lancet standing Commission. Lancet. 2024 Aug 10;404(10452):572-628. doi: 10.1016\/S0140-6736(24)01296-0. Epub 2024 Jul 31. PMID: 39096926.<\/p>\n<\/div><\/div><\/div><\/div>\n<\/div>\n\n\n\n<div style=\"height:15px\" aria-hidden=\"true\" class=\"wp-block-spacer\"><\/div>\n\n\n\n<div class=\"wp-block-stackable-divider stk-block-divider stk-block stk-ca3fce7\" data-block-id=\"ca3fce7\"><style>.stk-ca3fce7 hr.stk-block-divider__hr{width:75% !important;}<\/style><hr class=\"stk-block-divider__hr\"\/><\/div>\n\n\n\n<div style=\"height:15px\" aria-hidden=\"true\" class=\"wp-block-spacer\"><\/div>\n\n\n\n<h5 class=\"wp-block-heading has-large-font-size\">Was kann ich tun?<\/h5>\n\n\n\n<p><strong>Um sozialer Isolation und gesellschaftlichem R\u00fcckzug vorzubeugen&nbsp; gibt es unterschiedlichste Ma\u00dfnahmen, die Sie ergreifen k\u00f6nnen.&nbsp;<\/strong><\/p>\n\n\n\n<ul class=\"wp-block-list\">\n<li><strong>Gruppenbasierte Interventionen:<\/strong><br>Diese bieten sozialen und kognitiven Support durch Vernetzungsm\u00f6glichkeiten und Austausch pers\u00f6nlicher Erfahrungen. Besuchen Sie z.B. Seniorengruppen oder Seniorenzentren, Selbsthilfegruppen oder nehmen Sie an&nbsp; regelm\u00e4\u00dfige Gemeinschaftsaktivit\u00e4ten teil.<\/li>\n\n\n\n<li><strong>Freiwilligenarbeit:<\/strong><br>Wenn Sie ausreichend freie Zeit haben empfiehlt sich das Engagement in Freiwilligenprojekten. Soziales Engagement kann dazu beitragen, das pers\u00f6nliche Gl\u00fccksempfinden zu steigern und m\u00f6glicherweise das Demenzrisiko senken. Ehrenamtliche Mitarbeitende werden in vielen Bereichen gesucht, ob z.B. bei gemeinn\u00fctzigen Vereinen, kirchlichen Tr\u00e4gern oder in Sportvereinen.&nbsp;<\/li>\n\n\n\n<li><strong>Freundschaftsorientierte Interventionen:<\/strong><br>Versuchen Sie bestehende Freundschaften zu pflegen oder neue Freundschaften zu kn\u00fcpfen. Diese helfen Einsamkeit vorzubeugen oder zu lindern. Eine gute M\u00f6glichkeit, Freundschaften zu st\u00e4rken stellen gemeinsame Aktivit\u00e4ten dar. Auch soziale Netzwerke k\u00f6nnen helfen, den Kontakt zu halten.&nbsp;<\/li>\n\n\n\n<li><strong>Gesundheitsf\u00f6rdernde Interventionen:<\/strong><br>Auch gesundheitsf\u00f6rdernde Ma\u00dfnahmen k\u00f6nnen Ihnen helfen, sozial aktiv zu sein und gleichzeitig auch zur Verbesserung des Lebensstils beitragen. Zu diesen Interventionen geh\u00f6ren u.A. Gesundheitskurse, Fitnessprogramme f\u00fcr Senioren, Ern\u00e4hrungskurse oder auch Stressreduktionskurse.&nbsp;<\/li>\n<\/ul>\n\n\n\n<div class=\"qubely-block-accordion  qubely-block-d810c1\" data-item-toggle=\"true\">\n<div class=\"wp-block-qubely-accordion-item qubely-block-1a79ff\"><div class=\"qubely-accordion-item qubely-type-fill false\"><div class=\"qubely-accordion-panel qubely-icon-position-right\"><span class=\"qubely-accordion-panel-handler\" role=\"button\"><span class=\"qubely-accordion-panel-handler-label\">Quelle<\/span><span class=\"qubely-accordion-icon fa fa-plus\"><\/span><\/span><\/div><div class=\"qubely-accordion-body\"><div itemprop=\"text\">\n<p id=\"block-7e8fb53f-7e53-43cd-81f5-891dc7c017b6\">Manjunath, J., Manoj, N., &amp; Alchalabi, T. (2021). Interventions against social isolation of older adults: a systematic review of existing literature and interventions.&nbsp;<em>Geriatrics<\/em>,&nbsp;<em>6<\/em>(3), 82.&nbsp;<a href=\"https:\/\/doi.org\/10.3390\/geriatrics6030082\">https:\/\/doi.org\/10.3390\/geriatrics6030082<\/a><\/p>\n<\/div><\/div><\/div><\/div>\n<\/div>\n\n\n\n<div class=\"wp-block-stackable-divider stk-block-divider stk-block stk-e5c2569\" data-block-id=\"e5c2569\"><style>.stk-e5c2569 hr.stk-block-divider__hr{width:75% !important;}<\/style><hr class=\"stk-block-divider__hr\"\/><\/div>\n\n\n\n<div style=\"height:15px\" aria-hidden=\"true\" class=\"wp-block-spacer\"><\/div>\n\n\n\n<h5 class=\"wp-block-heading has-large-font-size\">\u00dcberpr\u00fcfen Sie Ihr Wissen:<\/h5>\n\n\n<script>\n                            if (window.qmn_quiz_data === undefined) {\n                                    window.qmn_quiz_data = new Object();\n                            }\n                    <\/script><script>window.qmn_quiz_data[\"13\"] = {\"quiz_id\":\"13\",\"quiz_name\":\"rfiso\",\"disable_answer\":0,\"ajax_show_correct\":0,\"progress_bar\":\"0\",\"contact_info_location\":0,\"qpages\":{\"2\":{\"id\":\"2\",\"quizID\":\"13\",\"pagekey\":\"oOrO5lmQ\",\"hide_prevbtn\":\"0\"}},\"skip_validation_time_expire\":0,\"timer_limit_val\":0,\"disable_scroll_next_previous_click\":0,\"disable_scroll_on_result\":0,\"disable_first_page\":\"0\",\"enable_result_after_timer_end\":0,\"enable_quick_result_mc\":0,\"end_quiz_if_wrong\":0,\"form_disable_autofill\":0,\"disable_mathjax\":0,\"enable_quick_correct_answer_info\":\"0\",\"quick_result_correct_answer_text\":\"Correct! You have selected correct answer.\",\"quick_result_wrong_answer_text\":\"Wrong! You have selected wrong answer.\",\"quiz_processing_message\":\"\",\"quiz_limit_choice\":\"Limit of choice is reached.\",\"not_allow_after_expired_time\":0,\"scheduled_time_end\":false,\"prevent_reload\":0,\"limit_email_based_submission\":0,\"total_user_tries\":0,\"is_logged_in\":false,\"error_messages\":{\"email_error_text\":\"Not a valid e-mail address!\",\"number_error_text\":\"This field must be a number!\",\"incorrect_error_text\":\"The entered text is not correct!\",\"empty_error_text\":\"Please complete all required fields!\",\"contact_field_required_error_text\":\"Please complete all required fields!\",\"url_error_text\":\"The entered URL is not valid!\",\"minlength_error_text\":\"Required atleast %minlength% characters.\",\"maxlength_error_text\":\"Maximum %maxlength% characters allowed.\",\"recaptcha_error_text\":\"ReCaptcha is missing\",\"phone_error_text\":\"Phone number is invalid\"},\"questions_settings\":[]}\n                    <\/script>\t\t<div class='qsm-quiz-container qsm-quiz-container-13 qmn_quiz_container mlw_qmn_quiz  quiz_theme_default random '>\n\t\t\t\t\t\t\t\t<form name=\"quizForm13\" id=\"quizForm13\" action=\"\/en\/wp-json\/wp\/v2\/pages\/40918\" method=\"POST\" class=\"qsm-quiz-form qmn_quiz_form mlw_quiz_form\" novalidate enctype=\"multipart\/form-data\">\n\t\t\t\t<input type=\"hidden\" name=\"qsm_hidden_questions\" id=\"qsm_hidden_questions\" value=\"\">\n\t\t\t\t<input type=\"hidden\" name=\"qsm_nonce\" id=\"qsm_nonce_13\" value=\"a3adbd8dac\">\n\t\t\t\t<input type=\"hidden\" name=\"qsm_unique_key\" id=\"qsm_unique_key_13\" value=\"69f1e8c62dc23\">\n\t\t\t\t<div id=\"mlw_error_message\" class=\"qsm-error-message qmn_error_message_section\"><\/div>\n\t\t\t\t<span id=\"mlw_top_of_quiz\"><\/span>\n\t\t\t\t\t\t\t<section class=\"qsm-page \">\n\t\t\t\t\t\t\t\t<div class=\"quiz_section qsm-question-wrapper question-type-0 question-section-id-38 \" data-qid=\"38\">\n\t\t\t\t\t\t<div class='mlw_qmn_new_question'>1.Wann gilt soziale Isolation gem\u00e4\u00df Definition als erf\u00fcllt? <\/div>\n\t\t\t<div class='mlw_qmn_question  qsm_remove_bold' >\n\t\t<p><\/p>\n\t<\/div>\n\t\t<fieldset>\n\t\t<legend><\/legend>\n\t<div class='qmn_radio_answers '>\n\t\t\t\t\t\t\t\t<div class=\"qmn_mc_answer_wrap  mrq_checkbox_class\" id=\"question38-1 \">\n\t\t\t\t\t\t\t\t\t\t\t<input type='radio' class='qmn_quiz_radio qmn-multiple-choice-input ' name=\"question38\" id=\"question38_1\" value=\"1\" \/>\n\t\t\t\t\t<label class=\"qsm-input-label\" for=\"question38_1\">\n\t\t\t\t\tWenn jemand allein lebt und nicht an w\u00f6chentlichen Gruppenaktivit\u00e4ten teilnimmt.\t\t\t\t\t<\/label>\n\t\t\t\t\t \t\t\t\t<\/div>\n\t\t\t\t\t\t\t\t\t\t\t<div class=\"qmn_mc_answer_wrap  mrq_checkbox_class\" id=\"question38-2 \">\n\t\t\t\t\t\t\t\t\t\t\t<input type='radio' class='qmn_quiz_radio qmn-multiple-choice-input ' name=\"question38\" id=\"question38_2\" value=\"2\" \/>\n\t\t\t\t\t<label class=\"qsm-input-label\" for=\"question38_2\">\n\t\t\t\t\tWenn jemand seltener als einmal pro Woche Freunde oder Familie sieht.\t\t\t\t\t<\/label>\n\t\t\t\t\t \t\t\t\t<\/div>\n\t\t\t\t\t\t\t\t\t\t\t<div class=\"qmn_mc_answer_wrap  mrq_checkbox_class\" id=\"question38-3 \">\n\t\t\t\t\t\t\t\t\t\t\t<input type='radio' class='qmn_quiz_radio qmn-multiple-choice-input ' name=\"question38\" id=\"question38_3\" value=\"0\" \/>\n\t\t\t\t\t<label class=\"qsm-input-label\" for=\"question38_3\">\n\t\t\t\t\tWenn jemand allein lebt und seltener als einmal pro Woche soziale Medien nutzt.\t\t\t\t\t<\/label>\n\t\t\t\t\t \t\t\t\t<\/div>\n\t\t\t\t\t \t\t\t<label style=\"display: none !important;\" for=\"question38_none\">None<\/label>\n\t\t\t<input type=\"radio\" style=\"display: none;\" name=\"question38\" id=\"question38_none\" checked=\"checked\" value=\"\" \/>\n\t\t\t\t<\/div>\n\t<\/fieldset>\n\t<input type=\"hidden\" name=\"answer_limit_keys_38\" value=\"\" \/>\n\t\t\t\t\t\t<\/div>\n\t\t\t\t\t\t\t\t\t<div class=\"quiz_section qsm-question-wrapper question-type-0 question-section-id-39 \" data-qid=\"39\">\n\t\t\t\t\t\t<div class='mlw_qmn_new_question'>2. Welcher Mechanismus tr\u00e4gt nachweislich zur Verbindung zwischen sozialer Isolation und einem erh\u00f6hten Demenzrisiko bei? <\/div>\n\t\t\t<div class='mlw_qmn_question  qsm_remove_bold' >\n\t\t<p><\/p>\n\t<\/div>\n\t\t<fieldset>\n\t\t<legend><\/legend>\n\t<div class='qmn_radio_answers '>\n\t\t\t\t\t\t\t\t<div class=\"qmn_mc_answer_wrap  mrq_checkbox_class\" id=\"question39-1 \">\n\t\t\t\t\t\t\t\t\t\t\t<input type='radio' class='qmn_quiz_radio qmn-multiple-choice-input ' name=\"question39\" id=\"question39_1\" value=\"0\" \/>\n\t\t\t\t\t<label class=\"qsm-input-label\" for=\"question39_1\">\n\t\t\t\t\tEine Erh\u00f6hung der kognitiven Reserve durch sozialen R\u00fcckzug.\t\t\t\t\t<\/label>\n\t\t\t\t\t \t\t\t\t<\/div>\n\t\t\t\t\t\t\t\t\t\t\t<div class=\"qmn_mc_answer_wrap  mrq_checkbox_class\" id=\"question39-2 \">\n\t\t\t\t\t\t\t\t\t\t\t<input type='radio' class='qmn_quiz_radio qmn-multiple-choice-input ' name=\"question39\" id=\"question39_2\" value=\"1\" \/>\n\t\t\t\t\t<label class=\"qsm-input-label\" for=\"question39_2\">\n\t\t\t\t\tEine Verminderung des Hirnvolumens in den temporalen und frontalen Hirnregionen.\t\t\t\t\t<\/label>\n\t\t\t\t\t \t\t\t\t<\/div>\n\t\t\t\t\t\t\t\t\t\t\t<div class=\"qmn_mc_answer_wrap  mrq_checkbox_class\" id=\"question39-3 \">\n\t\t\t\t\t\t\t\t\t\t\t<input type='radio' class='qmn_quiz_radio qmn-multiple-choice-input ' name=\"question39\" id=\"question39_3\" value=\"2\" \/>\n\t\t\t\t\t<label class=\"qsm-input-label\" for=\"question39_3\">\n\t\t\t\t\tDie F\u00f6rderung von gesunden Verhaltensweisen durch reduzierte soziale Kontakte.\t\t\t\t\t<\/label>\n\t\t\t\t\t \t\t\t\t<\/div>\n\t\t\t\t\t \t\t\t<label style=\"display: none !important;\" for=\"question39_none\">None<\/label>\n\t\t\t<input type=\"radio\" style=\"display: none;\" name=\"question39\" id=\"question39_none\" checked=\"checked\" value=\"\" \/>\n\t\t\t\t<\/div>\n\t<\/fieldset>\n\t<input type=\"hidden\" name=\"answer_limit_keys_39\" value=\"\" \/>\n\t\t\t\t\t\t<\/div>\n\t\t\t\t\t\t\t\t\t<div class=\"quiz_section qsm-question-wrapper question-type-0 question-section-id-40 \" data-qid=\"40\">\n\t\t\t\t\t\t<div class='mlw_qmn_new_question'>3. Welche Ma\u00dfnahme kann helfen, sozialer Isolation vorzubeugen? <\/div>\n\t\t\t<div class='mlw_qmn_question  qsm_remove_bold' >\n\t\t<p><\/p>\n\t<\/div>\n\t\t<fieldset>\n\t\t<legend><\/legend>\n\t<div class='qmn_radio_answers '>\n\t\t\t\t\t\t\t\t<div class=\"qmn_mc_answer_wrap  mrq_checkbox_class\" id=\"question40-1 \">\n\t\t\t\t\t\t\t\t\t\t\t<input type='radio' class='qmn_quiz_radio qmn-multiple-choice-input ' name=\"question40\" id=\"question40_1\" value=\"0\" \/>\n\t\t\t\t\t<label class=\"qsm-input-label\" for=\"question40_1\">\n\t\t\t\t\tRegelm\u00e4\u00dfige Teilnahme an gruppenbasierten Aktivit\u00e4ten wie Seniorenzentren.\t\t\t\t\t<\/label>\n\t\t\t\t\t \t\t\t\t<\/div>\n\t\t\t\t\t\t\t\t\t\t\t<div class=\"qmn_mc_answer_wrap  mrq_checkbox_class\" id=\"question40-2 \">\n\t\t\t\t\t\t\t\t\t\t\t<input type='radio' class='qmn_quiz_radio qmn-multiple-choice-input ' name=\"question40\" id=\"question40_2\" value=\"2\" \/>\n\t\t\t\t\t<label class=\"qsm-input-label\" for=\"question40_2\">\n\t\t\t\t\tSich vollst\u00e4ndig auf bestehende Freundschaften zu verlassen, ohne neue Kontakte zu kn\u00fcpfen.\t\t\t\t\t<\/label>\n\t\t\t\t\t \t\t\t\t<\/div>\n\t\t\t\t\t\t\t\t\t\t\t<div class=\"qmn_mc_answer_wrap  mrq_checkbox_class\" id=\"question40-3 \">\n\t\t\t\t\t\t\t\t\t\t\t<input type='radio' class='qmn_quiz_radio qmn-multiple-choice-input ' name=\"question40\" id=\"question40_3\" value=\"1\" \/>\n\t\t\t\t\t<label class=\"qsm-input-label\" for=\"question40_3\">\n\t\t\t\t\tAusschlie\u00dflich virtuelle Kontakte durch soziale Netzwerke pflegen.\t\t\t\t\t<\/label>\n\t\t\t\t\t \t\t\t\t<\/div>\n\t\t\t\t\t \t\t\t<label style=\"display: none !important;\" for=\"question40_none\">None<\/label>\n\t\t\t<input type=\"radio\" style=\"display: none;\" name=\"question40\" id=\"question40_none\" checked=\"checked\" value=\"\" \/>\n\t\t\t\t<\/div>\n\t<\/fieldset>\n\t<input type=\"hidden\" name=\"answer_limit_keys_40\" value=\"\" \/>\n\t\t\t\t\t\t<\/div>\n\t\t\t\t\t\t\t<\/section>\n\t\t\t\t\t<input type=\"hidden\" name=\"qmn_question_list\" value=\"38Q39Q40Q\" \/>\n\t\t\t\t\t\t\t<div id=\"mlw_error_message_bottom\" class=\"qsm-error-message qmn_error_message_section\"><\/div>\n\t\t\t\t\t<input type=\"hidden\" name=\"qmn_all_questions_count\" id=\"qmn_all_questions_count\" value=\"3\" \/>\n\t\t\t\t\t<input type=\"hidden\" name=\"total_questions\" id=\"total_questions\" value=\"3\" \/>\n\t\t\t\t\t<input type=\"hidden\" name=\"timer\" id=\"timer\" value=\"0\" \/>\n\t\t\t\t\t<input type=\"hidden\" name=\"timer_ms\" id=\"timer_ms\" value=\"0\"\/>\n\t\t\t\t\t<input type=\"hidden\" class=\"qmn_quiz_id\" name=\"qmn_quiz_id\" id=\"qmn_quiz_id\" value=\"13\" \/>\n\t\t\t\t\t<input type='hidden' name='complete_quiz' value='confirmation' \/>\n\t\t\t\t\t\t\t\t\t\t\t<input type=\"hidden\" name=\"quiz_answer_random_ids\" id=\"quiz_answer_random_ids_13\" value=\"a:3:{i:38;a:3:{i:0;i:1;i:1;i:2;i:2;i:0;}i:39;a:3:{i:0;i:0;i:1;i:1;i:2;i:2;}i:40;a:3:{i:0;i:0;i:1;i:2;i:2;i:1;}}\" \/>\n\t\t\t\t\t\t\t\t\t\t<\/form>\n\t\t\t\t\t\t<\/div>\n\t\t<div style=\"display: none;\" class=\"qsm-popup qsm-popup-slide\" id=\"modal-4\" aria-hidden=\"false\"><div class=\"qsm-popup__overlay\" tabindex=\"-1\" data-micromodal-close=\"\"><div class=\"qsm-popup__container qmn_quiz_container\" role=\"dialog\" aria-modal=\"true\"><div class=\"qsm-popup__content\"><img decoding=\"async\" src=\"https:\/\/digidem-bayern.de\/wp-content\/plugins\/quiz-master-next\/assets\/clock.png\" alt=\"clock.png\"\/><p class=\"qsm-time-up-text\"> Time&#8217;s up<\/p><\/div><footer class=\"qsm-popup__footer\"><button class=\"qsm-popup-secondary-button qmn_btn\" data-micromodal-close=\"\" aria-label=\"Close this dialog window\" onclick=\"location.reload();\">Cancel<\/button><\/footer><\/div><\/div><\/div>","protected":false},"excerpt":{"rendered":"<p>Dieses Symbolbild wurde mit Unterst\u00fctzung von DALL\u00b7E 2025 erstellt. Warum ist Soziale Isolation ein Risikofaktor f\u00fcr Demenz?&nbsp; Mechanismen: Seltene soziale Kontakte tragen zu einem gesteigerten Demenzrisiko bei. Fehlt es an sozialen Interaktionen oder leben Menschen sehr isoliert und zur\u00fcckgezogen, kann das zu einer verringerten&nbsp;kognitive Reserve&nbsp;(siehe oben),&nbsp;ungesunde Verhaltensweisen&nbsp;und&nbsp;erh\u00f6hter Stress&nbsp;beitragen. Sozialer Isolation &hellip;<\/p>","protected":false},"author":11,"featured_media":0,"parent":0,"menu_order":0,"comment_status":"closed","ping_status":"closed","template":"","meta":{"qubely_global_settings":"","qubely_interactions":"","_uag_custom_page_level_css":"","footnotes":""},"class_list":["post-40918","page","type-page","status-publish","hentry"],"featured_image_urls_v2":{"full":"","thumbnail":"","medium":"","medium_large":"","large":"","1536x1536":"","2048x2048":"","trp-custom-language-flag":"","qubely_landscape":"","qubely_portrait":"","qubely_thumbnail":"","post-thumbnail":"","kahuna-featured":"","kahuna-featured-lp":"","kahuna-featured-half":"","kahuna-featured-third":"","kahuna-lpbox-1":"","kahuna-lpbox-2":"","demand-language-flag":"","dddkt-language-flag":"","ddiqc-language-flag":"","ddtl-language-flag":"","mailpoet_newsletter_max":"","kahuna-lpbox-3":"","kahuna-featured-square":"","kahuna-featured-square-large":""},"post_excerpt_stackable_v2":"<p>Soziale Isolation bezeichnet die Lebenssituation von Menschen, die keine oder nur wenig soziale Kontakte haben. Die Definition ist erf\u00fcllt, wenn mindestens zwei der folgenden drei Kriterien zutreffen: alleine zu leben seltener als einmal im Monat Familie oder Freunde zu sehen nicht an w\u00f6chentlichen Gruppenaktivit\u00e4ten teilzunehmen Quelle 1.) Soziale Isolation (Psychologie) \u2013 PSYLEX 2.) National Academies of Sciences Engineering and Medicine (Hrsg.). Social isolation and loneliness in older adults: Opportunities for the health care system: National Academies Press (US); 2020. Dieses Symbolbild wurde mit Unterst\u00fctzung von DALL\u00b7E 2025 erstellt. Warum ist Soziale Isolation ein Risikofaktor f\u00fcr Demenz?&nbsp; Mechanismen:Seltene soziale Kontakte tragen&hellip;<\/p>\n","category_list_v2":"","author_info_v2":{"name":"Michael Zeiler","url":"https:\/\/digidem-bayern.de\/en\/author\/michael-zeiler\/"},"comments_num_v2":"0 comments","yoast_head":"<!-- This site is optimized with the Yoast SEO plugin v27.5 - https:\/\/yoast.com\/product\/yoast-seo-wordpress\/ -->\n<title>Soziale Isolation - digiDEM Bayern<\/title>\n<meta name=\"description\" content=\"digiDEM Bayern zielt darauf ab, die Lebensbedingungen von Menschen mit MCI\/Demenz und deren pflegenden An- und Zugeh\u00f6rigen nachhaltig zu verbessern.\" \/>\n<meta name=\"robots\" content=\"index, follow, max-snippet:-1, max-image-preview:large, max-video-preview:-1\" \/>\n<link rel=\"canonical\" href=\"https:\/\/digidem-bayern.de\/en\/soziale-isolation\/\" \/>\n<meta property=\"og:locale\" content=\"en_US\" \/>\n<meta property=\"og:type\" content=\"article\" \/>\n<meta property=\"og:title\" content=\"Soziale Isolation - digiDEM Bayern\" \/>\n<meta property=\"og:description\" content=\"digiDEM Bayern zielt darauf ab, die Lebensbedingungen von Menschen mit MCI\/Demenz und deren pflegenden An- und Zugeh\u00f6rigen nachhaltig zu verbessern.\" \/>\n<meta property=\"og:url\" content=\"https:\/\/digidem-bayern.de\/en\/soziale-isolation\/\" \/>\n<meta property=\"og:site_name\" content=\"digiDEM Bayern\" \/>\n<meta property=\"article:publisher\" content=\"https:\/\/www.facebook.com\/digiDEMBayern\/\" \/>\n<meta property=\"article:modified_time\" content=\"2025-03-13T12:23:50+00:00\" \/>\n<meta property=\"og:image\" content=\"https:\/\/digidem-bayern.de\/wp-content\/uploads\/2025\/02\/12_Soziale-Isolation.webp\" \/>\n\t<meta property=\"og:image:width\" content=\"1024\" \/>\n\t<meta property=\"og:image:height\" content=\"1024\" \/>\n\t<meta property=\"og:image:type\" content=\"image\/webp\" \/>\n<meta name=\"twitter:label1\" content=\"Est. reading time\" \/>\n\t<meta name=\"twitter:data1\" content=\"2 minutes\" \/>\n<script type=\"application\/ld+json\" class=\"yoast-schema-graph\">{\"@context\":\"https:\\\/\\\/schema.org\",\"@graph\":[{\"@type\":\"WebPage\",\"@id\":\"https:\\\/\\\/digidem-bayern.de\\\/soziale-isolation\\\/\",\"url\":\"https:\\\/\\\/digidem-bayern.de\\\/soziale-isolation\\\/\",\"name\":\"Soziale Isolation - digiDEM Bayern\",\"isPartOf\":{\"@id\":\"\\\/#website\"},\"primaryImageOfPage\":{\"@id\":\"https:\\\/\\\/digidem-bayern.de\\\/soziale-isolation\\\/#primaryimage\"},\"image\":{\"@id\":\"https:\\\/\\\/digidem-bayern.de\\\/soziale-isolation\\\/#primaryimage\"},\"thumbnailUrl\":\"https:\\\/\\\/digidem-bayern.de\\\/wp-content\\\/uploads\\\/2025\\\/02\\\/12_Soziale-Isolation.webp\",\"datePublished\":\"2025-01-23T07:27:56+00:00\",\"dateModified\":\"2025-03-13T12:23:50+00:00\",\"description\":\"digiDEM Bayern zielt darauf ab, die Lebensbedingungen von Menschen mit MCI\\\/Demenz und deren pflegenden An- und Zugeh\u00f6rigen nachhaltig zu verbessern.\",\"breadcrumb\":{\"@id\":\"https:\\\/\\\/digidem-bayern.de\\\/soziale-isolation\\\/#breadcrumb\"},\"inLanguage\":\"en-US\",\"potentialAction\":[{\"@type\":\"ReadAction\",\"target\":[\"https:\\\/\\\/digidem-bayern.de\\\/soziale-isolation\\\/\"]}]},{\"@type\":\"ImageObject\",\"inLanguage\":\"en-US\",\"@id\":\"https:\\\/\\\/digidem-bayern.de\\\/soziale-isolation\\\/#primaryimage\",\"url\":\"https:\\\/\\\/digidem-bayern.de\\\/wp-content\\\/uploads\\\/2025\\\/02\\\/12_Soziale-Isolation.webp\",\"contentUrl\":\"https:\\\/\\\/digidem-bayern.de\\\/wp-content\\\/uploads\\\/2025\\\/02\\\/12_Soziale-Isolation.webp\"},{\"@type\":\"BreadcrumbList\",\"@id\":\"https:\\\/\\\/digidem-bayern.de\\\/soziale-isolation\\\/#breadcrumb\",\"itemListElement\":[{\"@type\":\"ListItem\",\"position\":1,\"name\":\"Startseite\",\"item\":\"https:\\\/\\\/digidem-bayern.de\\\/\"},{\"@type\":\"ListItem\",\"position\":2,\"name\":\"Soziale Isolation\"}]},{\"@type\":\"WebSite\",\"@id\":\"\\\/#website\",\"url\":\"\\\/\",\"name\":\"digiDEM Bayern\",\"description\":\"Das digitale Demenzregister Bayern erforscht und verbessert die Angebotsstuktur f\u00fcr Menschen mit Demenz und deren Angeh\u00f6rige\",\"publisher\":{\"@id\":\"\\\/#organization\"},\"potentialAction\":[{\"@type\":\"SearchAction\",\"target\":{\"@type\":\"EntryPoint\",\"urlTemplate\":\"\\\/?s={search_term_string}\"},\"query-input\":{\"@type\":\"PropertyValueSpecification\",\"valueRequired\":true,\"valueName\":\"search_term_string\"}}],\"inLanguage\":\"en-US\"},{\"@type\":\"Organization\",\"@id\":\"\\\/#organization\",\"name\":\"digiDEM Bayern\",\"url\":\"\\\/\",\"logo\":{\"@type\":\"ImageObject\",\"inLanguage\":\"en-US\",\"@id\":\"\\\/#\\\/schema\\\/logo\\\/image\\\/\",\"url\":\"https:\\\/\\\/digidem-bayern.de\\\/wp-content\\\/uploads\\\/2022\\\/03\\\/cropped-Allgemeines_digiDEMLOGO-removebg-preview.png\",\"contentUrl\":\"https:\\\/\\\/digidem-bayern.de\\\/wp-content\\\/uploads\\\/2022\\\/03\\\/cropped-Allgemeines_digiDEMLOGO-removebg-preview.png\",\"width\":612,\"height\":357,\"caption\":\"digiDEM Bayern\"},\"image\":{\"@id\":\"\\\/#\\\/schema\\\/logo\\\/image\\\/\"},\"sameAs\":[\"https:\\\/\\\/www.facebook.com\\\/digiDEMBayern\\\/\",\"https:\\\/\\\/x.com\\\/digidem_bayern\",\"https:\\\/\\\/www.instagram.com\\\/digidem.bayern\",\"https:\\\/\\\/www.linkedin.com\\\/company\\\/digidem-bayern\\\/\"]}]}<\/script>\n<!-- \/ Yoast SEO plugin. -->","yoast_head_json":{"title":"Soziale Isolation - digiDEM Bayern","description":"digiDEM Bayern zielt darauf ab, die Lebensbedingungen von Menschen mit MCI\/Demenz und deren pflegenden An- und Zugeh\u00f6rigen nachhaltig zu verbessern.","robots":{"index":"index","follow":"follow","max-snippet":"max-snippet:-1","max-image-preview":"max-image-preview:large","max-video-preview":"max-video-preview:-1"},"canonical":"https:\/\/digidem-bayern.de\/en\/soziale-isolation\/","og_locale":"en_US","og_type":"article","og_title":"Soziale Isolation - digiDEM Bayern","og_description":"digiDEM Bayern zielt darauf ab, die Lebensbedingungen von Menschen mit MCI\/Demenz und deren pflegenden An- und Zugeh\u00f6rigen nachhaltig zu verbessern.","og_url":"https:\/\/digidem-bayern.de\/en\/soziale-isolation\/","og_site_name":"digiDEM Bayern","article_publisher":"https:\/\/www.facebook.com\/digiDEMBayern\/","article_modified_time":"2025-03-13T12:23:50+00:00","og_image":[{"width":1024,"height":1024,"url":"https:\/\/digidem-bayern.de\/wp-content\/uploads\/2025\/02\/12_Soziale-Isolation.webp","type":"image\/webp"}],"twitter_misc":{"Est. reading time":"2 minutes"},"schema":{"@context":"https:\/\/schema.org","@graph":[{"@type":"WebPage","@id":"https:\/\/digidem-bayern.de\/soziale-isolation\/","url":"https:\/\/digidem-bayern.de\/soziale-isolation\/","name":"Soziale Isolation - digiDEM Bayern","isPartOf":{"@id":"\/#website"},"primaryImageOfPage":{"@id":"https:\/\/digidem-bayern.de\/soziale-isolation\/#primaryimage"},"image":{"@id":"https:\/\/digidem-bayern.de\/soziale-isolation\/#primaryimage"},"thumbnailUrl":"https:\/\/digidem-bayern.de\/wp-content\/uploads\/2025\/02\/12_Soziale-Isolation.webp","datePublished":"2025-01-23T07:27:56+00:00","dateModified":"2025-03-13T12:23:50+00:00","description":"digiDEM Bayern zielt darauf ab, die Lebensbedingungen von Menschen mit MCI\/Demenz und deren pflegenden An- und Zugeh\u00f6rigen nachhaltig zu verbessern.","breadcrumb":{"@id":"https:\/\/digidem-bayern.de\/soziale-isolation\/#breadcrumb"},"inLanguage":"en-US","potentialAction":[{"@type":"ReadAction","target":["https:\/\/digidem-bayern.de\/soziale-isolation\/"]}]},{"@type":"ImageObject","inLanguage":"en-US","@id":"https:\/\/digidem-bayern.de\/soziale-isolation\/#primaryimage","url":"https:\/\/digidem-bayern.de\/wp-content\/uploads\/2025\/02\/12_Soziale-Isolation.webp","contentUrl":"https:\/\/digidem-bayern.de\/wp-content\/uploads\/2025\/02\/12_Soziale-Isolation.webp"},{"@type":"BreadcrumbList","@id":"https:\/\/digidem-bayern.de\/soziale-isolation\/#breadcrumb","itemListElement":[{"@type":"ListItem","position":1,"name":"Startseite","item":"https:\/\/digidem-bayern.de\/"},{"@type":"ListItem","position":2,"name":"Soziale Isolation"}]},{"@type":"WebSite","@id":"\/#website","url":"\/","name":"digiDEM Bavaria","description":"The digital dementia register in Bavaria researches and improves the structure of services for people with dementia and their relatives","publisher":{"@id":"\/#organization"},"potentialAction":[{"@type":"SearchAction","target":{"@type":"EntryPoint","urlTemplate":"\/?s={search_term_string}"},"query-input":{"@type":"PropertyValueSpecification","valueRequired":true,"valueName":"search_term_string"}}],"inLanguage":"en-US"},{"@type":"Organization","@id":"\/#organization","name":"digiDEM Bavaria","url":"\/","logo":{"@type":"ImageObject","inLanguage":"en-US","@id":"\/#\/schema\/logo\/image\/","url":"https:\/\/digidem-bayern.de\/wp-content\/uploads\/2022\/03\/cropped-Allgemeines_digiDEMLOGO-removebg-preview.png","contentUrl":"https:\/\/digidem-bayern.de\/wp-content\/uploads\/2022\/03\/cropped-Allgemeines_digiDEMLOGO-removebg-preview.png","width":612,"height":357,"caption":"digiDEM Bayern"},"image":{"@id":"\/#\/schema\/logo\/image\/"},"sameAs":["https:\/\/www.facebook.com\/digiDEMBayern\/","https:\/\/x.com\/digidem_bayern","https:\/\/www.instagram.com\/digidem.bayern","https:\/\/www.linkedin.com\/company\/digidem-bayern\/"]}]}},"uagb_featured_image_src":{"full":false,"thumbnail":false,"medium":false,"medium_large":false,"large":false,"1536x1536":false,"2048x2048":false,"trp-custom-language-flag":false,"qubely_landscape":false,"qubely_portrait":false,"qubely_thumbnail":false,"post-thumbnail":false,"kahuna-featured":false,"kahuna-featured-lp":false,"kahuna-featured-half":false,"kahuna-featured-third":false,"kahuna-lpbox-1":false,"kahuna-lpbox-2":false,"demand-language-flag":false,"dddkt-language-flag":false,"ddiqc-language-flag":false,"ddtl-language-flag":false,"mailpoet_newsletter_max":false,"kahuna-lpbox-3":false,"kahuna-featured-square":false,"kahuna-featured-square-large":false},"uagb_author_info":{"display_name":"Michael Zeiler","author_link":"https:\/\/digidem-bayern.de\/en\/author\/michael-zeiler\/"},"uagb_comment_info":0,"uagb_excerpt":"Dieses Symbolbild wurde mit Unterst\u00fctzung von DALL\u00b7E 2025 erstellt. Warum ist Soziale Isolation ein Risikofaktor f\u00fcr Demenz?&nbsp; Mechanismen: Seltene soziale Kontakte tragen zu einem gesteigerten Demenzrisiko bei. Fehlt es an sozialen Interaktionen oder leben Menschen sehr isoliert und zur\u00fcckgezogen, kann das zu einer verringerten&nbsp;kognitive Reserve&nbsp;(siehe oben),&nbsp;ungesunde Verhaltensweisen&nbsp;und&nbsp;erh\u00f6hter Stress&nbsp;beitragen. Sozialer Isolation &hellip;","_links":{"self":[{"href":"https:\/\/digidem-bayern.de\/en\/wp-json\/wp\/v2\/pages\/40918","targetHints":{"allow":["GET"]}}],"collection":[{"href":"https:\/\/digidem-bayern.de\/en\/wp-json\/wp\/v2\/pages"}],"about":[{"href":"https:\/\/digidem-bayern.de\/en\/wp-json\/wp\/v2\/types\/page"}],"author":[{"embeddable":true,"href":"https:\/\/digidem-bayern.de\/en\/wp-json\/wp\/v2\/users\/11"}],"replies":[{"embeddable":true,"href":"https:\/\/digidem-bayern.de\/en\/wp-json\/wp\/v2\/comments?post=40918"}],"version-history":[{"count":7,"href":"https:\/\/digidem-bayern.de\/en\/wp-json\/wp\/v2\/pages\/40918\/revisions"}],"predecessor-version":[{"id":42328,"href":"https:\/\/digidem-bayern.de\/en\/wp-json\/wp\/v2\/pages\/40918\/revisions\/42328"}],"wp:attachment":[{"href":"https:\/\/digidem-bayern.de\/en\/wp-json\/wp\/v2\/media?parent=40918"}],"curies":[{"name":"wp","href":"https:\/\/api.w.org\/{rel}","templated":true}]}}