{"id":24199,"date":"2022-10-24T13:46:27","date_gmt":"2022-10-24T11:46:27","guid":{"rendered":"https:\/\/digidem-bayern.de\/?page_id=24199"},"modified":"2024-04-23T13:47:56","modified_gmt":"2024-04-23T11:47:56","slug":"qualitaetssicherung-der-befragungen-und-daten","status":"publish","type":"page","link":"https:\/\/digidem-bayern.de\/en\/qualitaetssicherung-der-befragungen-und-daten\/","title":{"rendered":"Qualit\u00e4tssicherung der Befragungen und Daten"},"content":{"rendered":"<p>Die Qualit\u00e4t der Daten ist ein zentrales Kriterium f\u00fcr den Erfolg eines \u00f6ffentlich gef\u00f6rderten Forschungsprojekts. Diese Qualit\u00e4t ist umso wichtiger, als die aus den Daten gewonnen Informationen der evidenzbasierten Entscheidungsfindung in der Politik dienen. In diesem Falle werden die Daten dem Bayerischen Staatsministerium f\u00fcr Gesundheit, Pflege und Pr\u00e4vention (StMGP) und der Bayerischen Staatsregierung zur Versorgungsplanung in Bayern bereitgestellt.<\/p>\n\n\n\n<p>Um eine hohe Qualit\u00e4t der Befragungen und Daten zu gew\u00e4hrleisten, wurde im Projekt digiDEM Bayern ein engmaschiges Qualit\u00e4tsmanagement-System mit regelm\u00e4\u00dfigen Pr\u00fcfungen der Befragungs- und Datenqualit\u00e4t etabliert. Die Projektleitung arbeitet stetig daran, das Qualit\u00e4tsmanagement-System zu verbessern und weiterzuentwickeln, insbesondere um rechtlichen und technologischen Entwicklungen Rechnung zu tragen.<\/p>\n\n\n\n<h2 class=\"wp-block-heading\"><strong>Ma\u00dfnahmen zur Qualit\u00e4tssicherung<\/strong><\/h2>\n\n\n\n<p>Zur Sicherstellung einer hohen Befragungs- und Datenqualit\u00e4t werden verschiedene Ma\u00dfnahmen regelm\u00e4\u00dfig umgesetzt und dokumentiert.<\/p>\n\n\n\n<p>Als erste Ma\u00dfnahme werden die Teilnehmenden an digiDEM Bayern in regelm\u00e4\u00dfigen Abst\u00e4nden telefonisch kontaktiert. Bei der telefonischen Kontaktaufnahme liegt der Schwerpunkt auf der Feststellung der Zufriedenheit der Teilnehmenden mit der Befragung. Hierbei erfolgt keine bewusste Selektion der anzurufenden Teilnehmenden, vielmehr umfassen die stichprobenartigen Kontrollen alle Forschungspartner in allen bayerischen Regierungsbezirken, die an digiDEM Bayern beteiligt sind.<\/p>\n\n\n\n<p>Als zweite Ma\u00dfnahme wird eine regelm\u00e4\u00dfige \u00dcberpr\u00fcfung der Vollst\u00e4ndigkeit und Plausibilit\u00e4t aller in digiDEM Bayern erhobenen Daten durchgef\u00fchrt. Die Datenerhebung erfolgt mit der Registersoftware REDCap, die im wissenschaftlichen Bereich weit verbreitet ist. Auf diese Weise haben die Mitarbeitenden von digiDEM Bayern direkt nach der Dateneingabe Zugriff auf die pseudonymisierten Daten und k\u00f6nnen deren Vollst\u00e4ndigkeit und Plausibilit\u00e4t pr\u00fcfen. Die Ergebnisse werden in internen Arbeitssystemen dokumentiert.<\/p>\n\n\n\n<h2 class=\"wp-block-heading\"><strong>Profile der Forschungspartner<\/strong><\/h2>\n\n\n\n<p>Im Rahmen der Datenerhebung arbeitet das Projekt digiDEM Bayern eng mit Forschungspartnern zusammen. Forschungspartner sind Einrichtungen oder Einzelpersonen, die in der Versorgung von Menschen mit kognitiven Einschr\u00e4nkungen und\/oder deren An- und Zugeh\u00f6rigen aktiv sind. Im Folgenden findet sich eine tabellarische \u00dcbersicht \u00fcber m\u00f6gliche Forschungspartner:<\/p>\n\n\n\n<figure class=\"wp-block-table\"><table><tbody><tr><td><strong>Kategorie<\/strong><\/td><td><strong>Zugeh\u00f6rige Einrichtungstypen<\/strong><\/td><\/tr><tr><td>Ambulante Dienste<\/td><td>Ambulanter Pflegedienst, Betreuungsdienst, Sozialstation<\/td><\/tr><tr><td>Apotheken<\/td><td><\/td><\/tr><tr><td>\u00c4rzte\/\u00c4rztinnen<\/td><td>Arzt\/\u00c4rztin, Praxis, Klinik<\/td><\/tr><tr><td>Betreute Wohneinrichtungen<\/td><td>Demenz-WG, Betreutes Wohnen<\/td><\/tr><tr><td>Fachstellen<\/td><td>Fachstelle f\u00fcr pflegende Angeh\u00f6rige, Fachstelle f\u00fcr Seniorarbeit<\/td><\/tr><tr><td>Ged\u00e4chtnisambulanzen<\/td><td>Neurologie, Ged\u00e4chtnissprechstunde, Memoryklinik, Ambulante Psychiatrische Dienste<\/td><\/tr><tr><td>Einzelpersonen<\/td><td>Ehrenamtlich t\u00e4tige Personen, im Gesundheitswesen freiberuflich t\u00e4tige Personen<\/td><\/tr><tr><td>Tageseinrichtungen<\/td><td>Tagespflege, Betreuungsgruppe, Seniorenzentrum, Mehrgenerationenhaus<\/td><\/tr><\/tbody><\/table><\/figure>\n\n\n\n<h2 class=\"wp-block-heading\"><strong>Kriterien f\u00fcr die Auswahl der Forschungspartner<\/strong><\/h2>\n\n\n\n<p>Die Forschungspartner werden anhand der im Folgenden definierten Kriterien ausgew\u00e4hlt:<\/p>\n\n\n\n<ul class=\"wp-block-list\">\n<li>Zugang und Kontakt zu Menschen mit kognitiven Einschr\u00e4nkungen und \/ oder deren pflegenden An- und Zugeh\u00f6rigen<\/li>\n\n\n\n<li>Professioneller Hintergrund in der Versorgung von Menschen mit kognitiven Einschr\u00e4nkungen und \/ oder deren pflegenden An- und Zugeh\u00f6rigen<\/li>\n\n\n\n<li>Erfahrung im Umgang mit Menschen mit kognitiven Einschr\u00e4nkungen und \/ oder deren pflegenden An- und Zugeh\u00f6rigen<\/li>\n\n\n\n<li>Ehrenamtlich t\u00e4tige Personen auf pers\u00f6nliche Empfehlung der regionalen Projektassistenzen und \/ oder bestehender Forschungspartner.<\/li>\n<\/ul>\n\n\n\n<p>Die Zusammenarbeit mit den Forschungspartnern wird in digiDEM Bayern im Rahmen einer Kooperations- und Datenschutzvereinbarung vertraglich geregelt. Um eine hohe Befragungs- und Datenqualit\u00e4t sicherzustellen, werden die Forschungspartner vor Beginn der Datenerhebung systematisch geschult. Die Forschungspartner erhalten nach Abschluss der Schulung ein entsprechendes Zertifikat. Zudem werden die Forschungspartner verpflichtend einmal pro Jahr nachgeschult.<\/p>\n\n\n\n<p>Die zuvor genannten generellen Kriterien zur Zusammenarbeit werden im Rahmen der Schulungsanmeldung gepr\u00fcft.<\/p>\n\n\n\n<p>Die Ergebnisse der \u00dcberpr\u00fcfung der Befragungs- und Datenqualit\u00e4t werden dem StMGP als Drittmittelgeber f\u00fcr das Projekt digiDEM Bayern in Form von regelm\u00e4\u00dfigen Berichten kommuniziert. Die st\u00e4ndige Weiterentwicklung und Verbesserung des QM-Systems wird zudem in Abstimmung mit dem StMGP realisiert. Dies ist insbesondere wichtig, um die zweckm\u00e4\u00dfige Verwendung der vom StMGP bereitgestellten F\u00f6rdermittel aus Steuergeldern sicherzustellen.<\/p>","protected":false},"excerpt":{"rendered":"<p>Die Qualit\u00e4t der Daten ist ein zentrales Kriterium f\u00fcr den Erfolg eines \u00f6ffentlich gef\u00f6rderten Forschungsprojekts. Diese Qualit\u00e4t ist umso wichtiger, als die aus den Daten gewonnen Informationen der evidenzbasierten Entscheidungsfindung in der Politik dienen. In diesem Falle werden die Daten dem Bayerischen Staatsministerium f\u00fcr Gesundheit, Pflege und Pr\u00e4vention (StMGP) und &hellip;<\/p>","protected":false},"author":7,"featured_media":0,"parent":0,"menu_order":0,"comment_status":"closed","ping_status":"closed","template":"","meta":{"qubely_global_settings":"","qubely_interactions":"","_uag_custom_page_level_css":"","footnotes":""},"class_list":["post-24199","page","type-page","status-publish","hentry"],"featured_image_urls_v2":{"full":"","thumbnail":"","medium":"","medium_large":"","large":"","1536x1536":"","2048x2048":"","trp-custom-language-flag":"","qubely_landscape":"","qubely_portrait":"","qubely_thumbnail":"","post-thumbnail":"","kahuna-featured":"","kahuna-featured-lp":"","kahuna-featured-half":"","kahuna-featured-third":"","kahuna-lpbox-1":"","kahuna-lpbox-2":"","demand-language-flag":"","dddkt-language-flag":"","ddiqc-language-flag":"","ddtl-language-flag":"","mailpoet_newsletter_max":"","kahuna-lpbox-3":"","kahuna-featured-square":"","kahuna-featured-square-large":""},"post_excerpt_stackable_v2":"<p>Die Qualit\u00e4t der Daten ist ein zentrales Kriterium f\u00fcr den Erfolg eines \u00f6ffentlich gef\u00f6rderten Forschungsprojekts. Diese Qualit\u00e4t ist umso wichtiger, als die aus den Daten gewonnen Informationen der evidenzbasierten Entscheidungsfindung in der Politik dienen. In diesem Falle werden die Daten dem Bayerischen Staatsministerium f\u00fcr Gesundheit, Pflege und Pr\u00e4vention (StMGP) und der Bayerischen Staatsregierung zur Versorgungsplanung in Bayern bereitgestellt. Um eine hohe Qualit\u00e4t der Befragungen und Daten zu gew\u00e4hrleisten, wurde im Projekt digiDEM Bayern ein engmaschiges Qualit\u00e4tsmanagement-System mit regelm\u00e4\u00dfigen Pr\u00fcfungen der Befragungs- und Datenqualit\u00e4t etabliert. Die Projektleitung arbeitet stetig daran, das Qualit\u00e4tsmanagement-System zu verbessern und weiterzuentwickeln, insbesondere um rechtlichen und technologischen&hellip;<\/p>\n","category_list_v2":"","author_info_v2":{"name":"Anne Keefer","url":"https:\/\/digidem-bayern.de\/en\/author\/ag-webinar\/"},"comments_num_v2":"0 comments","yoast_head":"<!-- This site is optimized with the Yoast SEO plugin v27.4 - https:\/\/yoast.com\/product\/yoast-seo-wordpress\/ -->\n<title>Qualit\u00e4tssicherung der Befragungen und Daten - digiDEM Bayern<\/title>\n<meta name=\"description\" content=\"digiDEM Bayern zielt darauf ab, die Lebensbedingungen von Menschen mit MCI\/Demenz und deren pflegenden An- und Zugeh\u00f6rigen nachhaltig zu verbessern.\" \/>\n<meta name=\"robots\" content=\"index, follow, max-snippet:-1, max-image-preview:large, max-video-preview:-1\" \/>\n<link rel=\"canonical\" href=\"https:\/\/digidem-bayern.de\/en\/qualitaetssicherung-der-befragungen-und-daten\/\" \/>\n<meta property=\"og:locale\" content=\"en_US\" \/>\n<meta property=\"og:type\" content=\"article\" \/>\n<meta property=\"og:title\" content=\"Qualit\u00e4tssicherung der Befragungen und Daten - digiDEM Bayern\" \/>\n<meta property=\"og:description\" content=\"digiDEM Bayern zielt darauf ab, die Lebensbedingungen von Menschen mit MCI\/Demenz und deren pflegenden An- und Zugeh\u00f6rigen nachhaltig zu verbessern.\" \/>\n<meta property=\"og:url\" content=\"https:\/\/digidem-bayern.de\/en\/qualitaetssicherung-der-befragungen-und-daten\/\" \/>\n<meta property=\"og:site_name\" content=\"digiDEM Bayern\" \/>\n<meta property=\"article:publisher\" content=\"https:\/\/www.facebook.com\/digiDEMBayern\/\" \/>\n<meta property=\"article:modified_time\" content=\"2024-04-23T11:47:56+00:00\" \/>\n<meta property=\"og:image\" content=\"https:\/\/digidem-bayern.de\/wp-content\/uploads\/logo-digidem-digitales-demenzregister-bayern.jpg.png\" \/>\n\t<meta property=\"og:image:width\" content=\"340\" \/>\n\t<meta property=\"og:image:height\" content=\"200\" \/>\n\t<meta property=\"og:image:type\" content=\"image\/png\" \/>\n<meta name=\"twitter:label1\" content=\"Est. reading time\" \/>\n\t<meta name=\"twitter:data1\" content=\"3 minutes\" \/>\n<script type=\"application\/ld+json\" class=\"yoast-schema-graph\">{\"@context\":\"https:\\\/\\\/schema.org\",\"@graph\":[{\"@type\":\"WebPage\",\"@id\":\"https:\\\/\\\/digidem-bayern.de\\\/qualitaetssicherung-der-befragungen-und-daten\\\/\",\"url\":\"https:\\\/\\\/digidem-bayern.de\\\/qualitaetssicherung-der-befragungen-und-daten\\\/\",\"name\":\"Qualit\u00e4tssicherung der Befragungen und Daten - digiDEM Bayern\",\"isPartOf\":{\"@id\":\"\\\/#website\"},\"datePublished\":\"2022-10-24T11:46:27+00:00\",\"dateModified\":\"2024-04-23T11:47:56+00:00\",\"description\":\"digiDEM Bayern zielt darauf ab, die Lebensbedingungen von Menschen mit MCI\\\/Demenz und deren pflegenden An- und Zugeh\u00f6rigen nachhaltig zu verbessern.\",\"breadcrumb\":{\"@id\":\"https:\\\/\\\/digidem-bayern.de\\\/qualitaetssicherung-der-befragungen-und-daten\\\/#breadcrumb\"},\"inLanguage\":\"en-US\",\"potentialAction\":[{\"@type\":\"ReadAction\",\"target\":[\"https:\\\/\\\/digidem-bayern.de\\\/qualitaetssicherung-der-befragungen-und-daten\\\/\"]}]},{\"@type\":\"BreadcrumbList\",\"@id\":\"https:\\\/\\\/digidem-bayern.de\\\/qualitaetssicherung-der-befragungen-und-daten\\\/#breadcrumb\",\"itemListElement\":[{\"@type\":\"ListItem\",\"position\":1,\"name\":\"Startseite\",\"item\":\"https:\\\/\\\/digidem-bayern.de\\\/\"},{\"@type\":\"ListItem\",\"position\":2,\"name\":\"Qualit\u00e4tssicherung der Befragungen und Daten\"}]},{\"@type\":\"WebSite\",\"@id\":\"\\\/#website\",\"url\":\"\\\/\",\"name\":\"digiDEM Bayern\",\"description\":\"Das digitale Demenzregister Bayern erforscht und verbessert die Angebotsstuktur f\u00fcr Menschen mit Demenz und deren Angeh\u00f6rige\",\"publisher\":{\"@id\":\"\\\/#organization\"},\"potentialAction\":[{\"@type\":\"SearchAction\",\"target\":{\"@type\":\"EntryPoint\",\"urlTemplate\":\"\\\/?s={search_term_string}\"},\"query-input\":{\"@type\":\"PropertyValueSpecification\",\"valueRequired\":true,\"valueName\":\"search_term_string\"}}],\"inLanguage\":\"en-US\"},{\"@type\":\"Organization\",\"@id\":\"\\\/#organization\",\"name\":\"digiDEM Bayern\",\"url\":\"\\\/\",\"logo\":{\"@type\":\"ImageObject\",\"inLanguage\":\"en-US\",\"@id\":\"\\\/#\\\/schema\\\/logo\\\/image\\\/\",\"url\":\"https:\\\/\\\/digidem-bayern.de\\\/wp-content\\\/uploads\\\/2022\\\/03\\\/cropped-Allgemeines_digiDEMLOGO-removebg-preview.png\",\"contentUrl\":\"https:\\\/\\\/digidem-bayern.de\\\/wp-content\\\/uploads\\\/2022\\\/03\\\/cropped-Allgemeines_digiDEMLOGO-removebg-preview.png\",\"width\":612,\"height\":357,\"caption\":\"digiDEM Bayern\"},\"image\":{\"@id\":\"\\\/#\\\/schema\\\/logo\\\/image\\\/\"},\"sameAs\":[\"https:\\\/\\\/www.facebook.com\\\/digiDEMBayern\\\/\",\"https:\\\/\\\/x.com\\\/digidem_bayern\",\"https:\\\/\\\/www.instagram.com\\\/digidem.bayern\",\"https:\\\/\\\/www.linkedin.com\\\/company\\\/digidem-bayern\\\/\"]}]}<\/script>\n<!-- \/ Yoast SEO plugin. -->","yoast_head_json":{"title":"Qualit\u00e4tssicherung der Befragungen und Daten - digiDEM Bayern","description":"digiDEM Bayern zielt darauf ab, die Lebensbedingungen von Menschen mit MCI\/Demenz und deren pflegenden An- und Zugeh\u00f6rigen nachhaltig zu verbessern.","robots":{"index":"index","follow":"follow","max-snippet":"max-snippet:-1","max-image-preview":"max-image-preview:large","max-video-preview":"max-video-preview:-1"},"canonical":"https:\/\/digidem-bayern.de\/en\/qualitaetssicherung-der-befragungen-und-daten\/","og_locale":"en_US","og_type":"article","og_title":"Qualit\u00e4tssicherung der Befragungen und Daten - digiDEM Bayern","og_description":"digiDEM Bayern zielt darauf ab, die Lebensbedingungen von Menschen mit MCI\/Demenz und deren pflegenden An- und Zugeh\u00f6rigen nachhaltig zu verbessern.","og_url":"https:\/\/digidem-bayern.de\/en\/qualitaetssicherung-der-befragungen-und-daten\/","og_site_name":"digiDEM Bayern","article_publisher":"https:\/\/www.facebook.com\/digiDEMBayern\/","article_modified_time":"2024-04-23T11:47:56+00:00","og_image":[{"width":340,"height":200,"url":"https:\/\/digidem-bayern.de\/wp-content\/uploads\/logo-digidem-digitales-demenzregister-bayern.jpg.png","type":"image\/png"}],"twitter_misc":{"Est. reading time":"3 minutes"},"schema":{"@context":"https:\/\/schema.org","@graph":[{"@type":"WebPage","@id":"https:\/\/digidem-bayern.de\/qualitaetssicherung-der-befragungen-und-daten\/","url":"https:\/\/digidem-bayern.de\/qualitaetssicherung-der-befragungen-und-daten\/","name":"Qualit\u00e4tssicherung der Befragungen und Daten - digiDEM Bayern","isPartOf":{"@id":"\/#website"},"datePublished":"2022-10-24T11:46:27+00:00","dateModified":"2024-04-23T11:47:56+00:00","description":"digiDEM Bayern zielt darauf ab, die Lebensbedingungen von Menschen mit MCI\/Demenz und deren pflegenden An- und Zugeh\u00f6rigen nachhaltig zu verbessern.","breadcrumb":{"@id":"https:\/\/digidem-bayern.de\/qualitaetssicherung-der-befragungen-und-daten\/#breadcrumb"},"inLanguage":"en-US","potentialAction":[{"@type":"ReadAction","target":["https:\/\/digidem-bayern.de\/qualitaetssicherung-der-befragungen-und-daten\/"]}]},{"@type":"BreadcrumbList","@id":"https:\/\/digidem-bayern.de\/qualitaetssicherung-der-befragungen-und-daten\/#breadcrumb","itemListElement":[{"@type":"ListItem","position":1,"name":"Startseite","item":"https:\/\/digidem-bayern.de\/"},{"@type":"ListItem","position":2,"name":"Qualit\u00e4tssicherung der Befragungen und Daten"}]},{"@type":"WebSite","@id":"\/#website","url":"\/","name":"digiDEM Bavaria","description":"The digital dementia register in Bavaria researches and improves the structure of services for people with dementia and their relatives","publisher":{"@id":"\/#organization"},"potentialAction":[{"@type":"SearchAction","target":{"@type":"EntryPoint","urlTemplate":"\/?s={search_term_string}"},"query-input":{"@type":"PropertyValueSpecification","valueRequired":true,"valueName":"search_term_string"}}],"inLanguage":"en-US"},{"@type":"Organization","@id":"\/#organization","name":"digiDEM Bavaria","url":"\/","logo":{"@type":"ImageObject","inLanguage":"en-US","@id":"\/#\/schema\/logo\/image\/","url":"https:\/\/digidem-bayern.de\/wp-content\/uploads\/2022\/03\/cropped-Allgemeines_digiDEMLOGO-removebg-preview.png","contentUrl":"https:\/\/digidem-bayern.de\/wp-content\/uploads\/2022\/03\/cropped-Allgemeines_digiDEMLOGO-removebg-preview.png","width":612,"height":357,"caption":"digiDEM Bayern"},"image":{"@id":"\/#\/schema\/logo\/image\/"},"sameAs":["https:\/\/www.facebook.com\/digiDEMBayern\/","https:\/\/x.com\/digidem_bayern","https:\/\/www.instagram.com\/digidem.bayern","https:\/\/www.linkedin.com\/company\/digidem-bayern\/"]}]}},"uagb_featured_image_src":{"full":false,"thumbnail":false,"medium":false,"medium_large":false,"large":false,"1536x1536":false,"2048x2048":false,"trp-custom-language-flag":false,"qubely_landscape":false,"qubely_portrait":false,"qubely_thumbnail":false,"post-thumbnail":false,"kahuna-featured":false,"kahuna-featured-lp":false,"kahuna-featured-half":false,"kahuna-featured-third":false,"kahuna-lpbox-1":false,"kahuna-lpbox-2":false,"demand-language-flag":false,"dddkt-language-flag":false,"ddiqc-language-flag":false,"ddtl-language-flag":false,"mailpoet_newsletter_max":false,"kahuna-lpbox-3":false,"kahuna-featured-square":false,"kahuna-featured-square-large":false},"uagb_author_info":{"display_name":"Anne Keefer","author_link":"https:\/\/digidem-bayern.de\/en\/author\/ag-webinar\/"},"uagb_comment_info":0,"uagb_excerpt":"Die Qualit\u00e4t der Daten ist ein zentrales Kriterium f\u00fcr den Erfolg eines \u00f6ffentlich gef\u00f6rderten Forschungsprojekts. Diese Qualit\u00e4t ist umso wichtiger, als die aus den Daten gewonnen Informationen der evidenzbasierten Entscheidungsfindung in der Politik dienen. In diesem Falle werden die Daten dem Bayerischen Staatsministerium f\u00fcr Gesundheit, Pflege und Pr\u00e4vention (StMGP) und &hellip;","_links":{"self":[{"href":"https:\/\/digidem-bayern.de\/en\/wp-json\/wp\/v2\/pages\/24199","targetHints":{"allow":["GET"]}}],"collection":[{"href":"https:\/\/digidem-bayern.de\/en\/wp-json\/wp\/v2\/pages"}],"about":[{"href":"https:\/\/digidem-bayern.de\/en\/wp-json\/wp\/v2\/types\/page"}],"author":[{"embeddable":true,"href":"https:\/\/digidem-bayern.de\/en\/wp-json\/wp\/v2\/users\/7"}],"replies":[{"embeddable":true,"href":"https:\/\/digidem-bayern.de\/en\/wp-json\/wp\/v2\/comments?post=24199"}],"version-history":[{"count":9,"href":"https:\/\/digidem-bayern.de\/en\/wp-json\/wp\/v2\/pages\/24199\/revisions"}],"predecessor-version":[{"id":34480,"href":"https:\/\/digidem-bayern.de\/en\/wp-json\/wp\/v2\/pages\/24199\/revisions\/34480"}],"wp:attachment":[{"href":"https:\/\/digidem-bayern.de\/en\/wp-json\/wp\/v2\/media?parent=24199"}],"curies":[{"name":"wp","href":"https:\/\/api.w.org\/{rel}","templated":true}]}}