{"id":22865,"date":"2022-08-16T12:59:13","date_gmt":"2022-08-16T10:59:13","guid":{"rendered":"https:\/\/digidem-bayern.de\/?page_id=22865"},"modified":"2026-03-26T16:00:18","modified_gmt":"2026-03-26T15:00:18","slug":"pressebereich","status":"publish","type":"page","link":"https:\/\/digidem-bayern.de\/en\/pressebereich\/","title":{"rendered":"Press area"},"content":{"rendered":"<p>Liebe Medienvertreter,<\/p>\n\n\n\n<p>herzlich willkommen in unserem Pressebereich.<\/p>\n\n\n\n<p>Sie haben Fragen zu digiDEM Bayern? Sie ben\u00f6tigen einen Interviewpartner zum Thema Versorgungsforschung im Bereich demenzieller Erkrankungen oder m\u00f6chten sich aus erster Hand \u00fcber unsere wissenschaftlich evaluierten digitalen Angebote informieren? Gerne stehen wir auch f\u00fcr die Organisation von Fotoshootings zur Verf\u00fcgung.<\/p>\n\n\n\n<p>In unserem Pressebereich finden Sie Pressemitteilungen, Informationen \u00fcber digiDEM Bayern Bildmaterial f\u00fcr Journalisten, digiDEM Bayern-Logos und eine Auswahl von Medienberichten.<\/p>\n\n\n\n<div style=\"height:15px\" aria-hidden=\"true\" class=\"wp-block-spacer\"><\/div>\n\n\n\n<h2 class=\"wp-block-heading\">Aktuelle Pressemitteilungen:<\/h2>\n\n\n<div class=\"wp-block-qubely-postgrid qubely-block-547a05\"><div class=\"qubely-postgrid-wrapper  qubely-postgrid-layout-1\" ><div class=\"qubely-postgrid qubely-post-list-view qubely-postgrid-style-2\"><div class=\"qubely-post-list-wrapper qubely-post-list-center\"><div class=\"qubely-post-list-img qubely-post-img qubely-post-img-none\"><a href=\"https:\/\/digidem-bayern.de\/en\/digidem-bayern-setzt-meilenstein-fuer-die-demenz-frueherkennung-2\/\"><img decoding=\"async\" class=\"qubely-post-image\" src=\"https:\/\/digidem-bayern.de\/wp-content\/uploads\/2025\/11\/Rekordzahl-Screeningtage-1030x918.png\" alt=\"digiDEM Bayern mit Rekordzahl an Demenz-Screeningtagen\u00a0\"\/><\/a><\/div><div class=\"qubely-post-list-content\"><h2 class=\"qubely-postgrid-title\"><a href=\"https:\/\/digidem-bayern.de\/en\/digidem-bayern-setzt-meilenstein-fuer-die-demenz-frueherkennung-2\/\">digiDEM Bayern mit Rekordzahl an Demenz-Screeningtagen\u00a0<\/a><\/h2><div class=\"qubely-postgrid-meta\"><span><i class=\"fas fa-user\"><\/i> By <a href=\"https:\/\/digidem-bayern.de\/en\/author\/hoeratia\/\" title=\"Posts by Ilona H\u00f6rath\" rel=\"author\">Ilona H\u00f6rath<\/a><\/span><span><i class=\"far fa-calendar-alt\"><\/i> 13.11.2025<\/span><span><i class=\"fas fa-comment\"><\/i> 0<\/span><\/div><div class=\"qubely-postgrid-intro\">Anl\u00e4sslich der 6. Bayerischen Demenzwoche hat das Forschungsprojekt digiDEM Bayern mit der Rekordzahl von 62 Demenz-Screeningtagen im Vergleich zu vergangenen Bayerischen Demenzwochen an Standorten in ganz Bayern einen wesentlichen Beitrag zur Fr\u00fcherkennung von Demenz geleistet. Rund 1.500 Menschen haben die M\u00f6glichkeit genutzt, sich testen zu lassen, davon haben 23 Prozent &hellip;<\/div><div class=\"qubely-postgrid-btn-wrapper\"><a class=\"qubely-postgrid-btn qubely-button-fill is-small\" href=\"https:\/\/digidem-bayern.de\/en\/digidem-bayern-setzt-meilenstein-fuer-die-demenz-frueherkennung-2\/\">Read more<\/a><\/div><\/div><\/div><\/div><div class=\"qubely-postgrid qubely-post-list-view qubely-postgrid-style-2\"><div class=\"qubely-post-list-wrapper qubely-post-list-center\"><div class=\"qubely-post-list-img qubely-post-img qubely-post-img-none\"><a href=\"https:\/\/digidem-bayern.de\/en\/digitales-demenzregister-bayern-auf-wachstumskurs\/\"><img decoding=\"async\" class=\"qubely-post-image\" src=\"https:\/\/digidem-bayern.de\/wp-content\/uploads\/2025\/09\/Pokal-3000-TN-V2-824x1030.png\" alt=\"Digitales Demenzregister Bayern auf Wachstumskurs\"\/><\/a><\/div><div class=\"qubely-post-list-content\"><h2 class=\"qubely-postgrid-title\"><a href=\"https:\/\/digidem-bayern.de\/en\/digitales-demenzregister-bayern-auf-wachstumskurs\/\">Digitales Demenzregister Bayern auf Wachstumskurs<\/a><\/h2><div class=\"qubely-postgrid-meta\"><span><i class=\"fas fa-user\"><\/i> By <a href=\"https:\/\/digidem-bayern.de\/en\/author\/hoeratia\/\" title=\"Posts by Ilona H\u00f6rath\" rel=\"author\">Ilona H\u00f6rath<\/a><\/span><span><i class=\"far fa-calendar-alt\"><\/i> 30.09.2025<\/span><span><i class=\"fas fa-comment\"><\/i> 0<\/span><\/div><div class=\"qubely-postgrid-intro\">digiDEM Bayern schreibt eine Erfolgsgeschichte fort: Mit mehr als 3.000 Teilnehmenden hat das gr\u00f6\u00dfte Demenzregister Deutschlands einen neuen H\u00f6chststand erreicht. Das vom Bayerischen Staatsministerium f\u00fcr Gesundheit, Pflege und Pr\u00e4vention (StMGP) gef\u00f6rderte Leuchtturmprojekt z\u00e4hlt damit zugleich zu den gr\u00f6\u00dften europ\u00e4ischen Vorhaben zur Erfassung von Langzeitdaten <\/div><div class=\"qubely-postgrid-btn-wrapper\"><a class=\"qubely-postgrid-btn qubely-button-fill is-small\" href=\"https:\/\/digidem-bayern.de\/en\/digitales-demenzregister-bayern-auf-wachstumskurs\/\">Read more<\/a><\/div><\/div><\/div><\/div><\/div><\/div>","protected":false},"excerpt":{"rendered":"<p>Liebe Medienvertreter, herzlich willkommen in unserem Pressebereich. Sie haben Fragen zu digiDEM Bayern? Sie ben\u00f6tigen einen Interviewpartner zum Thema Versorgungsforschung im Bereich demenzieller Erkrankungen oder m\u00f6chten sich aus erster Hand \u00fcber unsere wissenschaftlich evaluierten digitalen Angebote informieren? Gerne stehen wir auch f\u00fcr die Organisation von Fotoshootings zur Verf\u00fcgung. In unserem &hellip;<\/p>","protected":false},"author":11,"featured_media":0,"parent":0,"menu_order":0,"comment_status":"closed","ping_status":"closed","template":"","meta":{"qubely_global_settings":"","qubely_interactions":"","_uag_custom_page_level_css":"","footnotes":""},"class_list":["post-22865","page","type-page","status-publish","hentry"],"featured_image_urls_v2":{"full":"","thumbnail":"","medium":"","medium_large":"","large":"","1536x1536":"","2048x2048":"","trp-custom-language-flag":"","qubely_landscape":"","qubely_portrait":"","qubely_thumbnail":"","post-thumbnail":"","kahuna-featured":"","kahuna-featured-lp":"","kahuna-featured-half":"","kahuna-featured-third":"","kahuna-lpbox-1":"","kahuna-lpbox-2":"","demand-language-flag":"","dddkt-language-flag":"","ddiqc-language-flag":"","ddtl-language-flag":"","mailpoet_newsletter_max":"","kahuna-lpbox-3":"","kahuna-featured-square":"","kahuna-featured-square-large":""},"post_excerpt_stackable_v2":"<p>Liebe Medienvertreter, herzlich willkommen in unserem Pressebereich. Sie haben Fragen zu digiDEM Bayern? Sie ben\u00f6tigen einen Interviewpartner zum Thema Versorgungsforschung im Bereich demenzieller Erkrankungen oder m\u00f6chten sich aus erster Hand \u00fcber unsere wissenschaftlich evaluierten digitalen Angebote informieren? Gerne stehen wir auch f\u00fcr die Organisation von Fotoshootings zur Verf\u00fcgung. In unserem Pressebereich finden Sie Pressemitteilungen, Informationen \u00fcber digiDEM Bayern Bildmaterial f\u00fcr Journalisten, digiDEM Bayern-Logos und eine Auswahl von Medienberichten. Aktuelle Pressemitteilungen: digiDEM Bayern mit Rekordzahl an Demenz-Screeningtagen\u00a0 By Ilona H\u00f6rath 13.11.2025 0Anl\u00e4sslich der 6. Bayerischen Demenzwoche hat das Forschungsprojekt digiDEM Bayern mit der Rekordzahl von 62 Demenz-Screeningtagen im Vergleich zu vergangenen&hellip;<\/p>\n","category_list_v2":"","author_info_v2":{"name":"Michael Zeiler","url":"https:\/\/digidem-bayern.de\/en\/author\/michael-zeiler\/"},"comments_num_v2":"0 comments","yoast_head":"<!-- This site is optimized with the Yoast SEO plugin v27.4 - https:\/\/yoast.com\/product\/yoast-seo-wordpress\/ -->\n<title>Pressebereich - digiDEM Bayern<\/title>\n<meta name=\"description\" content=\"Aktuelles aus der Demenzforschung: Der Pressebereich bietet Journalisten schnellen Zugriff auf News, Mediathek und Meilensteine von digiDEM.\" \/>\n<meta name=\"robots\" content=\"index, follow, max-snippet:-1, max-image-preview:large, max-video-preview:-1\" \/>\n<link rel=\"canonical\" href=\"https:\/\/digidem-bayern.de\/en\/pressebereich\/\" \/>\n<meta property=\"og:locale\" content=\"en_US\" \/>\n<meta property=\"og:type\" content=\"article\" \/>\n<meta property=\"og:title\" content=\"Pressebereich - digiDEM Bayern\" \/>\n<meta property=\"og:description\" content=\"Aktuelles aus der Demenzforschung: Der Pressebereich bietet Journalisten schnellen Zugriff auf News, Mediathek und Meilensteine von digiDEM.\" \/>\n<meta property=\"og:url\" content=\"https:\/\/digidem-bayern.de\/en\/pressebereich\/\" \/>\n<meta property=\"og:site_name\" content=\"digiDEM Bayern\" \/>\n<meta property=\"article:publisher\" content=\"https:\/\/www.facebook.com\/digiDEMBayern\/\" \/>\n<meta property=\"article:modified_time\" content=\"2026-03-26T15:00:18+00:00\" \/>\n<meta property=\"og:image\" content=\"https:\/\/digidem-bayern.de\/wp-content\/uploads\/logo-digidem-digitales-demenzregister-bayern.jpg.png\" \/>\n\t<meta property=\"og:image:width\" content=\"340\" \/>\n\t<meta property=\"og:image:height\" content=\"200\" \/>\n\t<meta property=\"og:image:type\" content=\"image\/png\" \/>\n<meta name=\"twitter:label1\" content=\"Est. reading time\" \/>\n\t<meta name=\"twitter:data1\" content=\"1 minute\" \/>\n<script type=\"application\/ld+json\" class=\"yoast-schema-graph\">{\"@context\":\"https:\\\/\\\/schema.org\",\"@graph\":[{\"@type\":\"WebPage\",\"@id\":\"https:\\\/\\\/digidem-bayern.de\\\/pressebereich\\\/\",\"url\":\"https:\\\/\\\/digidem-bayern.de\\\/pressebereich\\\/\",\"name\":\"Pressebereich - digiDEM Bayern\",\"isPartOf\":{\"@id\":\"\\\/#website\"},\"datePublished\":\"2022-08-16T10:59:13+00:00\",\"dateModified\":\"2026-03-26T15:00:18+00:00\",\"description\":\"Aktuelles aus der Demenzforschung: Der Pressebereich bietet Journalisten schnellen Zugriff auf News, Mediathek und Meilensteine von digiDEM.\",\"breadcrumb\":{\"@id\":\"https:\\\/\\\/digidem-bayern.de\\\/pressebereich\\\/#breadcrumb\"},\"inLanguage\":\"en-US\",\"potentialAction\":[{\"@type\":\"ReadAction\",\"target\":[\"https:\\\/\\\/digidem-bayern.de\\\/pressebereich\\\/\"]}]},{\"@type\":\"BreadcrumbList\",\"@id\":\"https:\\\/\\\/digidem-bayern.de\\\/pressebereich\\\/#breadcrumb\",\"itemListElement\":[{\"@type\":\"ListItem\",\"position\":1,\"name\":\"Startseite\",\"item\":\"https:\\\/\\\/digidem-bayern.de\\\/\"},{\"@type\":\"ListItem\",\"position\":2,\"name\":\"Pressebereich\"}]},{\"@type\":\"WebSite\",\"@id\":\"\\\/#website\",\"url\":\"\\\/\",\"name\":\"digiDEM Bayern\",\"description\":\"Das digitale Demenzregister Bayern erforscht und verbessert die Angebotsstuktur f\u00fcr Menschen mit Demenz und deren Angeh\u00f6rige\",\"publisher\":{\"@id\":\"\\\/#organization\"},\"potentialAction\":[{\"@type\":\"SearchAction\",\"target\":{\"@type\":\"EntryPoint\",\"urlTemplate\":\"\\\/?s={search_term_string}\"},\"query-input\":{\"@type\":\"PropertyValueSpecification\",\"valueRequired\":true,\"valueName\":\"search_term_string\"}}],\"inLanguage\":\"en-US\"},{\"@type\":\"Organization\",\"@id\":\"\\\/#organization\",\"name\":\"digiDEM Bayern\",\"url\":\"\\\/\",\"logo\":{\"@type\":\"ImageObject\",\"inLanguage\":\"en-US\",\"@id\":\"\\\/#\\\/schema\\\/logo\\\/image\\\/\",\"url\":\"https:\\\/\\\/digidem-bayern.de\\\/wp-content\\\/uploads\\\/2022\\\/03\\\/cropped-Allgemeines_digiDEMLOGO-removebg-preview.png\",\"contentUrl\":\"https:\\\/\\\/digidem-bayern.de\\\/wp-content\\\/uploads\\\/2022\\\/03\\\/cropped-Allgemeines_digiDEMLOGO-removebg-preview.png\",\"width\":612,\"height\":357,\"caption\":\"digiDEM Bayern\"},\"image\":{\"@id\":\"\\\/#\\\/schema\\\/logo\\\/image\\\/\"},\"sameAs\":[\"https:\\\/\\\/www.facebook.com\\\/digiDEMBayern\\\/\",\"https:\\\/\\\/x.com\\\/digidem_bayern\",\"https:\\\/\\\/www.instagram.com\\\/digidem.bayern\",\"https:\\\/\\\/www.linkedin.com\\\/company\\\/digidem-bayern\\\/\"]}]}<\/script>\n<!-- \/ Yoast SEO plugin. -->","yoast_head_json":{"title":"Pressebereich - digiDEM Bayern","description":"Aktuelles aus der Demenzforschung: Der Pressebereich bietet Journalisten schnellen Zugriff auf News, Mediathek und Meilensteine von digiDEM.","robots":{"index":"index","follow":"follow","max-snippet":"max-snippet:-1","max-image-preview":"max-image-preview:large","max-video-preview":"max-video-preview:-1"},"canonical":"https:\/\/digidem-bayern.de\/en\/pressebereich\/","og_locale":"en_US","og_type":"article","og_title":"Pressebereich - digiDEM Bayern","og_description":"Aktuelles aus der Demenzforschung: Der Pressebereich bietet Journalisten schnellen Zugriff auf News, Mediathek und Meilensteine von digiDEM.","og_url":"https:\/\/digidem-bayern.de\/en\/pressebereich\/","og_site_name":"digiDEM Bayern","article_publisher":"https:\/\/www.facebook.com\/digiDEMBayern\/","article_modified_time":"2026-03-26T15:00:18+00:00","og_image":[{"width":340,"height":200,"url":"https:\/\/digidem-bayern.de\/wp-content\/uploads\/logo-digidem-digitales-demenzregister-bayern.jpg.png","type":"image\/png"}],"twitter_misc":{"Est. reading time":"1 minute"},"schema":{"@context":"https:\/\/schema.org","@graph":[{"@type":"WebPage","@id":"https:\/\/digidem-bayern.de\/pressebereich\/","url":"https:\/\/digidem-bayern.de\/pressebereich\/","name":"Pressebereich - digiDEM Bayern","isPartOf":{"@id":"\/#website"},"datePublished":"2022-08-16T10:59:13+00:00","dateModified":"2026-03-26T15:00:18+00:00","description":"Aktuelles aus der Demenzforschung: Der Pressebereich bietet Journalisten schnellen Zugriff auf News, Mediathek und Meilensteine von digiDEM.","breadcrumb":{"@id":"https:\/\/digidem-bayern.de\/pressebereich\/#breadcrumb"},"inLanguage":"en-US","potentialAction":[{"@type":"ReadAction","target":["https:\/\/digidem-bayern.de\/pressebereich\/"]}]},{"@type":"BreadcrumbList","@id":"https:\/\/digidem-bayern.de\/pressebereich\/#breadcrumb","itemListElement":[{"@type":"ListItem","position":1,"name":"Startseite","item":"https:\/\/digidem-bayern.de\/"},{"@type":"ListItem","position":2,"name":"Pressebereich"}]},{"@type":"WebSite","@id":"\/#website","url":"\/","name":"digiDEM Bavaria","description":"The digital dementia register in Bavaria researches and improves the structure of services for people with dementia and their relatives","publisher":{"@id":"\/#organization"},"potentialAction":[{"@type":"SearchAction","target":{"@type":"EntryPoint","urlTemplate":"\/?s={search_term_string}"},"query-input":{"@type":"PropertyValueSpecification","valueRequired":true,"valueName":"search_term_string"}}],"inLanguage":"en-US"},{"@type":"Organization","@id":"\/#organization","name":"digiDEM Bavaria","url":"\/","logo":{"@type":"ImageObject","inLanguage":"en-US","@id":"\/#\/schema\/logo\/image\/","url":"https:\/\/digidem-bayern.de\/wp-content\/uploads\/2022\/03\/cropped-Allgemeines_digiDEMLOGO-removebg-preview.png","contentUrl":"https:\/\/digidem-bayern.de\/wp-content\/uploads\/2022\/03\/cropped-Allgemeines_digiDEMLOGO-removebg-preview.png","width":612,"height":357,"caption":"digiDEM Bayern"},"image":{"@id":"\/#\/schema\/logo\/image\/"},"sameAs":["https:\/\/www.facebook.com\/digiDEMBayern\/","https:\/\/x.com\/digidem_bayern","https:\/\/www.instagram.com\/digidem.bayern","https:\/\/www.linkedin.com\/company\/digidem-bayern\/"]}]}},"uagb_featured_image_src":{"full":false,"thumbnail":false,"medium":false,"medium_large":false,"large":false,"1536x1536":false,"2048x2048":false,"trp-custom-language-flag":false,"qubely_landscape":false,"qubely_portrait":false,"qubely_thumbnail":false,"post-thumbnail":false,"kahuna-featured":false,"kahuna-featured-lp":false,"kahuna-featured-half":false,"kahuna-featured-third":false,"kahuna-lpbox-1":false,"kahuna-lpbox-2":false,"demand-language-flag":false,"dddkt-language-flag":false,"ddiqc-language-flag":false,"ddtl-language-flag":false,"mailpoet_newsletter_max":false,"kahuna-lpbox-3":false,"kahuna-featured-square":false,"kahuna-featured-square-large":false},"uagb_author_info":{"display_name":"Michael Zeiler","author_link":"https:\/\/digidem-bayern.de\/en\/author\/michael-zeiler\/"},"uagb_comment_info":0,"uagb_excerpt":"Liebe Medienvertreter, herzlich willkommen in unserem Pressebereich. Sie haben Fragen zu digiDEM Bayern? Sie ben\u00f6tigen einen Interviewpartner zum Thema Versorgungsforschung im Bereich demenzieller Erkrankungen oder m\u00f6chten sich aus erster Hand \u00fcber unsere wissenschaftlich evaluierten digitalen Angebote informieren? Gerne stehen wir auch f\u00fcr die Organisation von Fotoshootings zur Verf\u00fcgung. In unserem &hellip;","_links":{"self":[{"href":"https:\/\/digidem-bayern.de\/en\/wp-json\/wp\/v2\/pages\/22865","targetHints":{"allow":["GET"]}}],"collection":[{"href":"https:\/\/digidem-bayern.de\/en\/wp-json\/wp\/v2\/pages"}],"about":[{"href":"https:\/\/digidem-bayern.de\/en\/wp-json\/wp\/v2\/types\/page"}],"author":[{"embeddable":true,"href":"https:\/\/digidem-bayern.de\/en\/wp-json\/wp\/v2\/users\/11"}],"replies":[{"embeddable":true,"href":"https:\/\/digidem-bayern.de\/en\/wp-json\/wp\/v2\/comments?post=22865"}],"version-history":[{"count":9,"href":"https:\/\/digidem-bayern.de\/en\/wp-json\/wp\/v2\/pages\/22865\/revisions"}],"predecessor-version":[{"id":48673,"href":"https:\/\/digidem-bayern.de\/en\/wp-json\/wp\/v2\/pages\/22865\/revisions\/48673"}],"wp:attachment":[{"href":"https:\/\/digidem-bayern.de\/en\/wp-json\/wp\/v2\/media?parent=22865"}],"curies":[{"name":"wp","href":"https:\/\/api.w.org\/{rel}","templated":true}]}}