{"id":17741,"date":"2022-04-06T08:49:54","date_gmt":"2022-04-06T06:49:54","guid":{"rendered":"https:\/\/digidem-bayern.de\/?page_id=17741"},"modified":"2026-03-26T15:34:19","modified_gmt":"2026-03-26T14:34:19","slug":"digitales-angebot-familiencoach-pflege","status":"publish","type":"page","link":"https:\/\/digidem-bayern.de\/en\/digitales-angebot-familiencoach-pflege\/","title":{"rendered":"Digitales Angebot: Familiencoach Pflege"},"content":{"rendered":"<div class=\"wp-block-columns is-layout-flex wp-container-core-columns-is-layout-9d6595d7 wp-block-columns-is-layout-flex\">\n<div class=\"wp-block-column is-layout-flow wp-block-column-is-layout-flow\" style=\"flex-basis:66.66%\">\n<p>Der Familiencoach Pflege ist ein Online-Programm speziell f\u00fcr pflegende Angeh\u00f6rige. Er hilft, psychische Belastungen zu erkennen und sich vor \u00dcberforderung zu sch\u00fctzen. Denn: Nur wer ausreichend gut auf sich selbst achtet, kann auch anderen wirksam helfen.<\/p>\n\n\n\n<p>Das Programm basiert auf wissenschaftlichen Erkenntnissen und wurde von Experten entwickelt. Die Informationen werden \u00fcber einen Mix aus knappen Texten und Kurzfilmen vermittelt.&nbsp;Klicken Sie sich gerne durch die in den drei Reiter \u201eAlltag mit Demenz\u201c, \u201eSchwieriges Verhalten bei Demenz\u201c und \u201eNeue Gefahren bei Demenz\u201c dargestellten Inhalte.<\/p>\n\n\n\n<p><\/p>\n\n\n\n<div class=\"qubely-block-accordion  qubely-block-f993f5\" data-item-toggle=\"true\">\n<div class=\"wp-block-qubely-accordion-item qubely-block-75312f\"><div class=\"qubely-accordion-item qubely-type-fill false\"><div class=\"qubely-accordion-panel qubely-icon-position-right\"><span class=\"qubely-accordion-panel-handler\" role=\"button\"><span class=\"qubely-accordion-panel-handler-label\">Einf\u00fchrungsfilm <\/span><span class=\"qubely-accordion-icon fa fa-plus\"><\/span><\/span><\/div><div class=\"qubely-accordion-body\"><div itemprop=\"text\">\n<div class=\"wp-block-columns is-layout-flex wp-container-core-columns-is-layout-9d6595d7 wp-block-columns-is-layout-flex\">\n<div class=\"wp-block-column is-layout-flow wp-block-column-is-layout-flow\" style=\"flex-basis:66.66%\">\n<figure class=\"wp-block-video\"><video height=\"1080\" style=\"aspect-ratio: 1920 \/ 1080;\" width=\"1920\" controls src=\"https:\/\/digidem-bayern.de\/wp-content\/uploads\/2022\/06\/210917_Master_Pflege_Einfuehrungsfilm_compressed.mp4\"><\/video><\/figure>\n<\/div>\n\n\n\n<div class=\"wp-block-column is-layout-flow wp-block-column-is-layout-flow\" style=\"flex-basis:33.33%\">\n<figure class=\"wp-block-image size-medium is-resized\"><a href=\"https:\/\/pflege.aok.de\/\" target=\"_blank\" rel=\"noreferrer noopener\"><img loading=\"lazy\" decoding=\"async\" src=\"https:\/\/digidem-bayern.de\/wp-content\/uploads\/2022\/05\/qr-code_Pflegecoach-300x300.png\" alt=\"\" class=\"wp-image-20359\" width=\"200\" height=\"200\" srcset=\"https:\/\/digidem-bayern.de\/wp-content\/uploads\/2022\/05\/qr-code_Pflegecoach-300x300.png 300w, https:\/\/digidem-bayern.de\/wp-content\/uploads\/2022\/05\/qr-code_Pflegecoach-1030x1030.png 1030w, https:\/\/digidem-bayern.de\/wp-content\/uploads\/2022\/05\/qr-code_Pflegecoach-80x80.png 80w, https:\/\/digidem-bayern.de\/wp-content\/uploads\/2022\/05\/qr-code_Pflegecoach-768x768.png 768w, https:\/\/digidem-bayern.de\/wp-content\/uploads\/2022\/05\/qr-code_Pflegecoach-350x350.png 350w, https:\/\/digidem-bayern.de\/wp-content\/uploads\/2022\/05\/qr-code_Pflegecoach-36x36.png 36w, https:\/\/digidem-bayern.de\/wp-content\/uploads\/2022\/05\/qr-code_Pflegecoach-512x512.png 512w, https:\/\/digidem-bayern.de\/wp-content\/uploads\/2022\/05\/qr-code_Pflegecoach-1024x1024.png 1024w, https:\/\/digidem-bayern.de\/wp-content\/uploads\/2022\/05\/qr-code_Pflegecoach.png 1160w\" sizes=\"auto, (max-width: 200px) 100vw, 200px\" \/><\/a><\/figure>\n\n\n\n<p>Hier gehts zum vollst\u00e4ndigen Angebot: <a href=\"https:\/\/pflege.aok.de\/\" target=\"_blank\" rel=\"noreferrer noopener\">https:\/\/pflege.aok.de\/<\/a><\/p>\n<\/div>\n<\/div>\n<\/div><\/div><\/div><\/div>\n<\/div>\n<\/div>\n\n\n\n<div class=\"wp-block-column is-layout-flow wp-block-column-is-layout-flow\" style=\"flex-basis:33.33%\">\n<figure class=\"wp-block-image size-large\"><img loading=\"lazy\" decoding=\"async\" width=\"1030\" height=\"319\" src=\"https:\/\/digidem-bayern.de\/wp-content\/uploads\/2022\/05\/AOK_Logo_Horiz_Gruen_RGB-1030x319.png\" alt=\"\" class=\"wp-image-19498\" srcset=\"https:\/\/digidem-bayern.de\/wp-content\/uploads\/2022\/05\/AOK_Logo_Horiz_Gruen_RGB-1030x319.png 1030w, https:\/\/digidem-bayern.de\/wp-content\/uploads\/2022\/05\/AOK_Logo_Horiz_Gruen_RGB-300x93.png 300w, https:\/\/digidem-bayern.de\/wp-content\/uploads\/2022\/05\/AOK_Logo_Horiz_Gruen_RGB-768x238.png 768w, https:\/\/digidem-bayern.de\/wp-content\/uploads\/2022\/05\/AOK_Logo_Horiz_Gruen_RGB-1536x476.png 1536w, https:\/\/digidem-bayern.de\/wp-content\/uploads\/2022\/05\/AOK_Logo_Horiz_Gruen_RGB-2048x634.png 2048w, https:\/\/digidem-bayern.de\/wp-content\/uploads\/2022\/05\/AOK_Logo_Horiz_Gruen_RGB-734x227.png 734w, https:\/\/digidem-bayern.de\/wp-content\/uploads\/2022\/05\/AOK_Logo_Horiz_Gruen_RGB-1320x409.png 1320w, https:\/\/digidem-bayern.de\/wp-content\/uploads\/2022\/05\/AOK_Logo_Horiz_Gruen_RGB.png 1600w\" sizes=\"auto, (max-width: 1030px) 100vw, 1030px\" \/><\/figure>\n<\/div>\n<\/div>\n\n\n\n<div class=\"wp-block-columns is-layout-flex wp-container-core-columns-is-layout-9d6595d7 wp-block-columns-is-layout-flex\">\n<div class=\"wp-block-column is-layout-flow wp-block-column-is-layout-flow\" style=\"flex-basis:100%\">\n<div class=\"qubely-block-e39d30\"><div class=\"qubely-block-tab qubely-tab-style-tabs\"><div class=\"qubely-tab-nav qubely-alignment-center\"><span class=\"qubely-tab-item qubely-active\"><div class=\"qubely-tab-title\"><div class=\"description-type-tab nav-layout-three align-center\"><div class=\"qubely-tab-description\"><div class=\"image-type-nav-title\"><span data-fontsize=\"30\" style=\"font-size: 30px;\" class=\"qubely-custom-font\">Alltag mit Demenz<\/span><\/div><\/div><\/div><\/div><\/span><span class=\"qubely-tab-item\"><div class=\"qubely-tab-title\"><div class=\"description-type-tab nav-layout-three align-center\"><div class=\"qubely-tab-description\"><div class=\"image-type-nav-title\"><span data-fontsize=\"30\" style=\"font-size: 30px;\" class=\"qubely-custom-font\">Schwieriges Verhalten bei Demenz<\/span> <\/div><\/div><\/div><\/div><\/span><span class=\"qubely-tab-item\"><div class=\"qubely-tab-title\"><div class=\"description-type-tab nav-layout-three align-center\"><div class=\"qubely-tab-description\"><div class=\"image-type-nav-title\"><span data-fontsize=\"30\" style=\"font-size: 30px;\" class=\"qubely-custom-font\">Neue Gefahren bei Demenz<\/span> <\/div><\/div><\/div><\/div><\/span><\/div><div class=\"qubely-tab-body\">\n<div class=\"wp-block-qubely-tab qubely-tab-content qubely-active\">\n<p>Eine Demenz ist eine Erkrankung, die sich meist langsam und am Anfang oft kaum merklich entwickelt. Betroffene vergessen immer wieder Verabredungen oder Termine, suchen nach Worten und stellen mehrmals die gleichen Fragen.&nbsp;Tages- und Jahreszeiten, Orte und Menschen werden vergessen und bieten immer weniger Orientierung. Mit der Zeit verlernen Betroffene immer mehr, wie man im Alltag zurechtkommt und leben mehr und mehr in ihrer eigenen Welt. Nach und nach verlieren Menschen mit Demenz auch die Erinnerungen an ihr vergangenes Leben \u2013 letztlich fehlt jegliche Erinnerung an nahestehende Menschen wie Familie und Freunde.<\/p>\n\n\n\n<p>Diese Ver\u00e4nderungen sind meist f\u00fcr alle Beteiligten schwer auszuhalten. Viele pflegende Angeh\u00f6rige wissen oft nicht, wie sie sich dem Erkrankten gegen\u00fcber verhalten sollen. In den folgenden Videos soll das Verst\u00e4ndnis f\u00fcr die Verhaltensweise von Menschen mit Demenz verbessert werden, um problematische Situationen zu vermeiden.<\/p>\n\n\n\n<p><\/p>\n\n\n\n<p>Die beschriebenen Inhalte k\u00f6nnen unter dem folgenden Link abgerufen werden: <br><a href=\"https:\/\/pflege.aok.de\/pflege-alltag\/alltag-mit-demenz\/problemfilm-leben-mit-demenz\/\" target=\"_blank\" rel=\"noreferrer noopener\">https:\/\/pflege.aok.de\/pflege-alltag\/alltag-mit-demenz\/problemfilm-leben-mit-demenz\/<\/a><\/p>\n<\/div>\n\n\n\n<div class=\"wp-block-qubely-tab qubely-tab-content\">\n<p>H\u00e4ufig entwickeln sich durch eine Demenz auch Verhaltensweisen, die besonders f\u00fcr die nahestehenden Angeh\u00f6rigen schwierig sind: Verhaltensweisen die sehr belastenden sind und den Alltag erschweren.<\/p>\n\n\n\n<p>In Problem- und L\u00f6sungsfilmen sehen Sie, was hinter Verhaltensweisen, wie Weglaufen, Misstrauen oder Ruhelosigkeit stecken kann und wie Sie damit umgehen k\u00f6nnen, um den Alltag zu erleichtern.<\/p>\n\n\n\n<p><\/p>\n\n\n\n<p>Im Folgenden sehen wir uns an, was hinter diesen Verhaltensweisen stecken kann und wie Sie damit umgehen k\u00f6nnen:<br><a href=\"https:\/\/pflege.aok.de\/pflege-alltag\/schwieriges-verhalten-bei-demenz\/einleitung\/\" target=\"_blank\" rel=\"noreferrer noopener\">https:\/\/pflege.aok.de\/pflege-alltag\/schwieriges-verhalten-bei-demenz\/einleitung\/<\/a><\/p>\n<\/div>\n\n\n\n<div class=\"wp-block-qubely-tab qubely-tab-content\">\n<p>Manchmal k\u00f6nnen sich Menschen mit Demenz nicht mehr so gut orientieren, vergessen Dinge und reagieren manchmal nicht mehr angemessen oder schnell genug. Das Risiko f\u00fcr Unf\u00e4lle im Stra\u00dfenverkehr oder im h\u00e4uslichen Umfeld, weil vergessen wurde das B\u00fcgeleisen auszustellen, steigt an. Aber auch der Umgang mit Geld wird schwieriger vor allem Umsichtig mit Geld umzugehen und die Finanzen im Blick zu halten geht verloren.<\/p>\n\n\n\n<p>Im Folgenden wird beispielhaft beschrieben, was Sie als Pflegender tun k\u00f6nnen, um den Pflegebed\u00fcrftigen (und andere) zu sch\u00fctzen.<\/p>\n\n\n\n<p><\/p>\n\n\n\n<p>Hier zeigen wir Ihnen, was Sie als Pflegender tun k\u00f6nnen, um den Pflegebed\u00fcrftigen (und andere) zu sch\u00fctzen:<br><a href=\"https:\/\/pflege.aok.de\/pflege-alltag\/neue-gefahren\/einleitung\/\" target=\"_blank\" rel=\"noreferrer noopener\">https:\/\/pflege.aok.de\/pflege-alltag\/neue-gefahren\/einleitung\/<\/a><\/p>\n<\/div>\n<\/div><\/div><\/div>\n<\/div>\n<\/div>\n\n\n\n<div class=\"wp-block-qubely-infobox qubely-block-958c44\"><div class=\"qubely-block-info-box  qubely-info-box-layout-2\"><div class=\"qubely-info-box-media\"><i class=\"qubely-info-box-icon fas fa-info-circle\"><\/i><\/div><div class=\"qubely-info-box-body\"><div class=\"qubely-info-box-title-container  qubely-separator-position-top\"><div class=\"qubely-info-box-title-inner\"><h2 class=\"qubely-info-box-title\">Sie m\u00f6chten die Informationen zum Familiencoach Pflege weitergeben?<\/h2><\/div><\/div><div class=\"qubely-block-btn-wrapper\"><div class=\"qubely-block-btn\"><a class=\"qubely-block-btn-anchor is-medium\" href=\"https:\/\/digidem-bayern.de\/en\/download\/20349\/\">Flyer als PDF herunterladen<\/a><\/div><\/div><\/div><\/div><\/div>\n\n\n\n<div class=\"wp-block-columns is-layout-flex wp-container-core-columns-is-layout-9d6595d7 wp-block-columns-is-layout-flex\">\n<div class=\"wp-block-column is-layout-flow wp-block-column-is-layout-flow\"><\/div>\n<\/div>","protected":false},"excerpt":{"rendered":"<p>Der Familiencoach Pflege ist ein Online-Programm speziell f\u00fcr pflegende Angeh\u00f6rige. Er hilft, psychische Belastungen zu erkennen und sich vor \u00dcberforderung zu sch\u00fctzen. Denn: Nur wer ausreichend gut auf sich selbst achtet, kann auch anderen wirksam helfen. Das Programm basiert auf wissenschaftlichen Erkenntnissen und wurde von Experten entwickelt. Die Informationen werden &hellip;<\/p>","protected":false},"author":11,"featured_media":0,"parent":0,"menu_order":0,"comment_status":"closed","ping_status":"closed","template":"","meta":{"qubely_global_settings":"","qubely_interactions":"","_uag_custom_page_level_css":"","footnotes":""},"class_list":["post-17741","page","type-page","status-publish","hentry"],"featured_image_urls_v2":{"full":"","thumbnail":"","medium":"","medium_large":"","large":"","1536x1536":"","2048x2048":"","trp-custom-language-flag":"","qubely_landscape":"","qubely_portrait":"","qubely_thumbnail":"","post-thumbnail":"","kahuna-featured":"","kahuna-featured-lp":"","kahuna-featured-half":"","kahuna-featured-third":"","kahuna-lpbox-1":"","kahuna-lpbox-2":"","demand-language-flag":"","dddkt-language-flag":"","ddiqc-language-flag":"","ddtl-language-flag":"","mailpoet_newsletter_max":"","kahuna-lpbox-3":"","kahuna-featured-square":"","kahuna-featured-square-large":""},"post_excerpt_stackable_v2":"<p>Der Familiencoach Pflege ist ein Online-Programm speziell f\u00fcr pflegende Angeh\u00f6rige. Er hilft, psychische Belastungen zu erkennen und sich vor \u00dcberforderung zu sch\u00fctzen. Denn: Nur wer ausreichend gut auf sich selbst achtet, kann auch anderen wirksam helfen. Das Programm basiert auf wissenschaftlichen Erkenntnissen und wurde von Experten entwickelt. Die Informationen werden \u00fcber einen Mix aus knappen Texten und Kurzfilmen vermittelt.&nbsp;Klicken Sie sich gerne durch die in den drei Reiter \u201eAlltag mit Demenz\u201c, \u201eSchwieriges Verhalten bei Demenz\u201c und \u201eNeue Gefahren bei Demenz\u201c dargestellten Inhalte. Einf\u00fchrungsfilm Hier gehts zum vollst\u00e4ndigen Angebot: https:\/\/pflege.aok.de\/ Alltag mit DemenzSchwieriges Verhalten bei Demenz Neue Gefahren bei Demenz Eine&hellip;<\/p>\n","category_list_v2":"","author_info_v2":{"name":"Michael Zeiler","url":"https:\/\/digidem-bayern.de\/en\/author\/michael-zeiler\/"},"comments_num_v2":"0 comments","yoast_head":"<!-- This site is optimized with the Yoast SEO plugin v27.4 - https:\/\/yoast.com\/product\/yoast-seo-wordpress\/ -->\n<title>Digitales Angebot: Familiencoach Pflege - digiDEM Bayern<\/title>\n<meta name=\"description\" content=\"Der Familiencoach Pflege ist ein Online-Programm speziell f\u00fcr pflegende Angeh\u00f6rige.\" \/>\n<meta name=\"robots\" content=\"index, follow, max-snippet:-1, max-image-preview:large, max-video-preview:-1\" \/>\n<link rel=\"canonical\" href=\"https:\/\/digidem-bayern.de\/en\/digitales-angebot-familiencoach-pflege\/\" \/>\n<meta property=\"og:locale\" content=\"en_US\" \/>\n<meta property=\"og:type\" content=\"article\" \/>\n<meta property=\"og:title\" content=\"Digitales Angebot: Familiencoach Pflege - digiDEM Bayern\" \/>\n<meta property=\"og:description\" content=\"Der Familiencoach Pflege ist ein Online-Programm speziell f\u00fcr pflegende Angeh\u00f6rige.\" \/>\n<meta property=\"og:url\" content=\"https:\/\/digidem-bayern.de\/en\/digitales-angebot-familiencoach-pflege\/\" \/>\n<meta property=\"og:site_name\" content=\"digiDEM Bayern\" \/>\n<meta property=\"article:publisher\" content=\"https:\/\/www.facebook.com\/digiDEMBayern\/\" \/>\n<meta property=\"article:modified_time\" content=\"2026-03-26T14:34:19+00:00\" \/>\n<meta property=\"og:image\" content=\"https:\/\/digidem-bayern.de\/wp-content\/uploads\/2022\/05\/qr-code_Pflegecoach.png\" \/>\n\t<meta property=\"og:image:width\" content=\"1160\" \/>\n\t<meta property=\"og:image:height\" content=\"1160\" \/>\n\t<meta property=\"og:image:type\" content=\"image\/png\" \/>\n<meta name=\"twitter:label1\" content=\"Est. reading time\" \/>\n\t<meta name=\"twitter:data1\" content=\"3 minutes\" \/>\n<script type=\"application\/ld+json\" class=\"yoast-schema-graph\">{\"@context\":\"https:\\\/\\\/schema.org\",\"@graph\":[{\"@type\":\"WebPage\",\"@id\":\"https:\\\/\\\/digidem-bayern.de\\\/digitales-angebot-familiencoach-pflege\\\/\",\"url\":\"https:\\\/\\\/digidem-bayern.de\\\/digitales-angebot-familiencoach-pflege\\\/\",\"name\":\"Digitales Angebot: Familiencoach Pflege - digiDEM Bayern\",\"isPartOf\":{\"@id\":\"\\\/#website\"},\"primaryImageOfPage\":{\"@id\":\"https:\\\/\\\/digidem-bayern.de\\\/digitales-angebot-familiencoach-pflege\\\/#primaryimage\"},\"image\":{\"@id\":\"https:\\\/\\\/digidem-bayern.de\\\/digitales-angebot-familiencoach-pflege\\\/#primaryimage\"},\"thumbnailUrl\":\"https:\\\/\\\/digidem-bayern.de\\\/wp-content\\\/uploads\\\/2022\\\/05\\\/qr-code_Pflegecoach-300x300.png\",\"datePublished\":\"2022-04-06T06:49:54+00:00\",\"dateModified\":\"2026-03-26T14:34:19+00:00\",\"description\":\"Der Familiencoach Pflege ist ein Online-Programm speziell f\u00fcr pflegende Angeh\u00f6rige.\",\"breadcrumb\":{\"@id\":\"https:\\\/\\\/digidem-bayern.de\\\/digitales-angebot-familiencoach-pflege\\\/#breadcrumb\"},\"inLanguage\":\"en-US\",\"potentialAction\":[{\"@type\":\"ReadAction\",\"target\":[\"https:\\\/\\\/digidem-bayern.de\\\/digitales-angebot-familiencoach-pflege\\\/\"]}]},{\"@type\":\"ImageObject\",\"inLanguage\":\"en-US\",\"@id\":\"https:\\\/\\\/digidem-bayern.de\\\/digitales-angebot-familiencoach-pflege\\\/#primaryimage\",\"url\":\"https:\\\/\\\/digidem-bayern.de\\\/wp-content\\\/uploads\\\/2022\\\/05\\\/qr-code_Pflegecoach-300x300.png\",\"contentUrl\":\"https:\\\/\\\/digidem-bayern.de\\\/wp-content\\\/uploads\\\/2022\\\/05\\\/qr-code_Pflegecoach-300x300.png\"},{\"@type\":\"BreadcrumbList\",\"@id\":\"https:\\\/\\\/digidem-bayern.de\\\/digitales-angebot-familiencoach-pflege\\\/#breadcrumb\",\"itemListElement\":[{\"@type\":\"ListItem\",\"position\":1,\"name\":\"Startseite\",\"item\":\"https:\\\/\\\/digidem-bayern.de\\\/\"},{\"@type\":\"ListItem\",\"position\":2,\"name\":\"Digitales Angebot: Familiencoach Pflege\"}]},{\"@type\":\"WebSite\",\"@id\":\"\\\/#website\",\"url\":\"\\\/\",\"name\":\"digiDEM Bayern\",\"description\":\"Das digitale Demenzregister Bayern erforscht und verbessert die Angebotsstuktur f\u00fcr Menschen mit Demenz und deren Angeh\u00f6rige\",\"publisher\":{\"@id\":\"\\\/#organization\"},\"potentialAction\":[{\"@type\":\"SearchAction\",\"target\":{\"@type\":\"EntryPoint\",\"urlTemplate\":\"\\\/?s={search_term_string}\"},\"query-input\":{\"@type\":\"PropertyValueSpecification\",\"valueRequired\":true,\"valueName\":\"search_term_string\"}}],\"inLanguage\":\"en-US\"},{\"@type\":\"Organization\",\"@id\":\"\\\/#organization\",\"name\":\"digiDEM Bayern\",\"url\":\"\\\/\",\"logo\":{\"@type\":\"ImageObject\",\"inLanguage\":\"en-US\",\"@id\":\"\\\/#\\\/schema\\\/logo\\\/image\\\/\",\"url\":\"https:\\\/\\\/digidem-bayern.de\\\/wp-content\\\/uploads\\\/2022\\\/03\\\/cropped-Allgemeines_digiDEMLOGO-removebg-preview.png\",\"contentUrl\":\"https:\\\/\\\/digidem-bayern.de\\\/wp-content\\\/uploads\\\/2022\\\/03\\\/cropped-Allgemeines_digiDEMLOGO-removebg-preview.png\",\"width\":612,\"height\":357,\"caption\":\"digiDEM Bayern\"},\"image\":{\"@id\":\"\\\/#\\\/schema\\\/logo\\\/image\\\/\"},\"sameAs\":[\"https:\\\/\\\/www.facebook.com\\\/digiDEMBayern\\\/\",\"https:\\\/\\\/x.com\\\/digidem_bayern\",\"https:\\\/\\\/www.instagram.com\\\/digidem.bayern\",\"https:\\\/\\\/www.linkedin.com\\\/company\\\/digidem-bayern\\\/\"]}]}<\/script>\n<!-- \/ Yoast SEO plugin. -->","yoast_head_json":{"title":"Digitales Angebot: Familiencoach Pflege - digiDEM Bayern","description":"Der Familiencoach Pflege ist ein Online-Programm speziell f\u00fcr pflegende Angeh\u00f6rige.","robots":{"index":"index","follow":"follow","max-snippet":"max-snippet:-1","max-image-preview":"max-image-preview:large","max-video-preview":"max-video-preview:-1"},"canonical":"https:\/\/digidem-bayern.de\/en\/digitales-angebot-familiencoach-pflege\/","og_locale":"en_US","og_type":"article","og_title":"Digitales Angebot: Familiencoach Pflege - digiDEM Bayern","og_description":"Der Familiencoach Pflege ist ein Online-Programm speziell f\u00fcr pflegende Angeh\u00f6rige.","og_url":"https:\/\/digidem-bayern.de\/en\/digitales-angebot-familiencoach-pflege\/","og_site_name":"digiDEM Bayern","article_publisher":"https:\/\/www.facebook.com\/digiDEMBayern\/","article_modified_time":"2026-03-26T14:34:19+00:00","og_image":[{"width":1160,"height":1160,"url":"https:\/\/digidem-bayern.de\/wp-content\/uploads\/2022\/05\/qr-code_Pflegecoach.png","type":"image\/png"}],"twitter_misc":{"Est. reading time":"3 minutes"},"schema":{"@context":"https:\/\/schema.org","@graph":[{"@type":"WebPage","@id":"https:\/\/digidem-bayern.de\/digitales-angebot-familiencoach-pflege\/","url":"https:\/\/digidem-bayern.de\/digitales-angebot-familiencoach-pflege\/","name":"Digitales Angebot: Familiencoach Pflege - digiDEM Bayern","isPartOf":{"@id":"\/#website"},"primaryImageOfPage":{"@id":"https:\/\/digidem-bayern.de\/digitales-angebot-familiencoach-pflege\/#primaryimage"},"image":{"@id":"https:\/\/digidem-bayern.de\/digitales-angebot-familiencoach-pflege\/#primaryimage"},"thumbnailUrl":"https:\/\/digidem-bayern.de\/wp-content\/uploads\/2022\/05\/qr-code_Pflegecoach-300x300.png","datePublished":"2022-04-06T06:49:54+00:00","dateModified":"2026-03-26T14:34:19+00:00","description":"Der Familiencoach Pflege ist ein Online-Programm speziell f\u00fcr pflegende Angeh\u00f6rige.","breadcrumb":{"@id":"https:\/\/digidem-bayern.de\/digitales-angebot-familiencoach-pflege\/#breadcrumb"},"inLanguage":"en-US","potentialAction":[{"@type":"ReadAction","target":["https:\/\/digidem-bayern.de\/digitales-angebot-familiencoach-pflege\/"]}]},{"@type":"ImageObject","inLanguage":"en-US","@id":"https:\/\/digidem-bayern.de\/digitales-angebot-familiencoach-pflege\/#primaryimage","url":"https:\/\/digidem-bayern.de\/wp-content\/uploads\/2022\/05\/qr-code_Pflegecoach-300x300.png","contentUrl":"https:\/\/digidem-bayern.de\/wp-content\/uploads\/2022\/05\/qr-code_Pflegecoach-300x300.png"},{"@type":"BreadcrumbList","@id":"https:\/\/digidem-bayern.de\/digitales-angebot-familiencoach-pflege\/#breadcrumb","itemListElement":[{"@type":"ListItem","position":1,"name":"Startseite","item":"https:\/\/digidem-bayern.de\/"},{"@type":"ListItem","position":2,"name":"Digitales Angebot: Familiencoach Pflege"}]},{"@type":"WebSite","@id":"\/#website","url":"\/","name":"digiDEM Bavaria","description":"The digital dementia register in Bavaria researches and improves the structure of services for people with dementia and their relatives","publisher":{"@id":"\/#organization"},"potentialAction":[{"@type":"SearchAction","target":{"@type":"EntryPoint","urlTemplate":"\/?s={search_term_string}"},"query-input":{"@type":"PropertyValueSpecification","valueRequired":true,"valueName":"search_term_string"}}],"inLanguage":"en-US"},{"@type":"Organization","@id":"\/#organization","name":"digiDEM Bavaria","url":"\/","logo":{"@type":"ImageObject","inLanguage":"en-US","@id":"\/#\/schema\/logo\/image\/","url":"https:\/\/digidem-bayern.de\/wp-content\/uploads\/2022\/03\/cropped-Allgemeines_digiDEMLOGO-removebg-preview.png","contentUrl":"https:\/\/digidem-bayern.de\/wp-content\/uploads\/2022\/03\/cropped-Allgemeines_digiDEMLOGO-removebg-preview.png","width":612,"height":357,"caption":"digiDEM Bayern"},"image":{"@id":"\/#\/schema\/logo\/image\/"},"sameAs":["https:\/\/www.facebook.com\/digiDEMBayern\/","https:\/\/x.com\/digidem_bayern","https:\/\/www.instagram.com\/digidem.bayern","https:\/\/www.linkedin.com\/company\/digidem-bayern\/"]}]}},"uagb_featured_image_src":{"full":false,"thumbnail":false,"medium":false,"medium_large":false,"large":false,"1536x1536":false,"2048x2048":false,"trp-custom-language-flag":false,"qubely_landscape":false,"qubely_portrait":false,"qubely_thumbnail":false,"post-thumbnail":false,"kahuna-featured":false,"kahuna-featured-lp":false,"kahuna-featured-half":false,"kahuna-featured-third":false,"kahuna-lpbox-1":false,"kahuna-lpbox-2":false,"demand-language-flag":false,"dddkt-language-flag":false,"ddiqc-language-flag":false,"ddtl-language-flag":false,"mailpoet_newsletter_max":false,"kahuna-lpbox-3":false,"kahuna-featured-square":false,"kahuna-featured-square-large":false},"uagb_author_info":{"display_name":"Michael Zeiler","author_link":"https:\/\/digidem-bayern.de\/en\/author\/michael-zeiler\/"},"uagb_comment_info":0,"uagb_excerpt":"Der Familiencoach Pflege ist ein Online-Programm speziell f\u00fcr pflegende Angeh\u00f6rige. Er hilft, psychische Belastungen zu erkennen und sich vor \u00dcberforderung zu sch\u00fctzen. Denn: Nur wer ausreichend gut auf sich selbst achtet, kann auch anderen wirksam helfen. Das Programm basiert auf wissenschaftlichen Erkenntnissen und wurde von Experten entwickelt. Die Informationen werden &hellip;","_links":{"self":[{"href":"https:\/\/digidem-bayern.de\/en\/wp-json\/wp\/v2\/pages\/17741","targetHints":{"allow":["GET"]}}],"collection":[{"href":"https:\/\/digidem-bayern.de\/en\/wp-json\/wp\/v2\/pages"}],"about":[{"href":"https:\/\/digidem-bayern.de\/en\/wp-json\/wp\/v2\/types\/page"}],"author":[{"embeddable":true,"href":"https:\/\/digidem-bayern.de\/en\/wp-json\/wp\/v2\/users\/11"}],"replies":[{"embeddable":true,"href":"https:\/\/digidem-bayern.de\/en\/wp-json\/wp\/v2\/comments?post=17741"}],"version-history":[{"count":10,"href":"https:\/\/digidem-bayern.de\/en\/wp-json\/wp\/v2\/pages\/17741\/revisions"}],"predecessor-version":[{"id":21928,"href":"https:\/\/digidem-bayern.de\/en\/wp-json\/wp\/v2\/pages\/17741\/revisions\/21928"}],"wp:attachment":[{"href":"https:\/\/digidem-bayern.de\/en\/wp-json\/wp\/v2\/media?parent=17741"}],"curies":[{"name":"wp","href":"https:\/\/api.w.org\/{rel}","templated":true}]}}