{"id":14494,"date":"2021-10-12T10:22:37","date_gmt":"2021-10-12T08:22:37","guid":{"rendered":"https:\/\/test.digidem-bayern.de\/?page_id=14494"},"modified":"2024-04-23T13:28:53","modified_gmt":"2024-04-23T11:28:53","slug":"machen-sie-mit-2","status":"publish","type":"page","link":"https:\/\/digidem-bayern.de\/en\/machen-sie-mit-2\/","title":{"rendered":"Machen Sie mit: Helfen Sie die Versorgung zu verbessern"},"content":{"rendered":"<p class=\"has-accent-1-color has-text-color has-large-font-size\" id=\"2-cta\">Wie Sie aktiv zu einer Verbesserung der Demenzversorgung beitragen k\u00f6nnen<\/p>\n\n\n\n<p>Angst, Unsicherheit, Ohnmacht \u2013 eine Demenzdiagnose stellt f\u00fcr Betroffene und ihre Familien einen gro\u00dfen Einschnitt dar. Sie damit nicht allein zu lassen, sondern Unterst\u00fctzung zu geben, ist eine gesamtgesellschaftliche Aufgabe. Doch welche Angebote werden am dringendsten ben\u00f6tigt? Welche gibt es, welche fehlen? Das m\u00f6chten wir herausfinden \u2013 mit Ihrer Hilfe. Nur durch Ihr Engagement k\u00f6nnen wir einen \u00dcberblick \u00fcber die Versorgung und m\u00f6gliche L\u00fccken erhalten \u2013 und diese an die Politik \u00fcbermitteln. Helfen Sie mit, die Lebensbedingungen f\u00fcr Betroffene in Bayern zu verbessern!<\/p>\n\n\n\n<div class=\"wp-block-ugb-cta ugb-cta ugb-6dcbc35 ugb-cta ugb-cta--v2 ugb-main-block\"><div class=\"ugb-inner-block\"><div class=\"ugb-block-content\"><div class=\"ugb-cta__item\"><h3 class=\"ugb-cta__title\">Teilnahme<\/h3><p class=\"ugb-cta__description\">Falls Sie an der Studie teilnehmen wollen oder mehr in einem pers\u00f6nlichen Gespr\u00e4ch erfahren wollen wenden Sie sich gerne direkt an einen Forschungspartner in Ihrer N\u00e4he<\/p><div class=\"ugb-button-container\"><a class=\"ugb-button ugb-button--size-normal\" href=\"https:\/\/digidem-bayern.de\/en\/digidem-in-ihrer-naehe\/\" rel=\"\" title=\"\"><span class=\"ugb-button--inner\">Karte der Forschungspartner in Bayern<\/span><\/a><\/div><\/div><\/div><\/div><\/div>\n\n\n\n<div class=\"wp-block-columns is-layout-flex wp-container-core-columns-is-layout-9d6595d7 wp-block-columns-is-layout-flex\">\n<div class=\"wp-block-column is-layout-flow wp-block-column-is-layout-flow\">\n<div class=\"wp-block-qubely-infobox qubely-block-7588b2\"><div class=\"qubely-block-info-box  qubely-info-box-layout-1\"><div class=\"qubely-info-box-media qubely-media-has-bg\"><i class=\"qubely-info-box-icon fas fa-comments\"><\/i><\/div><div class=\"qubely-info-box-body\"><div class=\"qubely-info-box-title-container  qubely-separator-position-top\"><div class=\"qubely-info-box-title-inner\"><h2 class=\"qubely-info-box-title\">Befragungen<\/h2><\/div><\/div><div class=\"qubely-info-box-content\"><div class=\"qubely-info-box-text\">Nach Ihrer ersten Befragung m\u00f6chten wir Sie gerne weiterhin kontaktieren, um Sie nach 6 Monaten, einem Jahr und dann j\u00e4hrlich erneut zu befragen. Die Befragungen werden voraussichtlich etwa 90 Minuten dauern.<\/div><\/div><\/div><\/div><\/div>\n<\/div>\n\n\n\n<div class=\"wp-block-column is-layout-flow wp-block-column-is-layout-flow\">\n<div class=\"wp-block-qubely-infobox qubely-block-48e4cd\"><div class=\"qubely-block-info-box  qubely-info-box-layout-1\"><div class=\"qubely-info-box-media qubely-media-has-bg\"><i class=\"qubely-info-box-icon fas fa-search\"><\/i><\/div><div class=\"qubely-info-box-body\"><div class=\"qubely-info-box-title-container  qubely-separator-position-top\"><div class=\"qubely-info-box-title-inner\"><h2 class=\"qubely-info-box-title\">Gef\u00f6rdertes Forschungsprojekt<\/h2><\/div><\/div><div class=\"qubely-info-box-content\"><div class=\"qubely-info-box-text\">Das Digitale Demenzregister Bayern, kurz \u201edigiDEM Bayern\u201c, ist ein Forschungsprojekt. Ziel ist es, die Versorgung von Menschen mit leichten kognitiven Beeintr\u00e4chtigungen (MCI) und Demenz und ihren pflegenden An- und Zugeh\u00f6rigen in ganz Bayern zu verbessern. Das Projekt wird vom Bayerischen Staatsministerium f\u00fcr Gesundheit, Pflege und Pr\u00e4vention (StMGP) finanziert und gef\u00f6rdert.<\/div><\/div><\/div><\/div><\/div>\n<\/div>\n\n\n\n<div class=\"wp-block-column is-layout-flow wp-block-column-is-layout-flow\">\n<div class=\"wp-block-qubely-infobox qubely-block-5c1dfb\"><div class=\"qubely-block-info-box  qubely-info-box-layout-1\"><div class=\"qubely-info-box-media qubely-media-has-bg\"><i class=\"qubely-info-box-icon fas fa-shield-alt\"><\/i><\/div><div class=\"qubely-info-box-body\"><div class=\"qubely-info-box-title-container  qubely-separator-position-top\"><div class=\"qubely-info-box-title-inner\"><h2 class=\"qubely-info-box-title\">100% Sicher<\/h2><\/div><\/div><div class=\"qubely-info-box-content\"><div class=\"qubely-info-box-text\">Datenschutz und -sicherheit stehen bei uns an erster Stelle. Daher werden Ihre Daten aus den Befragungen nur pseudonymisiert in einer speziellen Registerdatenbank gespeichert.<\/div><\/div><\/div><\/div><\/div>\n<\/div>\n<\/div>\n\n\n\n<p>Bei weiteren Fragen k\u00f6nnen Sie sich <a href=\"https:\/\/digidem-bayern.de\/en\/kontakt\/\" data-type=\"page\">hier<\/a> auch pers\u00f6nlich an uns wenden.<\/p>","protected":false},"excerpt":{"rendered":"<p>Wie Sie aktiv zu einer Verbesserung der Demenzversorgung beitragen k\u00f6nnen Angst, Unsicherheit, Ohnmacht \u2013 eine Demenzdiagnose stellt f\u00fcr Betroffene und ihre Familien einen gro\u00dfen Einschnitt dar. Sie damit nicht allein zu lassen, sondern Unterst\u00fctzung zu geben, ist eine gesamtgesellschaftliche Aufgabe. Doch welche Angebote werden am dringendsten ben\u00f6tigt? Welche gibt es, &hellip;<\/p>","protected":false},"author":11,"featured_media":7207,"parent":0,"menu_order":0,"comment_status":"closed","ping_status":"closed","template":"","meta":{"qubely_global_settings":"","qubely_interactions":"","_uag_custom_page_level_css":"","footnotes":""},"class_list":["post-14494","page","type-page","status-publish","has-post-thumbnail","hentry"],"featured_image_urls_v2":{"full":["https:\/\/digidem-bayern.de\/wp-content\/uploads\/2020\/10\/pexels-andrea-piacquadio-3768146.jpg",1600,1067,false],"thumbnail":["https:\/\/digidem-bayern.de\/wp-content\/uploads\/2020\/10\/pexels-andrea-piacquadio-3768146-80x80.jpg",80,80,true],"medium":["https:\/\/digidem-bayern.de\/wp-content\/uploads\/2020\/10\/pexels-andrea-piacquadio-3768146-300x200.jpg",300,200,true],"medium_large":["https:\/\/digidem-bayern.de\/wp-content\/uploads\/2020\/10\/pexels-andrea-piacquadio-3768146-768x512.jpg",768,512,true],"large":["https:\/\/digidem-bayern.de\/wp-content\/uploads\/2020\/10\/pexels-andrea-piacquadio-3768146-1030x687.jpg",1030,687,true],"1536x1536":["https:\/\/digidem-bayern.de\/wp-content\/uploads\/2020\/10\/pexels-andrea-piacquadio-3768146-1536x1024.jpg",1536,1024,true],"2048x2048":["https:\/\/digidem-bayern.de\/wp-content\/uploads\/2020\/10\/pexels-andrea-piacquadio-3768146-2048x1365.jpg",2048,1365,true],"trp-custom-language-flag":["https:\/\/digidem-bayern.de\/wp-content\/uploads\/2020\/10\/pexels-andrea-piacquadio-3768146.jpg",18,12,false],"qubely_landscape":["https:\/\/digidem-bayern.de\/wp-content\/uploads\/2020\/10\/pexels-andrea-piacquadio-3768146-1200x750.jpg",1200,750,true],"qubely_portrait":["https:\/\/digidem-bayern.de\/wp-content\/uploads\/2020\/10\/pexels-andrea-piacquadio-3768146-540x320.jpg",540,320,true],"qubely_thumbnail":["https:\/\/digidem-bayern.de\/wp-content\/uploads\/2020\/10\/pexels-andrea-piacquadio-3768146-140x100.jpg",140,100,true],"post-thumbnail":["https:\/\/digidem-bayern.de\/wp-content\/uploads\/2020\/10\/pexels-andrea-piacquadio-3768146-525x350.jpg",525,350,true],"kahuna-featured":["https:\/\/digidem-bayern.de\/wp-content\/uploads\/2020\/10\/pexels-andrea-piacquadio-3768146-649x350.jpg",649,350,true],"kahuna-featured-lp":["https:\/\/digidem-bayern.de\/wp-content\/uploads\/2020\/10\/pexels-andrea-piacquadio-3768146-460x350.jpg",460,350,true],"kahuna-featured-half":["https:\/\/digidem-bayern.de\/wp-content\/uploads\/2020\/10\/pexels-andrea-piacquadio-3768146-800x350.jpg",800,350,true],"kahuna-featured-third":["https:\/\/digidem-bayern.de\/wp-content\/uploads\/2020\/10\/pexels-andrea-piacquadio-3768146-512x350.jpg",512,350,true],"kahuna-lpbox-1":["https:\/\/digidem-bayern.de\/wp-content\/uploads\/2020\/10\/pexels-andrea-piacquadio-3768146-460x350.jpg",394,300,true],"kahuna-lpbox-2":["https:\/\/digidem-bayern.de\/wp-content\/uploads\/2020\/10\/pexels-andrea-piacquadio-3768146-460x350.jpg",460,350,true],"demand-language-flag":["https:\/\/digidem-bayern.de\/wp-content\/uploads\/2020\/10\/pexels-andrea-piacquadio-3768146.jpg",36,24,false],"dddkt-language-flag":["https:\/\/digidem-bayern.de\/wp-content\/uploads\/2020\/10\/pexels-andrea-piacquadio-3768146.jpg",36,24,false],"ddiqc-language-flag":["https:\/\/digidem-bayern.de\/wp-content\/uploads\/2020\/10\/pexels-andrea-piacquadio-3768146.jpg",36,24,false],"ddtl-language-flag":["https:\/\/digidem-bayern.de\/wp-content\/uploads\/2020\/10\/pexels-andrea-piacquadio-3768146.jpg",36,24,false],"mailpoet_newsletter_max":["https:\/\/digidem-bayern.de\/wp-content\/uploads\/2020\/10\/pexels-andrea-piacquadio-3768146-1320x880.jpg",1320,880,true],"kahuna-lpbox-3":["https:\/\/digidem-bayern.de\/wp-content\/uploads\/2020\/10\/pexels-andrea-piacquadio-3768146-460x350.jpg",460,350,true],"kahuna-featured-square":["https:\/\/digidem-bayern.de\/wp-content\/uploads\/2020\/10\/pexels-andrea-piacquadio-3768146-512x512.jpg",512,512,true],"kahuna-featured-square-large":["https:\/\/digidem-bayern.de\/wp-content\/uploads\/2020\/10\/pexels-andrea-piacquadio-3768146-1024x1024.jpg",1024,1024,true]},"post_excerpt_stackable_v2":"<p>Wie Sie aktiv zu einer Verbesserung der Demenzversorgung beitragen k\u00f6nnen Angst, Unsicherheit, Ohnmacht \u2013 eine Demenzdiagnose stellt f\u00fcr Betroffene und ihre Familien einen gro\u00dfen Einschnitt dar. Sie damit nicht allein zu lassen, sondern Unterst\u00fctzung zu geben, ist eine gesamtgesellschaftliche Aufgabe. Doch welche Angebote werden am dringendsten ben\u00f6tigt? Welche gibt es, welche fehlen? Das m\u00f6chten wir herausfinden \u2013 mit Ihrer Hilfe. Nur durch Ihr Engagement k\u00f6nnen wir einen \u00dcberblick \u00fcber die Versorgung und m\u00f6gliche L\u00fccken erhalten \u2013 und diese an die Politik \u00fcbermitteln. Helfen Sie mit, die Lebensbedingungen f\u00fcr Betroffene in Bayern zu verbessern! TeilnahmeFalls Sie an der Studie teilnehmen wollen&hellip;<\/p>\n","category_list_v2":"","author_info_v2":{"name":"Michael Zeiler","url":"https:\/\/digidem-bayern.de\/en\/author\/michael-zeiler\/"},"comments_num_v2":"0 comments","yoast_head":"<!-- This site is optimized with the Yoast SEO plugin v27.4 - https:\/\/yoast.com\/product\/yoast-seo-wordpress\/ -->\n<title>Machen Sie mit: Helfen Sie die Versorgung zu verbessern - digiDEM Bayern<\/title>\n<meta name=\"description\" content=\"Helfen Sie mit, die Lebensbedingungen f\u00fcr Betroffene in Bayern zu verbessern und nehmen Sie an dem Projekt digiDEM teil. Hier k\u00f6nnen Sie sich zur Schulung anmelden.\" \/>\n<meta name=\"robots\" content=\"index, follow, max-snippet:-1, max-image-preview:large, max-video-preview:-1\" \/>\n<link rel=\"canonical\" href=\"https:\/\/digidem-bayern.de\/en\/machen-sie-mit-2\/\" \/>\n<meta property=\"og:locale\" content=\"en_US\" \/>\n<meta property=\"og:type\" content=\"article\" \/>\n<meta property=\"og:title\" content=\"Machen Sie mit: Helfen Sie die Versorgung zu verbessern - digiDEM Bayern\" \/>\n<meta property=\"og:description\" content=\"Helfen Sie mit, die Lebensbedingungen f\u00fcr Betroffene in Bayern zu verbessern und nehmen Sie an dem Projekt digiDEM teil. Hier k\u00f6nnen Sie sich zur Schulung anmelden.\" \/>\n<meta property=\"og:url\" content=\"https:\/\/digidem-bayern.de\/en\/machen-sie-mit-2\/\" \/>\n<meta property=\"og:site_name\" content=\"digiDEM Bayern\" \/>\n<meta property=\"article:publisher\" content=\"https:\/\/www.facebook.com\/digiDEMBayern\/\" \/>\n<meta property=\"article:modified_time\" content=\"2024-04-23T11:28:53+00:00\" \/>\n<meta property=\"og:image\" content=\"https:\/\/digidem-bayern.de\/wp-content\/uploads\/2020\/10\/pexels-andrea-piacquadio-3768146.jpg\" \/>\n\t<meta property=\"og:image:width\" content=\"1600\" \/>\n\t<meta property=\"og:image:height\" content=\"1067\" \/>\n\t<meta property=\"og:image:type\" content=\"image\/jpeg\" \/>\n<meta name=\"twitter:label1\" content=\"Est. reading time\" \/>\n\t<meta name=\"twitter:data1\" content=\"8 minutes\" \/>\n<script type=\"application\/ld+json\" class=\"yoast-schema-graph\">{\"@context\":\"https:\\\/\\\/schema.org\",\"@graph\":[{\"@type\":\"WebPage\",\"@id\":\"https:\\\/\\\/digidem-bayern.de\\\/machen-sie-mit-2\\\/\",\"url\":\"https:\\\/\\\/digidem-bayern.de\\\/machen-sie-mit-2\\\/\",\"name\":\"Machen Sie mit: Helfen Sie die Versorgung zu verbessern - digiDEM Bayern\",\"isPartOf\":{\"@id\":\"\\\/#website\"},\"primaryImageOfPage\":{\"@id\":\"https:\\\/\\\/digidem-bayern.de\\\/machen-sie-mit-2\\\/#primaryimage\"},\"image\":{\"@id\":\"https:\\\/\\\/digidem-bayern.de\\\/machen-sie-mit-2\\\/#primaryimage\"},\"thumbnailUrl\":\"https:\\\/\\\/digidem-bayern.de\\\/wp-content\\\/uploads\\\/2020\\\/10\\\/pexels-andrea-piacquadio-3768146.jpg\",\"datePublished\":\"2021-10-12T08:22:37+00:00\",\"dateModified\":\"2024-04-23T11:28:53+00:00\",\"description\":\"Helfen Sie mit, die Lebensbedingungen f\u00fcr Betroffene in Bayern zu verbessern und nehmen Sie an dem Projekt digiDEM teil. Hier k\u00f6nnen Sie sich zur Schulung anmelden.\",\"breadcrumb\":{\"@id\":\"https:\\\/\\\/digidem-bayern.de\\\/machen-sie-mit-2\\\/#breadcrumb\"},\"inLanguage\":\"en-US\",\"potentialAction\":[{\"@type\":\"ReadAction\",\"target\":[\"https:\\\/\\\/digidem-bayern.de\\\/machen-sie-mit-2\\\/\"]}]},{\"@type\":\"ImageObject\",\"inLanguage\":\"en-US\",\"@id\":\"https:\\\/\\\/digidem-bayern.de\\\/machen-sie-mit-2\\\/#primaryimage\",\"url\":\"https:\\\/\\\/digidem-bayern.de\\\/wp-content\\\/uploads\\\/2020\\\/10\\\/pexels-andrea-piacquadio-3768146.jpg\",\"contentUrl\":\"https:\\\/\\\/digidem-bayern.de\\\/wp-content\\\/uploads\\\/2020\\\/10\\\/pexels-andrea-piacquadio-3768146.jpg\",\"width\":1600,\"height\":1067,\"caption\":\"Junge Frau und \u00e4ltere Dame\"},{\"@type\":\"BreadcrumbList\",\"@id\":\"https:\\\/\\\/digidem-bayern.de\\\/machen-sie-mit-2\\\/#breadcrumb\",\"itemListElement\":[{\"@type\":\"ListItem\",\"position\":1,\"name\":\"Startseite\",\"item\":\"https:\\\/\\\/digidem-bayern.de\\\/\"},{\"@type\":\"ListItem\",\"position\":2,\"name\":\"Machen Sie mit: Helfen Sie die Versorgung zu verbessern\"}]},{\"@type\":\"WebSite\",\"@id\":\"\\\/#website\",\"url\":\"\\\/\",\"name\":\"digiDEM Bayern\",\"description\":\"Das digitale Demenzregister Bayern erforscht und verbessert die Angebotsstuktur f\u00fcr Menschen mit Demenz und deren Angeh\u00f6rige\",\"publisher\":{\"@id\":\"\\\/#organization\"},\"potentialAction\":[{\"@type\":\"SearchAction\",\"target\":{\"@type\":\"EntryPoint\",\"urlTemplate\":\"\\\/?s={search_term_string}\"},\"query-input\":{\"@type\":\"PropertyValueSpecification\",\"valueRequired\":true,\"valueName\":\"search_term_string\"}}],\"inLanguage\":\"en-US\"},{\"@type\":\"Organization\",\"@id\":\"\\\/#organization\",\"name\":\"digiDEM Bayern\",\"url\":\"\\\/\",\"logo\":{\"@type\":\"ImageObject\",\"inLanguage\":\"en-US\",\"@id\":\"\\\/#\\\/schema\\\/logo\\\/image\\\/\",\"url\":\"https:\\\/\\\/digidem-bayern.de\\\/wp-content\\\/uploads\\\/2022\\\/03\\\/cropped-Allgemeines_digiDEMLOGO-removebg-preview.png\",\"contentUrl\":\"https:\\\/\\\/digidem-bayern.de\\\/wp-content\\\/uploads\\\/2022\\\/03\\\/cropped-Allgemeines_digiDEMLOGO-removebg-preview.png\",\"width\":612,\"height\":357,\"caption\":\"digiDEM Bayern\"},\"image\":{\"@id\":\"\\\/#\\\/schema\\\/logo\\\/image\\\/\"},\"sameAs\":[\"https:\\\/\\\/www.facebook.com\\\/digiDEMBayern\\\/\",\"https:\\\/\\\/x.com\\\/digidem_bayern\",\"https:\\\/\\\/www.instagram.com\\\/digidem.bayern\",\"https:\\\/\\\/www.linkedin.com\\\/company\\\/digidem-bayern\\\/\"]}]}<\/script>\n<!-- \/ Yoast SEO plugin. -->","yoast_head_json":{"title":"Machen Sie mit: Helfen Sie die Versorgung zu verbessern - digiDEM Bayern","description":"Helfen Sie mit, die Lebensbedingungen f\u00fcr Betroffene in Bayern zu verbessern und nehmen Sie an dem Projekt digiDEM teil. Hier k\u00f6nnen Sie sich zur Schulung anmelden.","robots":{"index":"index","follow":"follow","max-snippet":"max-snippet:-1","max-image-preview":"max-image-preview:large","max-video-preview":"max-video-preview:-1"},"canonical":"https:\/\/digidem-bayern.de\/en\/machen-sie-mit-2\/","og_locale":"en_US","og_type":"article","og_title":"Machen Sie mit: Helfen Sie die Versorgung zu verbessern - digiDEM Bayern","og_description":"Helfen Sie mit, die Lebensbedingungen f\u00fcr Betroffene in Bayern zu verbessern und nehmen Sie an dem Projekt digiDEM teil. Hier k\u00f6nnen Sie sich zur Schulung anmelden.","og_url":"https:\/\/digidem-bayern.de\/en\/machen-sie-mit-2\/","og_site_name":"digiDEM Bayern","article_publisher":"https:\/\/www.facebook.com\/digiDEMBayern\/","article_modified_time":"2024-04-23T11:28:53+00:00","og_image":[{"width":1600,"height":1067,"url":"https:\/\/digidem-bayern.de\/wp-content\/uploads\/2020\/10\/pexels-andrea-piacquadio-3768146.jpg","type":"image\/jpeg"}],"twitter_misc":{"Est. reading time":"8 minutes"},"schema":{"@context":"https:\/\/schema.org","@graph":[{"@type":"WebPage","@id":"https:\/\/digidem-bayern.de\/machen-sie-mit-2\/","url":"https:\/\/digidem-bayern.de\/machen-sie-mit-2\/","name":"Machen Sie mit: Helfen Sie die Versorgung zu verbessern - digiDEM Bayern","isPartOf":{"@id":"\/#website"},"primaryImageOfPage":{"@id":"https:\/\/digidem-bayern.de\/machen-sie-mit-2\/#primaryimage"},"image":{"@id":"https:\/\/digidem-bayern.de\/machen-sie-mit-2\/#primaryimage"},"thumbnailUrl":"https:\/\/digidem-bayern.de\/wp-content\/uploads\/2020\/10\/pexels-andrea-piacquadio-3768146.jpg","datePublished":"2021-10-12T08:22:37+00:00","dateModified":"2024-04-23T11:28:53+00:00","description":"Helfen Sie mit, die Lebensbedingungen f\u00fcr Betroffene in Bayern zu verbessern und nehmen Sie an dem Projekt digiDEM teil. Hier k\u00f6nnen Sie sich zur Schulung anmelden.","breadcrumb":{"@id":"https:\/\/digidem-bayern.de\/machen-sie-mit-2\/#breadcrumb"},"inLanguage":"en-US","potentialAction":[{"@type":"ReadAction","target":["https:\/\/digidem-bayern.de\/machen-sie-mit-2\/"]}]},{"@type":"ImageObject","inLanguage":"en-US","@id":"https:\/\/digidem-bayern.de\/machen-sie-mit-2\/#primaryimage","url":"https:\/\/digidem-bayern.de\/wp-content\/uploads\/2020\/10\/pexels-andrea-piacquadio-3768146.jpg","contentUrl":"https:\/\/digidem-bayern.de\/wp-content\/uploads\/2020\/10\/pexels-andrea-piacquadio-3768146.jpg","width":1600,"height":1067,"caption":"Junge Frau und \u00e4ltere Dame"},{"@type":"BreadcrumbList","@id":"https:\/\/digidem-bayern.de\/machen-sie-mit-2\/#breadcrumb","itemListElement":[{"@type":"ListItem","position":1,"name":"Startseite","item":"https:\/\/digidem-bayern.de\/"},{"@type":"ListItem","position":2,"name":"Machen Sie mit: Helfen Sie die Versorgung zu verbessern"}]},{"@type":"WebSite","@id":"\/#website","url":"\/","name":"digiDEM Bavaria","description":"The digital dementia register in Bavaria researches and improves the structure of services for people with dementia and their relatives","publisher":{"@id":"\/#organization"},"potentialAction":[{"@type":"SearchAction","target":{"@type":"EntryPoint","urlTemplate":"\/?s={search_term_string}"},"query-input":{"@type":"PropertyValueSpecification","valueRequired":true,"valueName":"search_term_string"}}],"inLanguage":"en-US"},{"@type":"Organization","@id":"\/#organization","name":"digiDEM Bavaria","url":"\/","logo":{"@type":"ImageObject","inLanguage":"en-US","@id":"\/#\/schema\/logo\/image\/","url":"https:\/\/digidem-bayern.de\/wp-content\/uploads\/2022\/03\/cropped-Allgemeines_digiDEMLOGO-removebg-preview.png","contentUrl":"https:\/\/digidem-bayern.de\/wp-content\/uploads\/2022\/03\/cropped-Allgemeines_digiDEMLOGO-removebg-preview.png","width":612,"height":357,"caption":"digiDEM Bayern"},"image":{"@id":"\/#\/schema\/logo\/image\/"},"sameAs":["https:\/\/www.facebook.com\/digiDEMBayern\/","https:\/\/x.com\/digidem_bayern","https:\/\/www.instagram.com\/digidem.bayern","https:\/\/www.linkedin.com\/company\/digidem-bayern\/"]}]}},"uagb_featured_image_src":{"full":["https:\/\/digidem-bayern.de\/wp-content\/uploads\/2020\/10\/pexels-andrea-piacquadio-3768146.jpg",1600,1067,false],"thumbnail":["https:\/\/digidem-bayern.de\/wp-content\/uploads\/2020\/10\/pexels-andrea-piacquadio-3768146-80x80.jpg",80,80,true],"medium":["https:\/\/digidem-bayern.de\/wp-content\/uploads\/2020\/10\/pexels-andrea-piacquadio-3768146-300x200.jpg",300,200,true],"medium_large":["https:\/\/digidem-bayern.de\/wp-content\/uploads\/2020\/10\/pexels-andrea-piacquadio-3768146-768x512.jpg",768,512,true],"large":["https:\/\/digidem-bayern.de\/wp-content\/uploads\/2020\/10\/pexels-andrea-piacquadio-3768146-1030x687.jpg",1030,687,true],"1536x1536":["https:\/\/digidem-bayern.de\/wp-content\/uploads\/2020\/10\/pexels-andrea-piacquadio-3768146-1536x1024.jpg",1536,1024,true],"2048x2048":["https:\/\/digidem-bayern.de\/wp-content\/uploads\/2020\/10\/pexels-andrea-piacquadio-3768146-2048x1365.jpg",2048,1365,true],"trp-custom-language-flag":["https:\/\/digidem-bayern.de\/wp-content\/uploads\/2020\/10\/pexels-andrea-piacquadio-3768146.jpg",18,12,false],"qubely_landscape":["https:\/\/digidem-bayern.de\/wp-content\/uploads\/2020\/10\/pexels-andrea-piacquadio-3768146-1200x750.jpg",1200,750,true],"qubely_portrait":["https:\/\/digidem-bayern.de\/wp-content\/uploads\/2020\/10\/pexels-andrea-piacquadio-3768146-540x320.jpg",540,320,true],"qubely_thumbnail":["https:\/\/digidem-bayern.de\/wp-content\/uploads\/2020\/10\/pexels-andrea-piacquadio-3768146-140x100.jpg",140,100,true],"post-thumbnail":["https:\/\/digidem-bayern.de\/wp-content\/uploads\/2020\/10\/pexels-andrea-piacquadio-3768146-525x350.jpg",525,350,true],"kahuna-featured":["https:\/\/digidem-bayern.de\/wp-content\/uploads\/2020\/10\/pexels-andrea-piacquadio-3768146-649x350.jpg",649,350,true],"kahuna-featured-lp":["https:\/\/digidem-bayern.de\/wp-content\/uploads\/2020\/10\/pexels-andrea-piacquadio-3768146-460x350.jpg",460,350,true],"kahuna-featured-half":["https:\/\/digidem-bayern.de\/wp-content\/uploads\/2020\/10\/pexels-andrea-piacquadio-3768146-800x350.jpg",800,350,true],"kahuna-featured-third":["https:\/\/digidem-bayern.de\/wp-content\/uploads\/2020\/10\/pexels-andrea-piacquadio-3768146-512x350.jpg",512,350,true],"kahuna-lpbox-1":["https:\/\/digidem-bayern.de\/wp-content\/uploads\/2020\/10\/pexels-andrea-piacquadio-3768146-460x350.jpg",394,300,true],"kahuna-lpbox-2":["https:\/\/digidem-bayern.de\/wp-content\/uploads\/2020\/10\/pexels-andrea-piacquadio-3768146-460x350.jpg",460,350,true],"demand-language-flag":["https:\/\/digidem-bayern.de\/wp-content\/uploads\/2020\/10\/pexels-andrea-piacquadio-3768146.jpg",36,24,false],"dddkt-language-flag":["https:\/\/digidem-bayern.de\/wp-content\/uploads\/2020\/10\/pexels-andrea-piacquadio-3768146.jpg",36,24,false],"ddiqc-language-flag":["https:\/\/digidem-bayern.de\/wp-content\/uploads\/2020\/10\/pexels-andrea-piacquadio-3768146.jpg",36,24,false],"ddtl-language-flag":["https:\/\/digidem-bayern.de\/wp-content\/uploads\/2020\/10\/pexels-andrea-piacquadio-3768146.jpg",36,24,false],"mailpoet_newsletter_max":["https:\/\/digidem-bayern.de\/wp-content\/uploads\/2020\/10\/pexels-andrea-piacquadio-3768146-1320x880.jpg",1320,880,true],"kahuna-lpbox-3":["https:\/\/digidem-bayern.de\/wp-content\/uploads\/2020\/10\/pexels-andrea-piacquadio-3768146-460x350.jpg",460,350,true],"kahuna-featured-square":["https:\/\/digidem-bayern.de\/wp-content\/uploads\/2020\/10\/pexels-andrea-piacquadio-3768146-512x512.jpg",512,512,true],"kahuna-featured-square-large":["https:\/\/digidem-bayern.de\/wp-content\/uploads\/2020\/10\/pexels-andrea-piacquadio-3768146-1024x1024.jpg",1024,1024,true]},"uagb_author_info":{"display_name":"Michael Zeiler","author_link":"https:\/\/digidem-bayern.de\/en\/author\/michael-zeiler\/"},"uagb_comment_info":0,"uagb_excerpt":"Wie Sie aktiv zu einer Verbesserung der Demenzversorgung beitragen k\u00f6nnen Angst, Unsicherheit, Ohnmacht \u2013 eine Demenzdiagnose stellt f\u00fcr Betroffene und ihre Familien einen gro\u00dfen Einschnitt dar. Sie damit nicht allein zu lassen, sondern Unterst\u00fctzung zu geben, ist eine gesamtgesellschaftliche Aufgabe. Doch welche Angebote werden am dringendsten ben\u00f6tigt? Welche gibt es, &hellip;","_links":{"self":[{"href":"https:\/\/digidem-bayern.de\/en\/wp-json\/wp\/v2\/pages\/14494","targetHints":{"allow":["GET"]}}],"collection":[{"href":"https:\/\/digidem-bayern.de\/en\/wp-json\/wp\/v2\/pages"}],"about":[{"href":"https:\/\/digidem-bayern.de\/en\/wp-json\/wp\/v2\/types\/page"}],"author":[{"embeddable":true,"href":"https:\/\/digidem-bayern.de\/en\/wp-json\/wp\/v2\/users\/11"}],"replies":[{"embeddable":true,"href":"https:\/\/digidem-bayern.de\/en\/wp-json\/wp\/v2\/comments?post=14494"}],"version-history":[{"count":10,"href":"https:\/\/digidem-bayern.de\/en\/wp-json\/wp\/v2\/pages\/14494\/revisions"}],"predecessor-version":[{"id":34465,"href":"https:\/\/digidem-bayern.de\/en\/wp-json\/wp\/v2\/pages\/14494\/revisions\/34465"}],"wp:featuredmedia":[{"embeddable":true,"href":"https:\/\/digidem-bayern.de\/en\/wp-json\/wp\/v2\/media\/7207"}],"wp:attachment":[{"href":"https:\/\/digidem-bayern.de\/en\/wp-json\/wp\/v2\/media?parent=14494"}],"curies":[{"name":"wp","href":"https:\/\/api.w.org\/{rel}","templated":true}]}}