{"id":14384,"date":"2021-10-07T07:59:19","date_gmt":"2021-10-07T05:59:19","guid":{"rendered":"https:\/\/test.digidem-bayern.de\/?page_id=14384"},"modified":"2026-03-26T15:31:34","modified_gmt":"2026-03-26T14:31:34","slug":"digitales-angebot-psychologische-online-beratung-fuer-pflegende-angehoerige","status":"publish","type":"page","link":"https:\/\/digidem-bayern.de\/en\/digitales-angebot-psychologische-online-beratung-fuer-pflegende-angehoerige\/","title":{"rendered":"Digitales Angebot: Psychologische Online-Beratung f\u00fcr pflegende Angeh\u00f6rige"},"content":{"rendered":"<p class=\"has-text-color has-background\" style=\"color:#132f3a;background-color:#f4f4f4\"><strong>Psychologische Hilfe, Unterst\u00fctzung und Informationen<\/strong><\/p>\n\n\n\n<p>Die<strong> <\/strong>gemeinn\u00fctzige Online-Beratung der Hilfsorganisation &#8222;Zentrum \u00dcBERLEBEN&#8220; bietet auf Ihrer Webseite allen Angeh\u00f6rigen, die gesetzlich versichert sind, eine pers\u00f6nliche Fach-Beratung bei seelischer Belastung durch den Pflegealltag, Wissenswertes rund um das Thema psychische Belastungen sowie Tipps und Hinweise f\u00fcr die eigene Selbstf\u00fcrsorge. Das Team der Online-Beratung ber\u00e4t und begleitet alle pflegenden Ehe-Lebenspartner, Eltern, erwachsene Kinder und Enkel absolut&nbsp;<strong>anonym, kostenfrei und datensicher.<\/strong> Auch das Umfeld wie Kollegen, Freunde und Nachbarn, die sich um einen hilfsbed\u00fcrftigen Menschen sorgen, k\u00f6nnen sich an das geschulte, psychologische Team wenden.<\/p>\n\n\n\n<p>Melden Sie sich in auf dem Portal an und beschreiben Sie, was Sie gedanklich besch\u00e4ftigt, innerlich umtreibt oder k\u00f6rperlich belastet. Ein speziell geschultes\u00a0<a href=\"https:\/\/www.pflegen-und-leben.de\/ueber-uns\/das-team\/\" target=\"_blank\" rel=\"noreferrer noopener\">psychologisches Team<\/a>\u00a0ist gerne f\u00fcr Sie da und antwortet Ihnen montags bis freitags innerhalb von einer Woche.<\/p>\n\n\n\n<div class=\"wp-block-qubely-button qubely-block-b6e234\"><div class=\"qubely-block-btn-wrapper\"><div class=\"qubely-block-btn\"><a class=\"qubely-block-btn-anchor is-large\" href=\"https:\/\/pflegen-und-leben.assisto.online\/\">Zur Anmeldung<\/a><\/div><\/div><\/div>\n\n\n\n<div style=\"height:15px\" aria-hidden=\"true\" class=\"wp-block-spacer\"><\/div>\n\n\n\n<p>Aktuell funktioniert die Terminanzeige im Kalender leider nicht. <strong>Um sich zur Beratung anzumelden, klicken Sie bitte auf der Seite auf \u201eMailanfrage stellen\u201c.<\/strong><\/p>\n\n\n\n<p><\/p>\n\n\n\n<p class=\"has-text-color has-background\" style=\"color:#132f3a;background-color:#f4f4f4\"><strong>Nutzungsbedingungen:<\/strong><\/p>\n\n\n\n<p>Die Nutzung der pers\u00f6nlichen Online-Beratung ist kostenfrei. Pflegende Angeh\u00f6rige, die bei einer gesetzlichen Krankenkasse versichert sind, k\u00f6nnen sich zur Beratung anmelden.<br>Die Online-Beratung erfolgt anonym nur unter Angabe Ihrer gesetzlichen Krankenkasse. Es findet jedoch keine \u00dcberpr\u00fcfung statt. F\u00fcr die Durchf\u00fchrung der Beratung sind keine weiteren personenbezogenen Informationen oder Angaben erforderlich.<br>Ihre Mail-Adresse kann von den Beratenden nicht eingesehen werden und wird ausschlie\u00dflich dazu verwendet, Ihnen eine automatisierte Information zukommen zu lassen, wenn eine neue Beratungsnachricht im pflegen-und-leben-Postfach f\u00fcr Sie vorliegt.<\/p>\n\n\n\n<p class=\"has-text-color has-background\" style=\"color:#132f3a;background-color:#f4f4f4\"><strong>Wissenschaftliche Evidenz:<\/strong><\/p>\n\n\n\n<p>In einer Pilotstudie konnte eine signifikante Reduktion des pflegebedingten Belastungserlebens und der Stress-, Angst- und depressiven Symptomatik sowie eine signifikante Steigerung der Selbstwirksamkeit beobachtet werden. Die Ergebnisse der Studie deuten auf eine Wirksamkeit dieser internetvermittelten Intervention hin: <a href=\"https:\/\/www.thieme-connect.com\/products\/ejournals\/abstract\/10.1055\/s-0033-1349507\" target=\"_blank\" rel=\"noreferrer noopener\">https:\/\/www.thieme-connect.com\/products\/ejournals\/abstract\/10.1055\/s-0033-1349507<\/a><\/p>","protected":false},"excerpt":{"rendered":"<p>Psychologische Hilfe, Unterst\u00fctzung und Informationen Die gemeinn\u00fctzige Online-Beratung der Hilfsorganisation &#8222;Zentrum \u00dcBERLEBEN&#8220; bietet auf Ihrer Webseite allen Angeh\u00f6rigen, die gesetzlich versichert sind, eine pers\u00f6nliche Fach-Beratung bei seelischer Belastung durch den Pflegealltag, Wissenswertes rund um das Thema psychische Belastungen sowie Tipps und Hinweise f\u00fcr die eigene Selbstf\u00fcrsorge. Das Team der Online-Beratung &hellip;<\/p>","protected":false},"author":11,"featured_media":0,"parent":0,"menu_order":0,"comment_status":"closed","ping_status":"closed","template":"","meta":{"qubely_global_settings":"","qubely_interactions":"","_uag_custom_page_level_css":"","footnotes":""},"class_list":["post-14384","page","type-page","status-publish","hentry"],"featured_image_urls_v2":{"full":"","thumbnail":"","medium":"","medium_large":"","large":"","1536x1536":"","2048x2048":"","trp-custom-language-flag":"","qubely_landscape":"","qubely_portrait":"","qubely_thumbnail":"","post-thumbnail":"","kahuna-featured":"","kahuna-featured-lp":"","kahuna-featured-half":"","kahuna-featured-third":"","kahuna-lpbox-1":"","kahuna-lpbox-2":"","demand-language-flag":"","dddkt-language-flag":"","ddiqc-language-flag":"","ddtl-language-flag":"","mailpoet_newsletter_max":"","kahuna-lpbox-3":"","kahuna-featured-square":"","kahuna-featured-square-large":""},"post_excerpt_stackable_v2":"<p>Psychologische Hilfe, Unterst\u00fctzung und Informationen Die gemeinn\u00fctzige Online-Beratung der Hilfsorganisation &#8222;Zentrum \u00dcBERLEBEN&#8220; bietet auf Ihrer Webseite allen Angeh\u00f6rigen, die gesetzlich versichert sind, eine pers\u00f6nliche Fach-Beratung bei seelischer Belastung durch den Pflegealltag, Wissenswertes rund um das Thema psychische Belastungen sowie Tipps und Hinweise f\u00fcr die eigene Selbstf\u00fcrsorge. Das Team der Online-Beratung ber\u00e4t und begleitet alle pflegenden Ehe-Lebenspartner, Eltern, erwachsene Kinder und Enkel absolut&nbsp;anonym, kostenfrei und datensicher. Auch das Umfeld wie Kollegen, Freunde und Nachbarn, die sich um einen hilfsbed\u00fcrftigen Menschen sorgen, k\u00f6nnen sich an das geschulte, psychologische Team wenden. Melden Sie sich in auf dem Portal an und beschreiben Sie, was&hellip;<\/p>\n","category_list_v2":"","author_info_v2":{"name":"Michael Zeiler","url":"https:\/\/digidem-bayern.de\/en\/author\/michael-zeiler\/"},"comments_num_v2":"0 comments","yoast_head":"<!-- This site is optimized with the Yoast SEO plugin v27.4 - https:\/\/yoast.com\/product\/yoast-seo-wordpress\/ -->\n<title>Digitales Angebot: Psychologische Online-Beratung f\u00fcr pflegende Angeh\u00f6rige - digiDEM Bayern<\/title>\n<meta name=\"description\" content=\"Psychologische Online-Beratung f\u00fcr pflegende Angeh\u00f6rige vom ZENTRUM \u00dcBERLEBEN\" \/>\n<meta name=\"robots\" content=\"index, follow, max-snippet:-1, max-image-preview:large, max-video-preview:-1\" \/>\n<link rel=\"canonical\" href=\"https:\/\/digidem-bayern.de\/en\/digitales-angebot-psychologische-online-beratung-fuer-pflegende-angehoerige\/\" \/>\n<meta property=\"og:locale\" content=\"en_US\" \/>\n<meta property=\"og:type\" content=\"article\" \/>\n<meta property=\"og:title\" content=\"Digitales Angebot: Psychologische Online-Beratung f\u00fcr pflegende Angeh\u00f6rige - digiDEM Bayern\" \/>\n<meta property=\"og:description\" content=\"Psychologische Online-Beratung f\u00fcr pflegende Angeh\u00f6rige vom ZENTRUM \u00dcBERLEBEN\" \/>\n<meta property=\"og:url\" content=\"https:\/\/digidem-bayern.de\/en\/digitales-angebot-psychologische-online-beratung-fuer-pflegende-angehoerige\/\" \/>\n<meta property=\"og:site_name\" content=\"digiDEM Bayern\" \/>\n<meta property=\"article:publisher\" content=\"https:\/\/www.facebook.com\/digiDEMBayern\/\" \/>\n<meta property=\"article:modified_time\" content=\"2026-03-26T14:31:34+00:00\" \/>\n<meta property=\"og:image\" content=\"https:\/\/digidem-bayern.de\/wp-content\/uploads\/logo-digidem-digitales-demenzregister-bayern.jpg.png\" \/>\n\t<meta property=\"og:image:width\" content=\"340\" \/>\n\t<meta property=\"og:image:height\" content=\"200\" \/>\n\t<meta property=\"og:image:type\" content=\"image\/png\" \/>\n<meta name=\"twitter:label1\" content=\"Est. reading time\" \/>\n\t<meta name=\"twitter:data1\" content=\"2 minutes\" \/>\n<script type=\"application\/ld+json\" class=\"yoast-schema-graph\">{\"@context\":\"https:\\\/\\\/schema.org\",\"@graph\":[{\"@type\":\"WebPage\",\"@id\":\"https:\\\/\\\/digidem-bayern.de\\\/digitales-angebot-psychologische-online-beratung-fuer-pflegende-angehoerige\\\/\",\"url\":\"https:\\\/\\\/digidem-bayern.de\\\/digitales-angebot-psychologische-online-beratung-fuer-pflegende-angehoerige\\\/\",\"name\":\"Digitales Angebot: Psychologische Online-Beratung f\u00fcr pflegende Angeh\u00f6rige - digiDEM Bayern\",\"isPartOf\":{\"@id\":\"\\\/#website\"},\"datePublished\":\"2021-10-07T05:59:19+00:00\",\"dateModified\":\"2026-03-26T14:31:34+00:00\",\"description\":\"Psychologische Online-Beratung f\u00fcr pflegende Angeh\u00f6rige vom ZENTRUM \u00dcBERLEBEN\",\"breadcrumb\":{\"@id\":\"https:\\\/\\\/digidem-bayern.de\\\/digitales-angebot-psychologische-online-beratung-fuer-pflegende-angehoerige\\\/#breadcrumb\"},\"inLanguage\":\"en-US\",\"potentialAction\":[{\"@type\":\"ReadAction\",\"target\":[\"https:\\\/\\\/digidem-bayern.de\\\/digitales-angebot-psychologische-online-beratung-fuer-pflegende-angehoerige\\\/\"]}]},{\"@type\":\"BreadcrumbList\",\"@id\":\"https:\\\/\\\/digidem-bayern.de\\\/digitales-angebot-psychologische-online-beratung-fuer-pflegende-angehoerige\\\/#breadcrumb\",\"itemListElement\":[{\"@type\":\"ListItem\",\"position\":1,\"name\":\"Startseite\",\"item\":\"https:\\\/\\\/digidem-bayern.de\\\/\"},{\"@type\":\"ListItem\",\"position\":2,\"name\":\"Digitales Angebot: Psychologische Online-Beratung f\u00fcr pflegende Angeh\u00f6rige\"}]},{\"@type\":\"WebSite\",\"@id\":\"\\\/#website\",\"url\":\"\\\/\",\"name\":\"digiDEM Bayern\",\"description\":\"Das digitale Demenzregister Bayern erforscht und verbessert die Angebotsstuktur f\u00fcr Menschen mit Demenz und deren Angeh\u00f6rige\",\"publisher\":{\"@id\":\"\\\/#organization\"},\"potentialAction\":[{\"@type\":\"SearchAction\",\"target\":{\"@type\":\"EntryPoint\",\"urlTemplate\":\"\\\/?s={search_term_string}\"},\"query-input\":{\"@type\":\"PropertyValueSpecification\",\"valueRequired\":true,\"valueName\":\"search_term_string\"}}],\"inLanguage\":\"en-US\"},{\"@type\":\"Organization\",\"@id\":\"\\\/#organization\",\"name\":\"digiDEM Bayern\",\"url\":\"\\\/\",\"logo\":{\"@type\":\"ImageObject\",\"inLanguage\":\"en-US\",\"@id\":\"\\\/#\\\/schema\\\/logo\\\/image\\\/\",\"url\":\"https:\\\/\\\/digidem-bayern.de\\\/wp-content\\\/uploads\\\/2022\\\/03\\\/cropped-Allgemeines_digiDEMLOGO-removebg-preview.png\",\"contentUrl\":\"https:\\\/\\\/digidem-bayern.de\\\/wp-content\\\/uploads\\\/2022\\\/03\\\/cropped-Allgemeines_digiDEMLOGO-removebg-preview.png\",\"width\":612,\"height\":357,\"caption\":\"digiDEM Bayern\"},\"image\":{\"@id\":\"\\\/#\\\/schema\\\/logo\\\/image\\\/\"},\"sameAs\":[\"https:\\\/\\\/www.facebook.com\\\/digiDEMBayern\\\/\",\"https:\\\/\\\/x.com\\\/digidem_bayern\",\"https:\\\/\\\/www.instagram.com\\\/digidem.bayern\",\"https:\\\/\\\/www.linkedin.com\\\/company\\\/digidem-bayern\\\/\"]}]}<\/script>\n<!-- \/ Yoast SEO plugin. -->","yoast_head_json":{"title":"Digitales Angebot: Psychologische Online-Beratung f\u00fcr pflegende Angeh\u00f6rige - digiDEM Bayern","description":"Psychologische Online-Beratung f\u00fcr pflegende Angeh\u00f6rige vom ZENTRUM \u00dcBERLEBEN","robots":{"index":"index","follow":"follow","max-snippet":"max-snippet:-1","max-image-preview":"max-image-preview:large","max-video-preview":"max-video-preview:-1"},"canonical":"https:\/\/digidem-bayern.de\/en\/digitales-angebot-psychologische-online-beratung-fuer-pflegende-angehoerige\/","og_locale":"en_US","og_type":"article","og_title":"Digitales Angebot: Psychologische Online-Beratung f\u00fcr pflegende Angeh\u00f6rige - digiDEM Bayern","og_description":"Psychologische Online-Beratung f\u00fcr pflegende Angeh\u00f6rige vom ZENTRUM \u00dcBERLEBEN","og_url":"https:\/\/digidem-bayern.de\/en\/digitales-angebot-psychologische-online-beratung-fuer-pflegende-angehoerige\/","og_site_name":"digiDEM Bayern","article_publisher":"https:\/\/www.facebook.com\/digiDEMBayern\/","article_modified_time":"2026-03-26T14:31:34+00:00","og_image":[{"width":340,"height":200,"url":"https:\/\/digidem-bayern.de\/wp-content\/uploads\/logo-digidem-digitales-demenzregister-bayern.jpg.png","type":"image\/png"}],"twitter_misc":{"Est. reading time":"2 minutes"},"schema":{"@context":"https:\/\/schema.org","@graph":[{"@type":"WebPage","@id":"https:\/\/digidem-bayern.de\/digitales-angebot-psychologische-online-beratung-fuer-pflegende-angehoerige\/","url":"https:\/\/digidem-bayern.de\/digitales-angebot-psychologische-online-beratung-fuer-pflegende-angehoerige\/","name":"Digitales Angebot: Psychologische Online-Beratung f\u00fcr pflegende Angeh\u00f6rige - digiDEM Bayern","isPartOf":{"@id":"\/#website"},"datePublished":"2021-10-07T05:59:19+00:00","dateModified":"2026-03-26T14:31:34+00:00","description":"Psychologische Online-Beratung f\u00fcr pflegende Angeh\u00f6rige vom ZENTRUM \u00dcBERLEBEN","breadcrumb":{"@id":"https:\/\/digidem-bayern.de\/digitales-angebot-psychologische-online-beratung-fuer-pflegende-angehoerige\/#breadcrumb"},"inLanguage":"en-US","potentialAction":[{"@type":"ReadAction","target":["https:\/\/digidem-bayern.de\/digitales-angebot-psychologische-online-beratung-fuer-pflegende-angehoerige\/"]}]},{"@type":"BreadcrumbList","@id":"https:\/\/digidem-bayern.de\/digitales-angebot-psychologische-online-beratung-fuer-pflegende-angehoerige\/#breadcrumb","itemListElement":[{"@type":"ListItem","position":1,"name":"Startseite","item":"https:\/\/digidem-bayern.de\/"},{"@type":"ListItem","position":2,"name":"Digitales Angebot: Psychologische Online-Beratung f\u00fcr pflegende Angeh\u00f6rige"}]},{"@type":"WebSite","@id":"\/#website","url":"\/","name":"digiDEM Bavaria","description":"The digital dementia register in Bavaria researches and improves the structure of services for people with dementia and their relatives","publisher":{"@id":"\/#organization"},"potentialAction":[{"@type":"SearchAction","target":{"@type":"EntryPoint","urlTemplate":"\/?s={search_term_string}"},"query-input":{"@type":"PropertyValueSpecification","valueRequired":true,"valueName":"search_term_string"}}],"inLanguage":"en-US"},{"@type":"Organization","@id":"\/#organization","name":"digiDEM Bavaria","url":"\/","logo":{"@type":"ImageObject","inLanguage":"en-US","@id":"\/#\/schema\/logo\/image\/","url":"https:\/\/digidem-bayern.de\/wp-content\/uploads\/2022\/03\/cropped-Allgemeines_digiDEMLOGO-removebg-preview.png","contentUrl":"https:\/\/digidem-bayern.de\/wp-content\/uploads\/2022\/03\/cropped-Allgemeines_digiDEMLOGO-removebg-preview.png","width":612,"height":357,"caption":"digiDEM Bayern"},"image":{"@id":"\/#\/schema\/logo\/image\/"},"sameAs":["https:\/\/www.facebook.com\/digiDEMBayern\/","https:\/\/x.com\/digidem_bayern","https:\/\/www.instagram.com\/digidem.bayern","https:\/\/www.linkedin.com\/company\/digidem-bayern\/"]}]}},"uagb_featured_image_src":{"full":false,"thumbnail":false,"medium":false,"medium_large":false,"large":false,"1536x1536":false,"2048x2048":false,"trp-custom-language-flag":false,"qubely_landscape":false,"qubely_portrait":false,"qubely_thumbnail":false,"post-thumbnail":false,"kahuna-featured":false,"kahuna-featured-lp":false,"kahuna-featured-half":false,"kahuna-featured-third":false,"kahuna-lpbox-1":false,"kahuna-lpbox-2":false,"demand-language-flag":false,"dddkt-language-flag":false,"ddiqc-language-flag":false,"ddtl-language-flag":false,"mailpoet_newsletter_max":false,"kahuna-lpbox-3":false,"kahuna-featured-square":false,"kahuna-featured-square-large":false},"uagb_author_info":{"display_name":"Michael Zeiler","author_link":"https:\/\/digidem-bayern.de\/en\/author\/michael-zeiler\/"},"uagb_comment_info":0,"uagb_excerpt":"Psychologische Hilfe, Unterst\u00fctzung und Informationen Die gemeinn\u00fctzige Online-Beratung der Hilfsorganisation &#8222;Zentrum \u00dcBERLEBEN&#8220; bietet auf Ihrer Webseite allen Angeh\u00f6rigen, die gesetzlich versichert sind, eine pers\u00f6nliche Fach-Beratung bei seelischer Belastung durch den Pflegealltag, Wissenswertes rund um das Thema psychische Belastungen sowie Tipps und Hinweise f\u00fcr die eigene Selbstf\u00fcrsorge. Das Team der Online-Beratung &hellip;","_links":{"self":[{"href":"https:\/\/digidem-bayern.de\/en\/wp-json\/wp\/v2\/pages\/14384","targetHints":{"allow":["GET"]}}],"collection":[{"href":"https:\/\/digidem-bayern.de\/en\/wp-json\/wp\/v2\/pages"}],"about":[{"href":"https:\/\/digidem-bayern.de\/en\/wp-json\/wp\/v2\/types\/page"}],"author":[{"embeddable":true,"href":"https:\/\/digidem-bayern.de\/en\/wp-json\/wp\/v2\/users\/11"}],"replies":[{"embeddable":true,"href":"https:\/\/digidem-bayern.de\/en\/wp-json\/wp\/v2\/comments?post=14384"}],"version-history":[{"count":9,"href":"https:\/\/digidem-bayern.de\/en\/wp-json\/wp\/v2\/pages\/14384\/revisions"}],"predecessor-version":[{"id":44805,"href":"https:\/\/digidem-bayern.de\/en\/wp-json\/wp\/v2\/pages\/14384\/revisions\/44805"}],"wp:attachment":[{"href":"https:\/\/digidem-bayern.de\/en\/wp-json\/wp\/v2\/media?parent=14384"}],"curies":[{"name":"wp","href":"https:\/\/api.w.org\/{rel}","templated":true}]}}